{"id":15200,"date":"2024-03-08T12:31:51","date_gmt":"2024-03-08T11:31:51","guid":{"rendered":"https:\/\/grupoazvinews.com\/noticias-proyectos\/"},"modified":"2024-07-01T12:39:59","modified_gmt":"2024-07-01T11:39:59","slug":"infrastructure","status":"publish","type":"page","link":"https:\/\/grupoazvinews.com\/en\/infrastructure\/","title":{"rendered":"#Infrastructure"},"content":{"rendered":"<p>[vc_row full_width=&#8221;stretch_row&#8221; gap=&#8221;35&#8243; full_height=&#8221;yes&#8221; equal_height=&#8221;yes&#8221; content_placement=&#8221;middle&#8221; disable_element=&#8221;yes&#8221; bg_attachment=&#8221;fixed&#8221; enable_overlay=&#8221;yes&#8221; enable_loading_bg=&#8221;yes&#8221; css=&#8221;.vc_custom_1709897483395{padding-top: 120px !important;padding-bottom: 120px !important;background-image: url(https:\/\/grupoazvinews.com\/wp-content\/uploads\/2024\/02\/FONDO-ACTUALIDAD.jpg?id=10780) !important;background-position: center !important;background-repeat: no-repeat !important;background-size: cover !important;}&#8221; responsive_css=&#8221;padding_right_large:4em|padding_left_large:4em|padding_top_medium:80px|padding_bottom_medium:80px|padding_top_small:80px|padding_bottom_small:80px&#8221; el_id=&#8221;somos&#8221; overlay_bg=&#8221;rgba(0, 57, 105, 0.3)&#8221;][vc_column enable_content_animation=&#8221;yes&#8221; ca_init_scale_x=&#8221;1&#8243; ca_init_scale_y=&#8221;1&#8243; ca_init_opacity=&#8221;0&#8243; ca_an_scale_x=&#8221;1&#8243; ca_an_scale_y=&#8221;1&#8243; ca_an_opacity=&#8221;1&#8243; ca_duration=&#8221;1600&#8243; ca_start_delay=&#8221;600&#8243; ca_delay=&#8221;160&#8243; ca_init_translate_y=&#8221;50&#8243;]<style>.ld_fancy_heading_6a9d2810407f4 h2{color:rgb(255, 255, 255);}.ld_fancy_heading_6a9d2810407f4 h2 {font-size:15vw; } @media (min-width: 768px) { .ld_fancy_heading_6a9d2810407f4 h2 {font-size:70px; }  } @media (min-width: 992px) { .ld_fancy_heading_6a9d2810407f4 h2 {font-size:120px; }  } @media (min-width: 1200px) { .ld_fancy_heading_6a9d2810407f4 h2 {font-size:120px; }  } .ld_fancy_heading_6a9d2810407f4 h2 {line-height:0.35em; } .ld_fancy_heading_6a9d2810407f4 h2 {--element-line-height:0.35em; } .ld_fancy_heading_6a9d2810407f4 h2 {letter-spacing:-0.04em; } .ld_fancy_heading_6a9d2810407f4 h2 {margin-bottom:0px !important;  } .ld_fancy_heading_6a9d2810407f4 .lqd-highlight-inner{height:0.275em!important;bottom:0px!important;}.ld_fancy_heading_6a9d2810407f4 h2 {font-size:15vw; } @media (min-width: 768px) { .ld_fancy_heading_6a9d2810407f4 h2 {font-size:70px; }  } @media (min-width: 992px) { .ld_fancy_heading_6a9d2810407f4 h2 {font-size:120px; }  } @media (min-width: 1200px) { .ld_fancy_heading_6a9d2810407f4 h2 {font-size:120px; }  } .ld_fancy_heading_6a9d2810407f4 h2 {line-height:0.35em; } .ld_fancy_heading_6a9d2810407f4 h2 {--element-line-height:0.35em; } .ld_fancy_heading_6a9d2810407f4 h2 {letter-spacing:-0.04em; } .ld_fancy_heading_6a9d2810407f4 h2 {margin-bottom:0px !important;  } <\/style><div class=\"ld-fancy-heading ld_fancy_heading_6a9d2810407f4\">\n\t<h2 class=\"ld-fh-element lqd-highlight-underline lqd-highlight-grow-left text-decoration-default\"   >  Actualidad<\/h2><\/div>[\/vc_column][vc_column]<style>.ld_button_6a9d2810416b9.btn-icon-solid .btn-icon{background:rgb(255, 255, 255);}.ld_button_6a9d2810416b9.btn-icon-circle.btn-icon-ripple .btn-icon:before{border-color:rgb(255, 255, 255);}.ld_button_6a9d2810416b9 .btn-icon{font-size:40px;width:152px !important;height:152px !important;}.ld_button_6a9d2810416b9:hover .btn-icon{color:rgb(0, 57, 105);}.ld_button_6a9d2810416b9.btn-icon-bordered:hover .btn-icon{border-color:rgb(255, 255, 255);background-color:rgb(255, 255, 255);}.ld_button_6a9d2810416b9{color:rgb(255, 255, 255);}<\/style><a href=\"#\" class=\"btn btn-naked btn-icon-block btn-icon-custom-size btn-icon-circle btn-icon-bordered btn-icon-ripple btn-no-label ld_button_6a9d2810416b9\" data-localscroll=\"true\" data-localscroll-options=\"{&quot;scrollBelowSection&quot;:true}\" >\n\t<span>\n\t\n\t\t\n\t<span class=\"btn-icon\"><i class=\"lqd-icn-ess icon-ion-ios-arrow-round-down\"><\/i><\/span>\t\t\t\t<\/span>\n<\/a>\n[\/vc_column][\/vc_row][vc_row full_width=&#8221;stretch_row&#8221; gap=&#8221;35&#8243; full_height=&#8221;yes&#8221; equal_height=&#8221;yes&#8221; content_placement=&#8221;middle&#8221; disable_element=&#8221;yes&#8221; bg_attachment=&#8221;fixed&#8221; enable_overlay=&#8221;yes&#8221; enable_loading_bg=&#8221;yes&#8221; css=&#8221;.vc_custom_1699526735494{padding-top: 120px !important;padding-bottom: 120px !important;background-image: url(https:\/\/grupoazvinews.com\/wp-content\/uploads\/2023\/11\/Super-menu-Actualidad.jpg?id=8778) !important;background-position: center !important;background-repeat: no-repeat !important;background-size: cover !important;}&#8221; overlay_bg=&#8221;rgba(0, 34, 44, 0.43)&#8221; responsive_css=&#8221;padding_right_large:4em|padding_left_large:4em|padding_top_medium:80px|padding_bottom_medium:80px|padding_top_small:80px|padding_bottom_small:80px&#8221; el_id=&#8221;somos&#8221;][vc_column enable_content_animation=&#8221;yes&#8221; ca_init_scale_x=&#8221;1&#8243; ca_init_scale_y=&#8221;1&#8243; ca_init_opacity=&#8221;0&#8243; ca_an_scale_x=&#8221;1&#8243; ca_an_scale_y=&#8221;1&#8243; ca_an_opacity=&#8221;1&#8243; ca_duration=&#8221;1600&#8243; ca_start_delay=&#8221;600&#8243; ca_delay=&#8221;160&#8243; ca_init_translate_y=&#8221;50&#8243;]<style>.ld_fancy_heading_6a9d2810425db h2{color:rgb(255, 255, 255);}.ld_fancy_heading_6a9d2810425db h2 {font-size:22vw; } @media (min-width: 768px) { .ld_fancy_heading_6a9d2810425db h2 {font-size:100px; }  } @media (min-width: 992px) { .ld_fancy_heading_6a9d2810425db h2 {font-size:120px; }  } .ld_fancy_heading_6a9d2810425db h2 {line-height:0.95em; } .ld_fancy_heading_6a9d2810425db h2 {--element-line-height:0.95em; } .ld_fancy_heading_6a9d2810425db h2 {letter-spacing:-0.04em; } .ld_fancy_heading_6a9d2810425db h2 {margin-bottom:0px !important;  } .ld_fancy_heading_6a9d2810425db .lqd-highlight-inner{height:0.275em!important;bottom:0px!important;}.ld_fancy_heading_6a9d2810425db h2 {font-size:22vw; } @media (min-width: 768px) { .ld_fancy_heading_6a9d2810425db h2 {font-size:100px; }  } @media (min-width: 992px) { .ld_fancy_heading_6a9d2810425db h2 {font-size:120px; }  } .ld_fancy_heading_6a9d2810425db h2 {line-height:0.95em; } .ld_fancy_heading_6a9d2810425db h2 {--element-line-height:0.95em; } .ld_fancy_heading_6a9d2810425db h2 {letter-spacing:-0.04em; } .ld_fancy_heading_6a9d2810425db h2 {margin-bottom:0px !important;  } <\/style><div class=\"ld-fancy-heading ld_fancy_heading_6a9d2810425db\">\n\t<h2 class=\"ld-fh-element lqd-highlight-underline lqd-highlight-grow-left text-decoration-default\"   >  Noticias<\/h2><\/div>[\/vc_column][\/vc_row][vc_row full_width=&#8221;stretch_row&#8221; gap=&#8221;35&#8243; content_placement=&#8221;middle&#8221; disable_element=&#8221;yes&#8221; responsive_css=&#8221;padding_right_large:4em|padding_left_large:4em|padding_top_medium:80px&#8221; el_id=&#8221;noticias&#8221;][vc_column width=&#8221;1\/2&#8243;]<style>.ld_fancy_heading_6a9d2810441c5 h2{color:rgb(0, 57, 105);}.ld_fancy_heading_6a9d2810441c5 h2 {margin-top:40px !important; margin-bottom:20px !important;  } @media (min-width: 768px) { .ld_fancy_heading_6a9d2810441c5 h2 {margin-top:40px !important; margin-bottom:20px !important;  }  } @media (min-width: 992px) { .ld_fancy_heading_6a9d2810441c5 h2 {margin-top:0px !important; margin-bottom:20px !important;  }  } .ld_fancy_heading_6a9d2810441c5 .lqd-highlight-inner{height:0.275em!important;bottom:0px!important;}.ld_fancy_heading_6a9d2810441c5 h2 {margin-top:40px !important; margin-bottom:20px !important;  } @media (min-width: 768px) { .ld_fancy_heading_6a9d2810441c5 h2 {margin-top:40px !important; margin-bottom:20px !important;  }  } @media (min-width: 992px) { .ld_fancy_heading_6a9d2810441c5 h2 {margin-top:0px !important; margin-bottom:20px !important;  }  } <\/style><div class=\"ld-fancy-heading ld_fancy_heading_6a9d2810441c5\">\n\t<h2 class=\"ld-fh-element lqd-highlight-underline lqd-highlight-grow-left text-decoration-default\"   >  \u2014 Noticias<\/h2><\/div>[\/vc_column][vc_column column_content_align=&#8221;justify-content-center&#8221; width=&#8221;1\/2&#8243; responsive_align=&#8221;text-sm-right&#8221;]<style>.ld_button_6a9d2810450f7.btn-icon-solid .btn-icon{background:rgb(0, 0, 0);}.ld_button_6a9d2810450f7.btn-icon-circle.btn-icon-ripple .btn-icon:before{border-color:rgb(0, 0, 0);}.ld_button_6a9d2810450f7{color:rgb(0, 0, 0);}.ld_button_6a9d2810450f7 {font-weight:700; } .ld_button_6a9d2810450f7 {font-weight:700; } .ld_button_6a9d2810450f7 {font-weight:700; } .ld_button_6a9d2810450f7 {font-weight:700; } <\/style><a href=\"https:\/\/grupoazvinews.com\/proyectos-azvi\/\" class=\"btn btn-naked text-uppercase btn-hover-txt-liquid-x btn-has-label ld_button_6a9d2810450f7\" >\n\t<span>\n\t\n\t\t\t\t\t<span class=\"btn-txt\" data-text=\"Ver m\u00e1s\" data-split-text=\"true\"\n\t\t\t\t\t    data-split-options='{\"type\": \"chars, words\"}'>Ver m\u00e1s<\/span>\n\t\t\n\t<span class=\"btn-icon\"><i class=\"lqd-icn-ess \"><\/i><\/span>\t\t\t\t<\/span>\n<\/a>\n[\/vc_column][\/vc_row][vc_row full_width=&#8221;stretch_row&#8221; gap=&#8221;35&#8243; content_placement=&#8221;middle&#8221; disable_element=&#8221;yes&#8221; responsive_css=&#8221;padding_right_large:4em|padding_left_large:4em|padding_top_medium:80px&#8221;][vc_column width=&#8221;1\/2&#8243;]<style>.ld_spacer_6a9d281046556{height:32px;}<\/style>\n<div class=\"ld-empty-space ld_spacer_6a9d281046556\"><\/div>[\/vc_column][vc_column column_content_align=&#8221;justify-content-center&#8221; width=&#8221;1\/2&#8243; responsive_align=&#8221;text-sm-right&#8221;][\/vc_column][\/vc_row][vc_row full_width=&#8221;stretch_row&#8221; gap=&#8221;35&#8243; disable_element=&#8221;yes&#8221; responsive_css=&#8221;padding_right_large:4em|padding_left_large:4em|padding_bottom_medium:20px&#8221; css=&#8221;.vc_custom_1699526762347{padding-bottom: 20px !important;}&#8221;][vc_column]<style>.ld_blog_6a9d281046cc7 .lqd-lp-read-more{color:rgb(0, 57, 105);}.ld_blog_6a9d281046cc7:hover .lqd-lp-read-more{color:rgba(0, 57, 105, 0.7);}.ld_blog_6a9d281046cc7 .lqd-lp-row{margin-inline-start:-15px;margin-inline-end:-15px;}.ld_blog_6a9d281046cc7 .lqd-lp-column{padding-inline-start:15px;padding-inline-end:15px;margin-bottom:40px;}.ld_blog_6a9d281046cc7 .lqd-lp .lqd-lp-title{margin-top:px !important;margin-bottom:px !important;}.ld_blog_6a9d281046cc7 .lqd-lp .lqd-lp-title a{color:rgb(0, 57, 105);}<\/style><div class=\"lqd-lp-grid ld_blog_6a9d281046cc7 lqd-1608637544374-f9220843-2d0c \"><div class=\"lqd-lp-row row d-flex flex-wrap\"><div class=\"lqd-lp-column col-md-6 col-sm-6 infrastructure lqd-f-1130\"><article id=\"post-21285\" class=\"lqd-lp lqd-lp lqd-lp-style-16 pos-rel post-21285 post type-post status-publish format-standard has-post-thumbnail hentry category-infrastructure tag-azvi-en tag-urban-transport\">\n\n<div class=\"lqd-lp-img border-radius-4 overflow-hidden pos-rel mb-5\">\n\t<figure class=\"pos-rel bg-cover bg-center w-100\"><img loading=\"lazy\" decoding=\"async\" width=\"720\" height=\"400\" src=\"https:\/\/grupoazvinews.com\/wp-content\/uploads\/2026\/09\/1-1-720x400.jpeg\" class=\"w-100 wp-post-image\" alt=\"\" \/><\/figure><\/div>\n\n<header class=\"lqd-lp-header mb-3\">\n\t<h2 class=\"entry-title lqd-lp-title h5 m-0\"><a  href=\"https:\/\/grupoazvinews.com\/en\/azvi-begins-concreting-the-upper-slab-of-the-seville-metro-line-3-tunnel\/\" rel=\"bookmark\">Azvi begins concreting the upper slab of the Seville Metro Line 3 tunnel<\/a><\/h2><\/header>\n\n\t\t\t<div class=\"lqd-lp-excerpt mb-3\">\n\t\t\t\t\t\t\t<\/div><!-- \/.latest-post-excerpt -->\n\t\t\n<footer class=\"lqd-lp-footer pos-rel z-index-2 pt-1\">\n\t<a href=\"https:\/\/grupoazvinews.com\/en\/azvi-begins-concreting-the-upper-slab-of-the-seville-metro-line-3-tunnel\/\" class=\"btn btn-naked text-uppercase ltr-sp-1 size-sm font-weight-bold lqd-lp-read-more\">\n\t\t<span class=\"btn-line btn-line-before d-inline-block pos-rel\"><\/span>\n\t\t<span class=\"btn-txt d-inline-block\">Continue Reading<\/span>\n\t\t<span class=\"btn-line btn-line-after d-inline-block pos-rel\">\n\t\t\t<svg class=\"d-inline-block pos-abs\" xmlns=\"http:\/\/www.w3.org\/2000\/svg\" width=\"12\" height=\"32\" viewBox=\"0 0 12 32\" style=\"height: 2em;\"><path fill=\"currentColor\" d=\"M8.375 16L.437 8.062C-.125 7.5-.125 6.5.438 5.938s1.563-.563 2.126 0l9 9c.562.562.624 1.5.062 2.062l-9.063 9.063c-.312.312-.687.437-1.062.437s-.75-.125-1.063-.438c-.562-.562-.562-1.562 0-2.125z\"><\/path><\/svg>\n\t\t<\/span>\n\t<\/a>\n<\/footer>\n\n<a  href=\"https:\/\/grupoazvinews.com\/en\/azvi-begins-concreting-the-upper-slab-of-the-seville-metro-line-3-tunnel\/\" class=\"lqd-lp-overlay-link lqd-overlay z-index-2\" tab-index=\"-1\"><\/a>\n<\/article><\/div><div class=\"lqd-lp-column col-md-6 col-sm-6 infrastructure lqd-f-1130\"><article id=\"post-21274\" class=\"lqd-lp lqd-lp lqd-lp-style-16 pos-rel post-21274 post type-post status-publish format-standard has-post-thumbnail hentry category-infrastructure tag-urban-works tag-azvi-en\">\n\n<div class=\"lqd-lp-img border-radius-4 overflow-hidden pos-rel mb-5\">\n\t<figure class=\"pos-rel bg-cover bg-center w-100\"><img loading=\"lazy\" decoding=\"async\" width=\"720\" height=\"400\" src=\"https:\/\/grupoazvinews.com\/wp-content\/uploads\/2026\/09\/1-9-720x400.jpg\" class=\"w-100 wp-post-image\" alt=\"\" \/><\/figure><\/div>\n\n<header class=\"lqd-lp-header mb-3\">\n\t<h2 class=\"entry-title lqd-lp-title h5 m-0\"><a  href=\"https:\/\/grupoazvinews.com\/en\/two-projects-continuing-the-transformation-of-madrid-city-centre\/\" rel=\"bookmark\">Two projects continuing the transformation of Madrid city centre<\/a><\/h2><\/header>\n\n\t\t\t<div class=\"lqd-lp-excerpt mb-3\">\n\t\t\t\t\t\t\t<\/div><!-- \/.latest-post-excerpt -->\n\t\t\n<footer class=\"lqd-lp-footer pos-rel z-index-2 pt-1\">\n\t<a href=\"https:\/\/grupoazvinews.com\/en\/two-projects-continuing-the-transformation-of-madrid-city-centre\/\" class=\"btn btn-naked text-uppercase ltr-sp-1 size-sm font-weight-bold lqd-lp-read-more\">\n\t\t<span class=\"btn-line btn-line-before d-inline-block pos-rel\"><\/span>\n\t\t<span class=\"btn-txt d-inline-block\">Continue Reading<\/span>\n\t\t<span class=\"btn-line btn-line-after d-inline-block pos-rel\">\n\t\t\t<svg class=\"d-inline-block pos-abs\" xmlns=\"http:\/\/www.w3.org\/2000\/svg\" width=\"12\" height=\"32\" viewBox=\"0 0 12 32\" style=\"height: 2em;\"><path fill=\"currentColor\" d=\"M8.375 16L.437 8.062C-.125 7.5-.125 6.5.438 5.938s1.563-.563 2.126 0l9 9c.562.562.624 1.5.062 2.062l-9.063 9.063c-.312.312-.687.437-1.062.437s-.75-.125-1.063-.438c-.562-.562-.562-1.562 0-2.125z\"><\/path><\/svg>\n\t\t<\/span>\n\t<\/a>\n<\/footer>\n\n<a  href=\"https:\/\/grupoazvinews.com\/en\/two-projects-continuing-the-transformation-of-madrid-city-centre\/\" class=\"lqd-lp-overlay-link lqd-overlay z-index-2\" tab-index=\"-1\"><\/a>\n<\/article><\/div><div class=\"lqd-lp-column col-md-6 col-sm-6 infrastructure lqd-f-1130 concessions lqd-f-1155\"><article id=\"post-21258\" class=\"lqd-lp lqd-lp lqd-lp-style-16 pos-rel post-21258 post type-post status-publish format-standard has-post-thumbnail hentry category-infrastructure category-concessions tag-azvi-en tag-cointer-en\">\n\n<div class=\"lqd-lp-img border-radius-4 overflow-hidden pos-rel mb-5\">\n\t<figure class=\"pos-rel bg-cover bg-center w-100\"><img loading=\"lazy\" decoding=\"async\" width=\"720\" height=\"400\" src=\"https:\/\/grupoazvinews.com\/wp-content\/uploads\/2026\/08\/2-5-720x400.jpg\" class=\"w-100 wp-post-image\" alt=\"\" \/><\/figure><\/div>\n\n<header class=\"lqd-lp-header mb-3\">\n\t<h2 class=\"entry-title lqd-lp-title h5 m-0\"><a  href=\"https:\/\/grupoazvinews.com\/en\/new-terminal-at-balmaceda-airport-inaugurated-in-chile\/\" rel=\"bookmark\">New terminal at Balmaceda Airport inaugurated in Chile<\/a><\/h2><\/header>\n\n\t\t\t<div class=\"lqd-lp-excerpt mb-3\">\n\t\t\t\t\t\t\t<\/div><!-- \/.latest-post-excerpt -->\n\t\t\n<footer class=\"lqd-lp-footer pos-rel z-index-2 pt-1\">\n\t<a href=\"https:\/\/grupoazvinews.com\/en\/new-terminal-at-balmaceda-airport-inaugurated-in-chile\/\" class=\"btn btn-naked text-uppercase ltr-sp-1 size-sm font-weight-bold lqd-lp-read-more\">\n\t\t<span class=\"btn-line btn-line-before d-inline-block pos-rel\"><\/span>\n\t\t<span class=\"btn-txt d-inline-block\">Continue Reading<\/span>\n\t\t<span class=\"btn-line btn-line-after d-inline-block pos-rel\">\n\t\t\t<svg class=\"d-inline-block pos-abs\" xmlns=\"http:\/\/www.w3.org\/2000\/svg\" width=\"12\" height=\"32\" viewBox=\"0 0 12 32\" style=\"height: 2em;\"><path fill=\"currentColor\" d=\"M8.375 16L.437 8.062C-.125 7.5-.125 6.5.438 5.938s1.563-.563 2.126 0l9 9c.562.562.624 1.5.062 2.062l-9.063 9.063c-.312.312-.687.437-1.062.437s-.75-.125-1.063-.438c-.562-.562-.562-1.562 0-2.125z\"><\/path><\/svg>\n\t\t<\/span>\n\t<\/a>\n<\/footer>\n\n<a  href=\"https:\/\/grupoazvinews.com\/en\/new-terminal-at-balmaceda-airport-inaugurated-in-chile\/\" class=\"lqd-lp-overlay-link lqd-overlay z-index-2\" tab-index=\"-1\"><\/a>\n<\/article><\/div><div class=\"lqd-lp-column col-md-6 col-sm-6 infrastructure lqd-f-1130 railway lqd-f-1127\"><article id=\"post-21196\" class=\"lqd-lp lqd-lp lqd-lp-style-16 pos-rel post-21196 post type-post status-publish format-standard has-post-thumbnail hentry category-infrastructure category-railway tag-conventional-rail tag-construcciones-urales-en\">\n\n<div class=\"lqd-lp-img border-radius-4 overflow-hidden pos-rel mb-5\">\n\t<figure class=\"pos-rel bg-cover bg-center w-100\"><img loading=\"lazy\" decoding=\"async\" width=\"720\" height=\"400\" src=\"https:\/\/grupoazvinews.com\/wp-content\/uploads\/2026\/08\/0-720x400.jpeg\" class=\"w-100 wp-post-image\" alt=\"\" \/><\/figure><\/div>\n\n<header class=\"lqd-lp-header mb-3\">\n\t<h2 class=\"entry-title lqd-lp-title h5 m-0\"><a  href=\"https:\/\/grupoazvinews.com\/en\/see-how-track-is-installed-on-a-steel-bridge\/\" rel=\"bookmark\">See how track is installed on a steel bridge<\/a><\/h2><\/header>\n\n\t\t\t<div class=\"lqd-lp-excerpt mb-3\">\n\t\t\t\t\t\t\t<\/div><!-- \/.latest-post-excerpt -->\n\t\t\n<footer class=\"lqd-lp-footer pos-rel z-index-2 pt-1\">\n\t<a href=\"https:\/\/grupoazvinews.com\/en\/see-how-track-is-installed-on-a-steel-bridge\/\" class=\"btn btn-naked text-uppercase ltr-sp-1 size-sm font-weight-bold lqd-lp-read-more\">\n\t\t<span class=\"btn-line btn-line-before d-inline-block pos-rel\"><\/span>\n\t\t<span class=\"btn-txt d-inline-block\">Continue Reading<\/span>\n\t\t<span class=\"btn-line btn-line-after d-inline-block pos-rel\">\n\t\t\t<svg class=\"d-inline-block pos-abs\" xmlns=\"http:\/\/www.w3.org\/2000\/svg\" width=\"12\" height=\"32\" viewBox=\"0 0 12 32\" style=\"height: 2em;\"><path fill=\"currentColor\" d=\"M8.375 16L.437 8.062C-.125 7.5-.125 6.5.438 5.938s1.563-.563 2.126 0l9 9c.562.562.624 1.5.062 2.062l-9.063 9.063c-.312.312-.687.437-1.062.437s-.75-.125-1.063-.438c-.562-.562-.562-1.562 0-2.125z\"><\/path><\/svg>\n\t\t<\/span>\n\t<\/a>\n<\/footer>\n\n<a  href=\"https:\/\/grupoazvinews.com\/en\/see-how-track-is-installed-on-a-steel-bridge\/\" class=\"lqd-lp-overlay-link lqd-overlay z-index-2\" tab-index=\"-1\"><\/a>\n<\/article><\/div><div class=\"lqd-lp-column col-md-6 col-sm-6 railway lqd-f-1127 infrastructure lqd-f-1130\"><article id=\"post-21172\" class=\"lqd-lp lqd-lp lqd-lp-style-16 pos-rel post-21172 post type-post status-publish format-standard has-post-thumbnail hentry category-railway category-infrastructure tag-azvi-en tag-innovation\">\n\n<div class=\"lqd-lp-img border-radius-4 overflow-hidden pos-rel mb-5\">\n\t<figure class=\"pos-rel bg-cover bg-center w-100\"><img loading=\"lazy\" decoding=\"async\" width=\"720\" height=\"400\" src=\"https:\/\/grupoazvinews.com\/wp-content\/uploads\/2026\/08\/img143-720x400.jpg\" class=\"w-100 wp-post-image\" alt=\"\" \/><\/figure><\/div>\n\n<header class=\"lqd-lp-header mb-3\">\n\t<h2 class=\"entry-title lqd-lp-title h5 m-0\"><a  href=\"https:\/\/grupoazvinews.com\/en\/works-on-the-ogi-axle-gauge-changer-at-irun-station-completed\/\" rel=\"bookmark\">Works on the OGI axle gauge changer at Ir\u00fan station completed<\/a><\/h2><\/header>\n\n\t\t\t<div class=\"lqd-lp-excerpt mb-3\">\n\t\t\t\t\t\t\t<\/div><!-- \/.latest-post-excerpt -->\n\t\t\n<footer class=\"lqd-lp-footer pos-rel z-index-2 pt-1\">\n\t<a href=\"https:\/\/grupoazvinews.com\/en\/works-on-the-ogi-axle-gauge-changer-at-irun-station-completed\/\" class=\"btn btn-naked text-uppercase ltr-sp-1 size-sm font-weight-bold lqd-lp-read-more\">\n\t\t<span class=\"btn-line btn-line-before d-inline-block pos-rel\"><\/span>\n\t\t<span class=\"btn-txt d-inline-block\">Continue Reading<\/span>\n\t\t<span class=\"btn-line btn-line-after d-inline-block pos-rel\">\n\t\t\t<svg class=\"d-inline-block pos-abs\" xmlns=\"http:\/\/www.w3.org\/2000\/svg\" width=\"12\" height=\"32\" viewBox=\"0 0 12 32\" style=\"height: 2em;\"><path fill=\"currentColor\" d=\"M8.375 16L.437 8.062C-.125 7.5-.125 6.5.438 5.938s1.563-.563 2.126 0l9 9c.562.562.624 1.5.062 2.062l-9.063 9.063c-.312.312-.687.437-1.062.437s-.75-.125-1.063-.438c-.562-.562-.562-1.562 0-2.125z\"><\/path><\/svg>\n\t\t<\/span>\n\t<\/a>\n<\/footer>\n\n<a  href=\"https:\/\/grupoazvinews.com\/en\/works-on-the-ogi-axle-gauge-changer-at-irun-station-completed\/\" class=\"lqd-lp-overlay-link lqd-overlay z-index-2\" tab-index=\"-1\"><\/a>\n<\/article><\/div><div class=\"lqd-lp-column col-md-6 col-sm-6 railway lqd-f-1127 infrastructure lqd-f-1130\"><article id=\"post-21154\" class=\"lqd-lp lqd-lp lqd-lp-style-16 pos-rel post-21154 post type-post status-publish format-standard has-post-thumbnail hentry category-railway category-infrastructure tag-azvi-en tag-high-speed\">\n\n<div class=\"lqd-lp-img border-radius-4 overflow-hidden pos-rel mb-5\">\n\t<figure class=\"pos-rel bg-cover bg-center w-100\"><img loading=\"lazy\" decoding=\"async\" width=\"720\" height=\"400\" src=\"https:\/\/grupoazvinews.com\/wp-content\/uploads\/2026\/08\/Captura-de-pantalla-2026-08-05-113041-720x400.png\" class=\"w-100 wp-post-image\" alt=\"\" \/><\/figure><\/div>\n\n<header class=\"lqd-lp-header mb-3\">\n\t<h2 class=\"entry-title lqd-lp-title h5 m-0\"><a  href=\"https:\/\/grupoazvinews.com\/en\/transforming-madrid-chamartin-clara-campoamor-station\/\" rel=\"bookmark\">Transforming Madrid Chamart\u00edn-Clara Campoamor Station<\/a><\/h2><\/header>\n\n\t\t\t<div class=\"lqd-lp-excerpt mb-3\">\n\t\t\t\t\t\t\t<\/div><!-- \/.latest-post-excerpt -->\n\t\t\n<footer class=\"lqd-lp-footer pos-rel z-index-2 pt-1\">\n\t<a href=\"https:\/\/grupoazvinews.com\/en\/transforming-madrid-chamartin-clara-campoamor-station\/\" class=\"btn btn-naked text-uppercase ltr-sp-1 size-sm font-weight-bold lqd-lp-read-more\">\n\t\t<span class=\"btn-line btn-line-before d-inline-block pos-rel\"><\/span>\n\t\t<span class=\"btn-txt d-inline-block\">Continue Reading<\/span>\n\t\t<span class=\"btn-line btn-line-after d-inline-block pos-rel\">\n\t\t\t<svg class=\"d-inline-block pos-abs\" xmlns=\"http:\/\/www.w3.org\/2000\/svg\" width=\"12\" height=\"32\" viewBox=\"0 0 12 32\" style=\"height: 2em;\"><path fill=\"currentColor\" d=\"M8.375 16L.437 8.062C-.125 7.5-.125 6.5.438 5.938s1.563-.563 2.126 0l9 9c.562.562.624 1.5.062 2.062l-9.063 9.063c-.312.312-.687.437-1.062.437s-.75-.125-1.063-.438c-.562-.562-.562-1.562 0-2.125z\"><\/path><\/svg>\n\t\t<\/span>\n\t<\/a>\n<\/footer>\n\n<a  href=\"https:\/\/grupoazvinews.com\/en\/transforming-madrid-chamartin-clara-campoamor-station\/\" class=\"lqd-lp-overlay-link lqd-overlay z-index-2\" tab-index=\"-1\"><\/a>\n<\/article><\/div><div class=\"lqd-lp-column col-md-6 col-sm-6 sustainability lqd-f-1125\"><article id=\"post-21146\" class=\"lqd-lp lqd-lp lqd-lp-style-16 pos-rel post-21146 post type-post status-publish format-standard has-post-thumbnail hentry category-sustainability tag-grupo-azvi-en\">\n\n<div class=\"lqd-lp-img border-radius-4 overflow-hidden pos-rel mb-5\">\n\t<figure class=\"pos-rel bg-cover bg-center w-100\"><img loading=\"lazy\" decoding=\"async\" width=\"618\" height=\"400\" src=\"https:\/\/grupoazvinews.com\/wp-content\/uploads\/2026\/08\/WhatsApp-Image-2026-08-03-at-13.19.44-copia-618x400.jpeg\" class=\"w-100 wp-post-image\" alt=\"\" \/><\/figure><\/div>\n\n<header class=\"lqd-lp-header mb-3\">\n\t<h2 class=\"entry-title lqd-lp-title h5 m-0\"><a  href=\"https:\/\/grupoazvinews.com\/en\/azvi-and-grupo-joly-join-forces-to-promote-engineering-and-female-talent\/\" rel=\"bookmark\">Azvi and Grupo Joly join forces to promote engineering and female talent<\/a><\/h2><\/header>\n\n\t\t\t<div class=\"lqd-lp-excerpt mb-3\">\n\t\t\t\t\t\t\t<\/div><!-- \/.latest-post-excerpt -->\n\t\t\n<footer class=\"lqd-lp-footer pos-rel z-index-2 pt-1\">\n\t<a href=\"https:\/\/grupoazvinews.com\/en\/azvi-and-grupo-joly-join-forces-to-promote-engineering-and-female-talent\/\" class=\"btn btn-naked text-uppercase ltr-sp-1 size-sm font-weight-bold lqd-lp-read-more\">\n\t\t<span class=\"btn-line btn-line-before d-inline-block pos-rel\"><\/span>\n\t\t<span class=\"btn-txt d-inline-block\">Continue Reading<\/span>\n\t\t<span class=\"btn-line btn-line-after d-inline-block pos-rel\">\n\t\t\t<svg class=\"d-inline-block pos-abs\" xmlns=\"http:\/\/www.w3.org\/2000\/svg\" width=\"12\" height=\"32\" viewBox=\"0 0 12 32\" style=\"height: 2em;\"><path fill=\"currentColor\" d=\"M8.375 16L.437 8.062C-.125 7.5-.125 6.5.438 5.938s1.563-.563 2.126 0l9 9c.562.562.624 1.5.062 2.062l-9.063 9.063c-.312.312-.687.437-1.062.437s-.75-.125-1.063-.438c-.562-.562-.562-1.562 0-2.125z\"><\/path><\/svg>\n\t\t<\/span>\n\t<\/a>\n<\/footer>\n\n<a  href=\"https:\/\/grupoazvinews.com\/en\/azvi-and-grupo-joly-join-forces-to-promote-engineering-and-female-talent\/\" class=\"lqd-lp-overlay-link lqd-overlay z-index-2\" tab-index=\"-1\"><\/a>\n<\/article><\/div><div class=\"lqd-lp-column col-md-6 col-sm-6 infrastructure lqd-f-1130\"><article id=\"post-21132\" class=\"lqd-lp lqd-lp lqd-lp-style-16 pos-rel post-21132 post type-post status-publish format-standard has-post-thumbnail hentry category-infrastructure tag-azvi-en tag-high-speed\">\n\n<div class=\"lqd-lp-img border-radius-4 overflow-hidden pos-rel mb-5\">\n\t<figure class=\"pos-rel bg-cover bg-center w-100\"><img loading=\"lazy\" decoding=\"async\" width=\"720\" height=\"400\" src=\"https:\/\/grupoazvinews.com\/wp-content\/uploads\/2026\/07\/1-copia-720x400.jpg\" class=\"w-100 wp-post-image\" alt=\"\" \/><\/figure><\/div>\n\n<header class=\"lqd-lp-header mb-3\">\n\t<h2 class=\"entry-title lqd-lp-title h5 m-0\"><a  href=\"https:\/\/grupoazvinews.com\/en\/torre-pacheco-railway-bypass-now-in-service\/\" rel=\"bookmark\">Torre Pacheco Railway Bypass Now in Service<\/a><\/h2><\/header>\n\n\t\t\t<div class=\"lqd-lp-excerpt mb-3\">\n\t\t\t\t\t\t\t<\/div><!-- \/.latest-post-excerpt -->\n\t\t\n<footer class=\"lqd-lp-footer pos-rel z-index-2 pt-1\">\n\t<a href=\"https:\/\/grupoazvinews.com\/en\/torre-pacheco-railway-bypass-now-in-service\/\" class=\"btn btn-naked text-uppercase ltr-sp-1 size-sm font-weight-bold lqd-lp-read-more\">\n\t\t<span class=\"btn-line btn-line-before d-inline-block pos-rel\"><\/span>\n\t\t<span class=\"btn-txt d-inline-block\">Continue Reading<\/span>\n\t\t<span class=\"btn-line btn-line-after d-inline-block pos-rel\">\n\t\t\t<svg class=\"d-inline-block pos-abs\" xmlns=\"http:\/\/www.w3.org\/2000\/svg\" width=\"12\" height=\"32\" viewBox=\"0 0 12 32\" style=\"height: 2em;\"><path fill=\"currentColor\" d=\"M8.375 16L.437 8.062C-.125 7.5-.125 6.5.438 5.938s1.563-.563 2.126 0l9 9c.562.562.624 1.5.062 2.062l-9.063 9.063c-.312.312-.687.437-1.062.437s-.75-.125-1.063-.438c-.562-.562-.562-1.562 0-2.125z\"><\/path><\/svg>\n\t\t<\/span>\n\t<\/a>\n<\/footer>\n\n<a  href=\"https:\/\/grupoazvinews.com\/en\/torre-pacheco-railway-bypass-now-in-service\/\" class=\"lqd-lp-overlay-link lqd-overlay z-index-2\" tab-index=\"-1\"><\/a>\n<\/article><\/div><div class=\"lqd-lp-column col-md-6 col-sm-6 sustainability lqd-f-1125\"><article id=\"post-21119\" class=\"lqd-lp lqd-lp lqd-lp-style-16 pos-rel post-21119 post type-post status-publish format-standard has-post-thumbnail hentry category-sustainability tag-grupo-azvi-en tag-construcciones-urales-en\">\n\n<div class=\"lqd-lp-img border-radius-4 overflow-hidden pos-rel mb-5\">\n\t<figure class=\"pos-rel bg-cover bg-center w-100\"><img loading=\"lazy\" decoding=\"async\" width=\"720\" height=\"400\" src=\"https:\/\/grupoazvinews.com\/wp-content\/uploads\/2026\/07\/Hecho-en-MX-v4-720x400.jpg\" class=\"w-100 wp-post-image\" alt=\"\" \/><\/figure><\/div>\n\n<header class=\"lqd-lp-header mb-3\">\n\t<h2 class=\"entry-title lqd-lp-title h5 m-0\"><a  href=\"https:\/\/grupoazvinews.com\/en\/construcciones-urales-and-cupisa-receive-the-hecho-en-mexico-certification\/\" rel=\"bookmark\">Construcciones Urales and Cupisa Receive the \u201cHecho en M\u00e9xico\u201d Certification<\/a><\/h2><\/header>\n\n\t\t\t<div class=\"lqd-lp-excerpt mb-3\">\n\t\t\t\t\t\t\t<\/div><!-- \/.latest-post-excerpt -->\n\t\t\n<footer class=\"lqd-lp-footer pos-rel z-index-2 pt-1\">\n\t<a href=\"https:\/\/grupoazvinews.com\/en\/construcciones-urales-and-cupisa-receive-the-hecho-en-mexico-certification\/\" class=\"btn btn-naked text-uppercase ltr-sp-1 size-sm font-weight-bold lqd-lp-read-more\">\n\t\t<span class=\"btn-line btn-line-before d-inline-block pos-rel\"><\/span>\n\t\t<span class=\"btn-txt d-inline-block\">Continue Reading<\/span>\n\t\t<span class=\"btn-line btn-line-after d-inline-block pos-rel\">\n\t\t\t<svg class=\"d-inline-block pos-abs\" xmlns=\"http:\/\/www.w3.org\/2000\/svg\" width=\"12\" height=\"32\" viewBox=\"0 0 12 32\" style=\"height: 2em;\"><path fill=\"currentColor\" d=\"M8.375 16L.437 8.062C-.125 7.5-.125 6.5.438 5.938s1.563-.563 2.126 0l9 9c.562.562.624 1.5.062 2.062l-9.063 9.063c-.312.312-.687.437-1.062.437s-.75-.125-1.063-.438c-.562-.562-.562-1.562 0-2.125z\"><\/path><\/svg>\n\t\t<\/span>\n\t<\/a>\n<\/footer>\n\n<a  href=\"https:\/\/grupoazvinews.com\/en\/construcciones-urales-and-cupisa-receive-the-hecho-en-mexico-certification\/\" class=\"lqd-lp-overlay-link lqd-overlay z-index-2\" tab-index=\"-1\"><\/a>\n<\/article><\/div><div class=\"lqd-lp-column col-md-6 col-sm-6 sustainability lqd-f-1125\"><article id=\"post-21102\" class=\"lqd-lp lqd-lp lqd-lp-style-16 pos-rel post-21102 post type-post status-publish format-standard has-post-thumbnail hentry category-sustainability tag-grupo-azvi-en tag-innovation\">\n\n<div class=\"lqd-lp-img border-radius-4 overflow-hidden pos-rel mb-5\">\n\t<figure class=\"pos-rel bg-cover bg-center w-100\"><img loading=\"lazy\" decoding=\"async\" width=\"720\" height=\"400\" src=\"https:\/\/grupoazvinews.com\/wp-content\/uploads\/2026\/07\/20260721_120144-720x400.jpg\" class=\"w-100 wp-post-image\" alt=\"\" \/><\/figure><\/div>\n\n<header class=\"lqd-lp-header mb-3\">\n\t<h2 class=\"entry-title lqd-lp-title h5 m-0\"><a  href=\"https:\/\/grupoazvinews.com\/en\/grupo-azvi-continues-to-drive-railway-innovation-through-inartrans-4-0\/\" rel=\"bookmark\">Grupo Azvi continues to drive railway innovation through INARTRANS 4.0<\/a><\/h2><\/header>\n\n\t\t\t<div class=\"lqd-lp-excerpt mb-3\">\n\t\t\t\t\t\t\t<\/div><!-- \/.latest-post-excerpt -->\n\t\t\n<footer class=\"lqd-lp-footer pos-rel z-index-2 pt-1\">\n\t<a href=\"https:\/\/grupoazvinews.com\/en\/grupo-azvi-continues-to-drive-railway-innovation-through-inartrans-4-0\/\" class=\"btn btn-naked text-uppercase ltr-sp-1 size-sm font-weight-bold lqd-lp-read-more\">\n\t\t<span class=\"btn-line btn-line-before d-inline-block pos-rel\"><\/span>\n\t\t<span class=\"btn-txt d-inline-block\">Continue Reading<\/span>\n\t\t<span class=\"btn-line btn-line-after d-inline-block pos-rel\">\n\t\t\t<svg class=\"d-inline-block pos-abs\" xmlns=\"http:\/\/www.w3.org\/2000\/svg\" width=\"12\" height=\"32\" viewBox=\"0 0 12 32\" style=\"height: 2em;\"><path fill=\"currentColor\" d=\"M8.375 16L.437 8.062C-.125 7.5-.125 6.5.438 5.938s1.563-.563 2.126 0l9 9c.562.562.624 1.5.062 2.062l-9.063 9.063c-.312.312-.687.437-1.062.437s-.75-.125-1.063-.438c-.562-.562-.562-1.562 0-2.125z\"><\/path><\/svg>\n\t\t<\/span>\n\t<\/a>\n<\/footer>\n\n<a  href=\"https:\/\/grupoazvinews.com\/en\/grupo-azvi-continues-to-drive-railway-innovation-through-inartrans-4-0\/\" class=\"lqd-lp-overlay-link lqd-overlay z-index-2\" tab-index=\"-1\"><\/a>\n<\/article><\/div><div class=\"lqd-lp-column col-md-6 col-sm-6 infrastructure lqd-f-1130\"><article id=\"post-21088\" class=\"lqd-lp lqd-lp lqd-lp-style-16 pos-rel post-21088 post type-post status-publish format-standard has-post-thumbnail hentry category-infrastructure tag-azvi-en tag-urban-transport\">\n\n<div class=\"lqd-lp-img border-radius-4 overflow-hidden pos-rel mb-5\">\n\t<figure class=\"pos-rel bg-cover bg-center w-100\"><img loading=\"lazy\" decoding=\"async\" width=\"720\" height=\"400\" src=\"https:\/\/grupoazvinews.com\/wp-content\/uploads\/2026\/07\/WhatsApp-Image-2026-07-17-at-12.52.05-2-720x400.jpeg\" class=\"w-100 wp-post-image\" alt=\"\" \/><\/figure><\/div>\n\n<header class=\"lqd-lp-header mb-3\">\n\t<h2 class=\"entry-title lqd-lp-title h5 m-0\"><a  href=\"https:\/\/grupoazvinews.com\/en\/san-sebastian-metro-official-inauguration-of-the-new-altza-galtzaraborda-section-built-by-azvi\/\" rel=\"bookmark\">San Sebasti\u00e1n Metro: Official inauguration of the new Altza-Galtzaraborda section built by Azvi<\/a><\/h2><\/header>\n\n\t\t\t<div class=\"lqd-lp-excerpt mb-3\">\n\t\t\t\t\t\t\t<\/div><!-- \/.latest-post-excerpt -->\n\t\t\n<footer class=\"lqd-lp-footer pos-rel z-index-2 pt-1\">\n\t<a href=\"https:\/\/grupoazvinews.com\/en\/san-sebastian-metro-official-inauguration-of-the-new-altza-galtzaraborda-section-built-by-azvi\/\" class=\"btn btn-naked text-uppercase ltr-sp-1 size-sm font-weight-bold lqd-lp-read-more\">\n\t\t<span class=\"btn-line btn-line-before d-inline-block pos-rel\"><\/span>\n\t\t<span class=\"btn-txt d-inline-block\">Continue Reading<\/span>\n\t\t<span class=\"btn-line btn-line-after d-inline-block pos-rel\">\n\t\t\t<svg class=\"d-inline-block pos-abs\" xmlns=\"http:\/\/www.w3.org\/2000\/svg\" width=\"12\" height=\"32\" viewBox=\"0 0 12 32\" style=\"height: 2em;\"><path fill=\"currentColor\" d=\"M8.375 16L.437 8.062C-.125 7.5-.125 6.5.438 5.938s1.563-.563 2.126 0l9 9c.562.562.624 1.5.062 2.062l-9.063 9.063c-.312.312-.687.437-1.062.437s-.75-.125-1.063-.438c-.562-.562-.562-1.562 0-2.125z\"><\/path><\/svg>\n\t\t<\/span>\n\t<\/a>\n<\/footer>\n\n<a  href=\"https:\/\/grupoazvinews.com\/en\/san-sebastian-metro-official-inauguration-of-the-new-altza-galtzaraborda-section-built-by-azvi\/\" class=\"lqd-lp-overlay-link lqd-overlay z-index-2\" tab-index=\"-1\"><\/a>\n<\/article><\/div><div class=\"lqd-lp-column col-md-6 col-sm-6 sustainability lqd-f-1125\"><article id=\"post-21072\" class=\"lqd-lp lqd-lp lqd-lp-style-16 pos-rel post-21072 post type-post status-publish format-standard has-post-thumbnail hentry category-sustainability tag-grupo-azvi-en tag-azvi-en tag-ispalvia-en\">\n\n<div class=\"lqd-lp-img border-radius-4 overflow-hidden pos-rel mb-5\">\n\t<figure class=\"pos-rel bg-cover bg-center w-100\"><img loading=\"lazy\" decoding=\"async\" width=\"450\" height=\"400\" src=\"https:\/\/grupoazvinews.com\/wp-content\/uploads\/2026\/07\/Miniatura-web-200x200-2-1-450x400.png\" class=\"w-100 wp-post-image\" alt=\"\" \/><\/figure><\/div>\n\n<header class=\"lqd-lp-header mb-3\">\n\t<h2 class=\"entry-title lqd-lp-title h5 m-0\"><a  href=\"https:\/\/grupoazvinews.com\/en\/grupo-azvi-certifies-its-information-privacy-management-system-with-aenor\/\" rel=\"bookmark\">Grupo Azvi certifies its Information Privacy Management System with AENOR<\/a><\/h2><\/header>\n\n\t\t\t<div class=\"lqd-lp-excerpt mb-3\">\n\t\t\t\t\t\t\t<\/div><!-- \/.latest-post-excerpt -->\n\t\t\n<footer class=\"lqd-lp-footer pos-rel z-index-2 pt-1\">\n\t<a href=\"https:\/\/grupoazvinews.com\/en\/grupo-azvi-certifies-its-information-privacy-management-system-with-aenor\/\" class=\"btn btn-naked text-uppercase ltr-sp-1 size-sm font-weight-bold lqd-lp-read-more\">\n\t\t<span class=\"btn-line btn-line-before d-inline-block pos-rel\"><\/span>\n\t\t<span class=\"btn-txt d-inline-block\">Continue Reading<\/span>\n\t\t<span class=\"btn-line btn-line-after d-inline-block pos-rel\">\n\t\t\t<svg class=\"d-inline-block pos-abs\" xmlns=\"http:\/\/www.w3.org\/2000\/svg\" width=\"12\" height=\"32\" viewBox=\"0 0 12 32\" style=\"height: 2em;\"><path fill=\"currentColor\" d=\"M8.375 16L.437 8.062C-.125 7.5-.125 6.5.438 5.938s1.563-.563 2.126 0l9 9c.562.562.624 1.5.062 2.062l-9.063 9.063c-.312.312-.687.437-1.062.437s-.75-.125-1.063-.438c-.562-.562-.562-1.562 0-2.125z\"><\/path><\/svg>\n\t\t<\/span>\n\t<\/a>\n<\/footer>\n\n<a  href=\"https:\/\/grupoazvinews.com\/en\/grupo-azvi-certifies-its-information-privacy-management-system-with-aenor\/\" class=\"lqd-lp-overlay-link lqd-overlay z-index-2\" tab-index=\"-1\"><\/a>\n<\/article><\/div><div class=\"lqd-lp-column col-md-6 col-sm-6 railway lqd-f-1127\"><article id=\"post-21057\" class=\"lqd-lp lqd-lp lqd-lp-style-16 pos-rel post-21057 post type-post status-publish format-standard has-post-thumbnail hentry category-railway tag-azvi-en\">\n\n<div class=\"lqd-lp-img border-radius-4 overflow-hidden pos-rel mb-5\">\n\t<figure class=\"pos-rel bg-cover bg-center w-100\"><img loading=\"lazy\" decoding=\"async\" width=\"720\" height=\"400\" src=\"https:\/\/grupoazvinews.com\/wp-content\/uploads\/2026\/07\/20240624_140402-720x400.jpg\" class=\"w-100 wp-post-image\" alt=\"\" \/><\/figure><\/div>\n\n<header class=\"lqd-lp-header mb-3\">\n\t<h2 class=\"entry-title lqd-lp-title h5 m-0\"><a  href=\"https:\/\/grupoazvinews.com\/en\/azvi-obtains-the-european-patent-for-its-sleeper-squaring-machine\/\" rel=\"bookmark\">Azvi obtains the European patent for its sleeper squaring machine<\/a><\/h2><\/header>\n\n\t\t\t<div class=\"lqd-lp-excerpt mb-3\">\n\t\t\t\t\t\t\t<\/div><!-- \/.latest-post-excerpt -->\n\t\t\n<footer class=\"lqd-lp-footer pos-rel z-index-2 pt-1\">\n\t<a href=\"https:\/\/grupoazvinews.com\/en\/azvi-obtains-the-european-patent-for-its-sleeper-squaring-machine\/\" class=\"btn btn-naked text-uppercase ltr-sp-1 size-sm font-weight-bold lqd-lp-read-more\">\n\t\t<span class=\"btn-line btn-line-before d-inline-block pos-rel\"><\/span>\n\t\t<span class=\"btn-txt d-inline-block\">Continue Reading<\/span>\n\t\t<span class=\"btn-line btn-line-after d-inline-block pos-rel\">\n\t\t\t<svg class=\"d-inline-block pos-abs\" xmlns=\"http:\/\/www.w3.org\/2000\/svg\" width=\"12\" height=\"32\" viewBox=\"0 0 12 32\" style=\"height: 2em;\"><path fill=\"currentColor\" d=\"M8.375 16L.437 8.062C-.125 7.5-.125 6.5.438 5.938s1.563-.563 2.126 0l9 9c.562.562.624 1.5.062 2.062l-9.063 9.063c-.312.312-.687.437-1.062.437s-.75-.125-1.063-.438c-.562-.562-.562-1.562 0-2.125z\"><\/path><\/svg>\n\t\t<\/span>\n\t<\/a>\n<\/footer>\n\n<a  href=\"https:\/\/grupoazvinews.com\/en\/azvi-obtains-the-european-patent-for-its-sleeper-squaring-machine\/\" class=\"lqd-lp-overlay-link lqd-overlay z-index-2\" tab-index=\"-1\"><\/a>\n<\/article><\/div><div class=\"lqd-lp-column col-md-6 col-sm-6 infrastructure lqd-f-1130\"><article id=\"post-21046\" class=\"lqd-lp lqd-lp lqd-lp-style-16 pos-rel post-21046 post type-post status-publish format-standard has-post-thumbnail hentry category-infrastructure tag-azvi-en tag-urban-transport\">\n\n<div class=\"lqd-lp-img border-radius-4 overflow-hidden pos-rel mb-5\">\n\t<figure class=\"pos-rel bg-cover bg-center w-100\"><img loading=\"lazy\" decoding=\"async\" width=\"720\" height=\"400\" src=\"https:\/\/grupoazvinews.com\/wp-content\/uploads\/2026\/07\/Coralina-1-e1783593827224-720x400.jpg\" class=\"w-100 wp-post-image\" alt=\"\" \/><\/figure><\/div>\n\n<header class=\"lqd-lp-header mb-3\">\n\t<h2 class=\"entry-title lqd-lp-title h5 m-0\"><a  href=\"https:\/\/grupoazvinews.com\/en\/azvi-installs-the-coralina-at-pasaia-station\/\" rel=\"bookmark\">Azvi installs the \u201cCoralina\u201d at Pasaia Station<\/a><\/h2><\/header>\n\n\t\t\t<div class=\"lqd-lp-excerpt mb-3\">\n\t\t\t\t\t\t\t<\/div><!-- \/.latest-post-excerpt -->\n\t\t\n<footer class=\"lqd-lp-footer pos-rel z-index-2 pt-1\">\n\t<a href=\"https:\/\/grupoazvinews.com\/en\/azvi-installs-the-coralina-at-pasaia-station\/\" class=\"btn btn-naked text-uppercase ltr-sp-1 size-sm font-weight-bold lqd-lp-read-more\">\n\t\t<span class=\"btn-line btn-line-before d-inline-block pos-rel\"><\/span>\n\t\t<span class=\"btn-txt d-inline-block\">Continue Reading<\/span>\n\t\t<span class=\"btn-line btn-line-after d-inline-block pos-rel\">\n\t\t\t<svg class=\"d-inline-block pos-abs\" xmlns=\"http:\/\/www.w3.org\/2000\/svg\" width=\"12\" height=\"32\" viewBox=\"0 0 12 32\" style=\"height: 2em;\"><path fill=\"currentColor\" d=\"M8.375 16L.437 8.062C-.125 7.5-.125 6.5.438 5.938s1.563-.563 2.126 0l9 9c.562.562.624 1.5.062 2.062l-9.063 9.063c-.312.312-.687.437-1.062.437s-.75-.125-1.063-.438c-.562-.562-.562-1.562 0-2.125z\"><\/path><\/svg>\n\t\t<\/span>\n\t<\/a>\n<\/footer>\n\n<a  href=\"https:\/\/grupoazvinews.com\/en\/azvi-installs-the-coralina-at-pasaia-station\/\" class=\"lqd-lp-overlay-link lqd-overlay z-index-2\" tab-index=\"-1\"><\/a>\n<\/article><\/div><div class=\"lqd-lp-column col-md-6 col-sm-6 sustainability lqd-f-1125\"><article id=\"post-21043\" class=\"lqd-lp lqd-lp lqd-lp-style-16 pos-rel post-21043 post type-post status-publish format-standard has-post-thumbnail hentry category-sustainability tag-grupo-azvi-en tag-azvi-en\">\n\n<div class=\"lqd-lp-img border-radius-4 overflow-hidden pos-rel mb-5\">\n\t<figure class=\"pos-rel bg-cover bg-center w-100\"><img loading=\"lazy\" decoding=\"async\" width=\"720\" height=\"400\" src=\"https:\/\/grupoazvinews.com\/wp-content\/uploads\/2026\/07\/EU0A1546-720x400.jpg\" class=\"w-100 wp-post-image\" alt=\"\" \/><\/figure><\/div>\n\n<header class=\"lqd-lp-header mb-3\">\n\t<h2 class=\"entry-title lqd-lp-title h5 m-0\"><a  href=\"https:\/\/grupoazvinews.com\/en\/azvi-and-the-university-of-seville-create-the-azvi-chair-for-the-engineers-of-the-future\/\" rel=\"bookmark\">Azvi and the University of Seville create the Azvi Chair for the engineers of the future<\/a><\/h2><\/header>\n\n\t\t\t<div class=\"lqd-lp-excerpt mb-3\">\n\t\t\t\t\t\t\t<\/div><!-- \/.latest-post-excerpt -->\n\t\t\n<footer class=\"lqd-lp-footer pos-rel z-index-2 pt-1\">\n\t<a href=\"https:\/\/grupoazvinews.com\/en\/azvi-and-the-university-of-seville-create-the-azvi-chair-for-the-engineers-of-the-future\/\" class=\"btn btn-naked text-uppercase ltr-sp-1 size-sm font-weight-bold lqd-lp-read-more\">\n\t\t<span class=\"btn-line btn-line-before d-inline-block pos-rel\"><\/span>\n\t\t<span class=\"btn-txt d-inline-block\">Continue Reading<\/span>\n\t\t<span class=\"btn-line btn-line-after d-inline-block pos-rel\">\n\t\t\t<svg class=\"d-inline-block pos-abs\" xmlns=\"http:\/\/www.w3.org\/2000\/svg\" width=\"12\" height=\"32\" viewBox=\"0 0 12 32\" style=\"height: 2em;\"><path fill=\"currentColor\" d=\"M8.375 16L.437 8.062C-.125 7.5-.125 6.5.438 5.938s1.563-.563 2.126 0l9 9c.562.562.624 1.5.062 2.062l-9.063 9.063c-.312.312-.687.437-1.062.437s-.75-.125-1.063-.438c-.562-.562-.562-1.562 0-2.125z\"><\/path><\/svg>\n\t\t<\/span>\n\t<\/a>\n<\/footer>\n\n<a  href=\"https:\/\/grupoazvinews.com\/en\/azvi-and-the-university-of-seville-create-the-azvi-chair-for-the-engineers-of-the-future\/\" class=\"lqd-lp-overlay-link lqd-overlay z-index-2\" tab-index=\"-1\"><\/a>\n<\/article><\/div><div class=\"lqd-lp-column col-md-6 col-sm-6 infrastructure lqd-f-1130\"><article id=\"post-21022\" class=\"lqd-lp lqd-lp lqd-lp-style-16 pos-rel post-21022 post type-post status-publish format-standard has-post-thumbnail hentry category-infrastructure tag-azvi-en tag-urban-transport\">\n\n<div class=\"lqd-lp-img border-radius-4 overflow-hidden pos-rel mb-5\">\n\t<figure class=\"pos-rel bg-cover bg-center w-100\"><img loading=\"lazy\" decoding=\"async\" width=\"720\" height=\"400\" src=\"https:\/\/grupoazvinews.com\/wp-content\/uploads\/2026\/07\/Malbild_v1.0_GottsundaAlle_Backlosa-720x400.jpg\" class=\"w-100 wp-post-image\" alt=\"\" \/><\/figure><\/div>\n\n<header class=\"lqd-lp-header mb-3\">\n\t<h2 class=\"entry-title lqd-lp-title h5 m-0\"><a  href=\"https:\/\/grupoazvinews.com\/en\/azvi-begins-phase-2-of-the-uppsala-tramway-in-sweden\/\" rel=\"bookmark\">Azvi begins Phase 2 of the Uppsala Tramway in Sweden<\/a><\/h2><\/header>\n\n\t\t\t<div class=\"lqd-lp-excerpt mb-3\">\n\t\t\t\t\t\t\t<\/div><!-- \/.latest-post-excerpt -->\n\t\t\n<footer class=\"lqd-lp-footer pos-rel z-index-2 pt-1\">\n\t<a href=\"https:\/\/grupoazvinews.com\/en\/azvi-begins-phase-2-of-the-uppsala-tramway-in-sweden\/\" class=\"btn btn-naked text-uppercase ltr-sp-1 size-sm font-weight-bold lqd-lp-read-more\">\n\t\t<span class=\"btn-line btn-line-before d-inline-block pos-rel\"><\/span>\n\t\t<span class=\"btn-txt d-inline-block\">Continue Reading<\/span>\n\t\t<span class=\"btn-line btn-line-after d-inline-block pos-rel\">\n\t\t\t<svg class=\"d-inline-block pos-abs\" xmlns=\"http:\/\/www.w3.org\/2000\/svg\" width=\"12\" height=\"32\" viewBox=\"0 0 12 32\" style=\"height: 2em;\"><path fill=\"currentColor\" d=\"M8.375 16L.437 8.062C-.125 7.5-.125 6.5.438 5.938s1.563-.563 2.126 0l9 9c.562.562.624 1.5.062 2.062l-9.063 9.063c-.312.312-.687.437-1.062.437s-.75-.125-1.063-.438c-.562-.562-.562-1.562 0-2.125z\"><\/path><\/svg>\n\t\t<\/span>\n\t<\/a>\n<\/footer>\n\n<a  href=\"https:\/\/grupoazvinews.com\/en\/azvi-begins-phase-2-of-the-uppsala-tramway-in-sweden\/\" class=\"lqd-lp-overlay-link lqd-overlay z-index-2\" tab-index=\"-1\"><\/a>\n<\/article><\/div><div class=\"lqd-lp-column col-md-6 col-sm-6 sustainability lqd-f-1125\"><article id=\"post-21009\" class=\"lqd-lp lqd-lp lqd-lp-style-16 pos-rel post-21009 post type-post status-publish format-standard has-post-thumbnail hentry category-sustainability tag-grupo-azvi-en\">\n\n<div class=\"lqd-lp-img border-radius-4 overflow-hidden pos-rel mb-5\">\n\t<figure class=\"pos-rel bg-cover bg-center w-100\"><img loading=\"lazy\" decoding=\"async\" width=\"720\" height=\"400\" src=\"https:\/\/grupoazvinews.com\/wp-content\/uploads\/2026\/07\/1-1-720x400.jpeg\" class=\"w-100 wp-post-image\" alt=\"\" \/><\/figure><\/div>\n\n<header class=\"lqd-lp-header mb-3\">\n\t<h2 class=\"entry-title lqd-lp-title h5 m-0\"><a  href=\"https:\/\/grupoazvinews.com\/en\/grupo-azvi-and-seville-city-council-join-forces-to-promote-culture-and-preserve-heritage\/\" rel=\"bookmark\">Grupo Azvi and Seville City Council join forces to promote culture and preserve heritage<\/a><\/h2><\/header>\n\n\t\t\t<div class=\"lqd-lp-excerpt mb-3\">\n\t\t\t\t\t\t\t<\/div><!-- \/.latest-post-excerpt -->\n\t\t\n<footer class=\"lqd-lp-footer pos-rel z-index-2 pt-1\">\n\t<a href=\"https:\/\/grupoazvinews.com\/en\/grupo-azvi-and-seville-city-council-join-forces-to-promote-culture-and-preserve-heritage\/\" class=\"btn btn-naked text-uppercase ltr-sp-1 size-sm font-weight-bold lqd-lp-read-more\">\n\t\t<span class=\"btn-line btn-line-before d-inline-block pos-rel\"><\/span>\n\t\t<span class=\"btn-txt d-inline-block\">Continue Reading<\/span>\n\t\t<span class=\"btn-line btn-line-after d-inline-block pos-rel\">\n\t\t\t<svg class=\"d-inline-block pos-abs\" xmlns=\"http:\/\/www.w3.org\/2000\/svg\" width=\"12\" height=\"32\" viewBox=\"0 0 12 32\" style=\"height: 2em;\"><path fill=\"currentColor\" d=\"M8.375 16L.437 8.062C-.125 7.5-.125 6.5.438 5.938s1.563-.563 2.126 0l9 9c.562.562.624 1.5.062 2.062l-9.063 9.063c-.312.312-.687.437-1.062.437s-.75-.125-1.063-.438c-.562-.562-.562-1.562 0-2.125z\"><\/path><\/svg>\n\t\t<\/span>\n\t<\/a>\n<\/footer>\n\n<a  href=\"https:\/\/grupoazvinews.com\/en\/grupo-azvi-and-seville-city-council-join-forces-to-promote-culture-and-preserve-heritage\/\" class=\"lqd-lp-overlay-link lqd-overlay z-index-2\" tab-index=\"-1\"><\/a>\n<\/article><\/div><div class=\"lqd-lp-column col-md-6 col-sm-6 railway lqd-f-1127 infrastructure lqd-f-1130\"><article id=\"post-20998\" class=\"lqd-lp lqd-lp lqd-lp-style-16 pos-rel post-20998 post type-post status-publish format-standard has-post-thumbnail hentry category-railway category-infrastructure tag-azvi-en\">\n\n<div class=\"lqd-lp-img border-radius-4 overflow-hidden pos-rel mb-5\">\n\t<figure class=\"pos-rel bg-cover bg-center w-100\"><img loading=\"lazy\" decoding=\"async\" width=\"720\" height=\"400\" src=\"https:\/\/grupoazvinews.com\/wp-content\/uploads\/2026\/06\/image00003-720x400.jpeg\" class=\"w-100 wp-post-image\" alt=\"\" \/><\/figure><\/div>\n\n<header class=\"lqd-lp-header mb-3\">\n\t<h2 class=\"entry-title lqd-lp-title h5 m-0\"><a  href=\"https:\/\/grupoazvinews.com\/en\/azvi-completes-the-track-renewal-of-the-calanas-peguerillas-section-of-the-zafra-huelva-line\/\" rel=\"bookmark\">Azvi completes the track renewal of the Cala\u00f1as\u2013Peguerillas section of the Zafra\u2013Huelva line<\/a><\/h2><\/header>\n\n\t\t\t<div class=\"lqd-lp-excerpt mb-3\">\n\t\t\t\t\t\t\t<\/div><!-- \/.latest-post-excerpt -->\n\t\t\n<footer class=\"lqd-lp-footer pos-rel z-index-2 pt-1\">\n\t<a href=\"https:\/\/grupoazvinews.com\/en\/azvi-completes-the-track-renewal-of-the-calanas-peguerillas-section-of-the-zafra-huelva-line\/\" class=\"btn btn-naked text-uppercase ltr-sp-1 size-sm font-weight-bold lqd-lp-read-more\">\n\t\t<span class=\"btn-line btn-line-before d-inline-block pos-rel\"><\/span>\n\t\t<span class=\"btn-txt d-inline-block\">Continue Reading<\/span>\n\t\t<span class=\"btn-line btn-line-after d-inline-block pos-rel\">\n\t\t\t<svg class=\"d-inline-block pos-abs\" xmlns=\"http:\/\/www.w3.org\/2000\/svg\" width=\"12\" height=\"32\" viewBox=\"0 0 12 32\" style=\"height: 2em;\"><path fill=\"currentColor\" d=\"M8.375 16L.437 8.062C-.125 7.5-.125 6.5.438 5.938s1.563-.563 2.126 0l9 9c.562.562.624 1.5.062 2.062l-9.063 9.063c-.312.312-.687.437-1.062.437s-.75-.125-1.063-.438c-.562-.562-.562-1.562 0-2.125z\"><\/path><\/svg>\n\t\t<\/span>\n\t<\/a>\n<\/footer>\n\n<a  href=\"https:\/\/grupoazvinews.com\/en\/azvi-completes-the-track-renewal-of-the-calanas-peguerillas-section-of-the-zafra-huelva-line\/\" class=\"lqd-lp-overlay-link lqd-overlay z-index-2\" tab-index=\"-1\"><\/a>\n<\/article><\/div><div class=\"lqd-lp-column col-md-6 col-sm-6 sustainability lqd-f-1125 infrastructure lqd-f-1130\"><article id=\"post-21019\" class=\"lqd-lp lqd-lp lqd-lp-style-16 pos-rel post-21019 post type-post status-publish format-standard has-post-thumbnail hentry category-sustainability category-infrastructure tag-grupo-azvi-en\">\n\n<div class=\"lqd-lp-img border-radius-4 overflow-hidden pos-rel mb-5\">\n\t<figure class=\"pos-rel bg-cover bg-center w-100\"><img loading=\"lazy\" decoding=\"async\" width=\"720\" height=\"400\" src=\"https:\/\/grupoazvinews.com\/wp-content\/uploads\/2026\/06\/MG_4091-720x400.jpg\" class=\"w-100 wp-post-image\" alt=\"\" \/><\/figure><\/div>\n\n<header class=\"lqd-lp-header mb-3\">\n\t<h2 class=\"entry-title lqd-lp-title h5 m-0\"><a  href=\"https:\/\/grupoazvinews.com\/en\/grupo-azvi-exceeds-e1-billion-in-revenue-for-the-third-consecutive-year-and-reaches-an-ebitda-of-e72-million\/\" rel=\"bookmark\">Grupo Azvi exceeds \u20ac1 billion in revenue for the third consecutive year and reaches an EBITDA of \u20ac72 million<\/a><\/h2><\/header>\n\n\t\t\t<div class=\"lqd-lp-excerpt mb-3\">\n\t\t\t\t\t\t\t<\/div><!-- \/.latest-post-excerpt -->\n\t\t\n<footer class=\"lqd-lp-footer pos-rel z-index-2 pt-1\">\n\t<a href=\"https:\/\/grupoazvinews.com\/en\/grupo-azvi-exceeds-e1-billion-in-revenue-for-the-third-consecutive-year-and-reaches-an-ebitda-of-e72-million\/\" class=\"btn btn-naked text-uppercase ltr-sp-1 size-sm font-weight-bold lqd-lp-read-more\">\n\t\t<span class=\"btn-line btn-line-before d-inline-block pos-rel\"><\/span>\n\t\t<span class=\"btn-txt d-inline-block\">Continue Reading<\/span>\n\t\t<span class=\"btn-line btn-line-after d-inline-block pos-rel\">\n\t\t\t<svg class=\"d-inline-block pos-abs\" xmlns=\"http:\/\/www.w3.org\/2000\/svg\" width=\"12\" height=\"32\" viewBox=\"0 0 12 32\" style=\"height: 2em;\"><path fill=\"currentColor\" d=\"M8.375 16L.437 8.062C-.125 7.5-.125 6.5.438 5.938s1.563-.563 2.126 0l9 9c.562.562.624 1.5.062 2.062l-9.063 9.063c-.312.312-.687.437-1.062.437s-.75-.125-1.063-.438c-.562-.562-.562-1.562 0-2.125z\"><\/path><\/svg>\n\t\t<\/span>\n\t<\/a>\n<\/footer>\n\n<a  href=\"https:\/\/grupoazvinews.com\/en\/grupo-azvi-exceeds-e1-billion-in-revenue-for-the-third-consecutive-year-and-reaches-an-ebitda-of-e72-million\/\" class=\"lqd-lp-overlay-link lqd-overlay z-index-2\" tab-index=\"-1\"><\/a>\n<\/article><\/div><div class=\"lqd-lp-column col-md-6 col-sm-6 sustainability lqd-f-1125 infrastructure lqd-f-1130\"><article id=\"post-20971\" class=\"lqd-lp lqd-lp lqd-lp-style-16 pos-rel post-20971 post type-post status-publish format-standard has-post-thumbnail hentry category-sustainability category-infrastructure tag-grupo-azvi-en tag-azvi-en\">\n\n<div class=\"lqd-lp-img border-radius-4 overflow-hidden pos-rel mb-5\">\n\t<figure class=\"pos-rel bg-cover bg-center w-100\"><img loading=\"lazy\" decoding=\"async\" width=\"720\" height=\"400\" src=\"https:\/\/grupoazvinews.com\/wp-content\/uploads\/2026\/06\/18.-Montaje-en-pared-1-720x400.jpg\" class=\"w-100 wp-post-image\" alt=\"\" \/><\/figure><\/div>\n\n<header class=\"lqd-lp-header mb-3\">\n\t<h2 class=\"entry-title lqd-lp-title h5 m-0\"><a  href=\"https:\/\/grupoazvinews.com\/en\/azvi-participates-in-the-restoration-of-the-historic-mosaics-at-chamartin-station\/\" rel=\"bookmark\">Azvi participates in the restoration of the historic mosaics at Chamart\u00edn Station<\/a><\/h2><\/header>\n\n\t\t\t<div class=\"lqd-lp-excerpt mb-3\">\n\t\t\t\t\t\t\t<\/div><!-- \/.latest-post-excerpt -->\n\t\t\n<footer class=\"lqd-lp-footer pos-rel z-index-2 pt-1\">\n\t<a href=\"https:\/\/grupoazvinews.com\/en\/azvi-participates-in-the-restoration-of-the-historic-mosaics-at-chamartin-station\/\" class=\"btn btn-naked text-uppercase ltr-sp-1 size-sm font-weight-bold lqd-lp-read-more\">\n\t\t<span class=\"btn-line btn-line-before d-inline-block pos-rel\"><\/span>\n\t\t<span class=\"btn-txt d-inline-block\">Continue Reading<\/span>\n\t\t<span class=\"btn-line btn-line-after d-inline-block pos-rel\">\n\t\t\t<svg class=\"d-inline-block pos-abs\" xmlns=\"http:\/\/www.w3.org\/2000\/svg\" width=\"12\" height=\"32\" viewBox=\"0 0 12 32\" style=\"height: 2em;\"><path fill=\"currentColor\" d=\"M8.375 16L.437 8.062C-.125 7.5-.125 6.5.438 5.938s1.563-.563 2.126 0l9 9c.562.562.624 1.5.062 2.062l-9.063 9.063c-.312.312-.687.437-1.062.437s-.75-.125-1.063-.438c-.562-.562-.562-1.562 0-2.125z\"><\/path><\/svg>\n\t\t<\/span>\n\t<\/a>\n<\/footer>\n\n<a  href=\"https:\/\/grupoazvinews.com\/en\/azvi-participates-in-the-restoration-of-the-historic-mosaics-at-chamartin-station\/\" class=\"lqd-lp-overlay-link lqd-overlay z-index-2\" tab-index=\"-1\"><\/a>\n<\/article><\/div><div class=\"lqd-lp-column col-md-6 col-sm-6 sustainability lqd-f-1125 infrastructure lqd-f-1130\"><article id=\"post-20963\" class=\"lqd-lp lqd-lp lqd-lp-style-16 pos-rel post-20963 post type-post status-publish format-standard has-post-thumbnail hentry category-sustainability category-infrastructure tag-grupo-azvi-en tag-construcciones-urales-en tag-urban-transport\">\n\n<div class=\"lqd-lp-img border-radius-4 overflow-hidden pos-rel mb-5\">\n\t<figure class=\"pos-rel bg-cover bg-center w-100\"><img loading=\"lazy\" decoding=\"async\" width=\"720\" height=\"400\" src=\"https:\/\/grupoazvinews.com\/wp-content\/uploads\/2026\/06\/IMCA-01-02-720x400.jpg\" class=\"w-100 wp-post-image\" alt=\"\" \/><\/figure><\/div>\n\n<header class=\"lqd-lp-header mb-3\">\n\t<h2 class=\"entry-title lqd-lp-title h5 m-0\"><a  href=\"https:\/\/grupoazvinews.com\/en\/construcciones-urales-chalco-santa-marta-trolleybus-recognised-at-the-imca-awards\/\" rel=\"bookmark\">Construcciones Urales\u2019 Chalco\u2013Santa Marta Trolleybus Recognised at the IMCA Awards<\/a><\/h2><\/header>\n\n\t\t\t<div class=\"lqd-lp-excerpt mb-3\">\n\t\t\t\t\t\t\t<\/div><!-- \/.latest-post-excerpt -->\n\t\t\n<footer class=\"lqd-lp-footer pos-rel z-index-2 pt-1\">\n\t<a href=\"https:\/\/grupoazvinews.com\/en\/construcciones-urales-chalco-santa-marta-trolleybus-recognised-at-the-imca-awards\/\" class=\"btn btn-naked text-uppercase ltr-sp-1 size-sm font-weight-bold lqd-lp-read-more\">\n\t\t<span class=\"btn-line btn-line-before d-inline-block pos-rel\"><\/span>\n\t\t<span class=\"btn-txt d-inline-block\">Continue Reading<\/span>\n\t\t<span class=\"btn-line btn-line-after d-inline-block pos-rel\">\n\t\t\t<svg class=\"d-inline-block pos-abs\" xmlns=\"http:\/\/www.w3.org\/2000\/svg\" width=\"12\" height=\"32\" viewBox=\"0 0 12 32\" style=\"height: 2em;\"><path fill=\"currentColor\" d=\"M8.375 16L.437 8.062C-.125 7.5-.125 6.5.438 5.938s1.563-.563 2.126 0l9 9c.562.562.624 1.5.062 2.062l-9.063 9.063c-.312.312-.687.437-1.062.437s-.75-.125-1.063-.438c-.562-.562-.562-1.562 0-2.125z\"><\/path><\/svg>\n\t\t<\/span>\n\t<\/a>\n<\/footer>\n\n<a  href=\"https:\/\/grupoazvinews.com\/en\/construcciones-urales-chalco-santa-marta-trolleybus-recognised-at-the-imca-awards\/\" class=\"lqd-lp-overlay-link lqd-overlay z-index-2\" tab-index=\"-1\"><\/a>\n<\/article><\/div><div class=\"lqd-lp-column col-md-6 col-sm-6 infrastructure lqd-f-1130\"><article id=\"post-20946\" class=\"lqd-lp lqd-lp lqd-lp-style-16 pos-rel post-20946 post type-post status-publish format-standard has-post-thumbnail hentry category-infrastructure tag-grupo-azvi-en tag-azvi-en\">\n\n<div class=\"lqd-lp-img border-radius-4 overflow-hidden pos-rel mb-5\">\n\t<figure class=\"pos-rel bg-cover bg-center w-100\"><img loading=\"lazy\" decoding=\"async\" width=\"607\" height=\"400\" src=\"https:\/\/grupoazvinews.com\/wp-content\/uploads\/2026\/06\/WhatsApp-Image-2026-06-08-at-15.48.57-ok-copia-607x400.jpg\" class=\"w-100 wp-post-image\" alt=\"\" \/><\/figure><\/div>\n\n<header class=\"lqd-lp-header mb-3\">\n\t<h2 class=\"entry-title lqd-lp-title h5 m-0\"><a  href=\"https:\/\/grupoazvinews.com\/en\/rocio-diaz-visits-the-granada-metro-works-being-carried-out-by-azvi\/\" rel=\"bookmark\">Roc\u00edo D\u00edaz visits the Granada Metro works being carried out by Azvi<\/a><\/h2><\/header>\n\n\t\t\t<div class=\"lqd-lp-excerpt mb-3\">\n\t\t\t\t\t\t\t<\/div><!-- \/.latest-post-excerpt -->\n\t\t\n<footer class=\"lqd-lp-footer pos-rel z-index-2 pt-1\">\n\t<a href=\"https:\/\/grupoazvinews.com\/en\/rocio-diaz-visits-the-granada-metro-works-being-carried-out-by-azvi\/\" class=\"btn btn-naked text-uppercase ltr-sp-1 size-sm font-weight-bold lqd-lp-read-more\">\n\t\t<span class=\"btn-line btn-line-before d-inline-block pos-rel\"><\/span>\n\t\t<span class=\"btn-txt d-inline-block\">Continue Reading<\/span>\n\t\t<span class=\"btn-line btn-line-after d-inline-block pos-rel\">\n\t\t\t<svg class=\"d-inline-block pos-abs\" xmlns=\"http:\/\/www.w3.org\/2000\/svg\" width=\"12\" height=\"32\" viewBox=\"0 0 12 32\" style=\"height: 2em;\"><path fill=\"currentColor\" d=\"M8.375 16L.437 8.062C-.125 7.5-.125 6.5.438 5.938s1.563-.563 2.126 0l9 9c.562.562.624 1.5.062 2.062l-9.063 9.063c-.312.312-.687.437-1.062.437s-.75-.125-1.063-.438c-.562-.562-.562-1.562 0-2.125z\"><\/path><\/svg>\n\t\t<\/span>\n\t<\/a>\n<\/footer>\n\n<a  href=\"https:\/\/grupoazvinews.com\/en\/rocio-diaz-visits-the-granada-metro-works-being-carried-out-by-azvi\/\" class=\"lqd-lp-overlay-link lqd-overlay z-index-2\" tab-index=\"-1\"><\/a>\n<\/article><\/div><div class=\"lqd-lp-column col-md-6 col-sm-6 infrastructure lqd-f-1130\"><article id=\"post-20925\" class=\"lqd-lp lqd-lp lqd-lp-style-16 pos-rel post-20925 post type-post status-publish format-standard has-post-thumbnail hentry category-infrastructure tag-grupo-azvi-en tag-traccion-rail-en\">\n\n<div class=\"lqd-lp-img border-radius-4 overflow-hidden pos-rel mb-5\">\n\t<figure class=\"pos-rel bg-cover bg-center w-100\"><img loading=\"lazy\" decoding=\"async\" width=\"720\" height=\"400\" src=\"https:\/\/grupoazvinews.com\/wp-content\/uploads\/2026\/06\/WhatsApp-Image-2026-06-05-at-12.35.38-720x400.jpeg\" class=\"w-100 wp-post-image\" alt=\"\" \/><\/figure><\/div>\n\n<header class=\"lqd-lp-header mb-3\">\n\t<h2 class=\"entry-title lqd-lp-title h5 m-0\"><a  href=\"https:\/\/grupoazvinews.com\/en\/traccion-rail-showcases-the-salamanca-dry-port-at-sil-barcelona\/\" rel=\"bookmark\">Traccion Rail showcases the Salamanca Dry Port at SIL Barcelona<\/a><\/h2><\/header>\n\n\t\t\t<div class=\"lqd-lp-excerpt mb-3\">\n\t\t\t\t\t\t\t<\/div><!-- \/.latest-post-excerpt -->\n\t\t\n<footer class=\"lqd-lp-footer pos-rel z-index-2 pt-1\">\n\t<a href=\"https:\/\/grupoazvinews.com\/en\/traccion-rail-showcases-the-salamanca-dry-port-at-sil-barcelona\/\" class=\"btn btn-naked text-uppercase ltr-sp-1 size-sm font-weight-bold lqd-lp-read-more\">\n\t\t<span class=\"btn-line btn-line-before d-inline-block pos-rel\"><\/span>\n\t\t<span class=\"btn-txt d-inline-block\">Continue Reading<\/span>\n\t\t<span class=\"btn-line btn-line-after d-inline-block pos-rel\">\n\t\t\t<svg class=\"d-inline-block pos-abs\" xmlns=\"http:\/\/www.w3.org\/2000\/svg\" width=\"12\" height=\"32\" viewBox=\"0 0 12 32\" style=\"height: 2em;\"><path fill=\"currentColor\" d=\"M8.375 16L.437 8.062C-.125 7.5-.125 6.5.438 5.938s1.563-.563 2.126 0l9 9c.562.562.624 1.5.062 2.062l-9.063 9.063c-.312.312-.687.437-1.062.437s-.75-.125-1.063-.438c-.562-.562-.562-1.562 0-2.125z\"><\/path><\/svg>\n\t\t<\/span>\n\t<\/a>\n<\/footer>\n\n<a  href=\"https:\/\/grupoazvinews.com\/en\/traccion-rail-showcases-the-salamanca-dry-port-at-sil-barcelona\/\" class=\"lqd-lp-overlay-link lqd-overlay z-index-2\" tab-index=\"-1\"><\/a>\n<\/article><\/div><div class=\"lqd-lp-column col-md-6 col-sm-6 sustainability lqd-f-1125\"><article id=\"post-20914\" class=\"lqd-lp lqd-lp lqd-lp-style-16 pos-rel post-20914 post type-post status-publish format-standard has-post-thumbnail hentry category-sustainability tag-grupo-azvi-en\">\n\n<div class=\"lqd-lp-img border-radius-4 overflow-hidden pos-rel mb-5\">\n\t<figure class=\"pos-rel bg-cover bg-center w-100\"><img loading=\"lazy\" decoding=\"async\" width=\"720\" height=\"400\" src=\"https:\/\/grupoazvinews.com\/wp-content\/uploads\/2026\/06\/ENG_Static_Card_1_1x1-720x400.png\" class=\"w-100 wp-post-image\" alt=\"\" \/><\/figure><\/div>\n\n<header class=\"lqd-lp-header mb-3\">\n\t<h2 class=\"entry-title lqd-lp-title h5 m-0\"><a  href=\"https:\/\/grupoazvinews.com\/en\/we-celebrate-world-environment-day\/\" rel=\"bookmark\">We celebrate World Environment Day<\/a><\/h2><\/header>\n\n\t\t\t<div class=\"lqd-lp-excerpt mb-3\">\n\t\t\t\t\t\t\t<\/div><!-- \/.latest-post-excerpt -->\n\t\t\n<footer class=\"lqd-lp-footer pos-rel z-index-2 pt-1\">\n\t<a href=\"https:\/\/grupoazvinews.com\/en\/we-celebrate-world-environment-day\/\" class=\"btn btn-naked text-uppercase ltr-sp-1 size-sm font-weight-bold lqd-lp-read-more\">\n\t\t<span class=\"btn-line btn-line-before d-inline-block pos-rel\"><\/span>\n\t\t<span class=\"btn-txt d-inline-block\">Continue Reading<\/span>\n\t\t<span class=\"btn-line btn-line-after d-inline-block pos-rel\">\n\t\t\t<svg class=\"d-inline-block pos-abs\" xmlns=\"http:\/\/www.w3.org\/2000\/svg\" width=\"12\" height=\"32\" viewBox=\"0 0 12 32\" style=\"height: 2em;\"><path fill=\"currentColor\" d=\"M8.375 16L.437 8.062C-.125 7.5-.125 6.5.438 5.938s1.563-.563 2.126 0l9 9c.562.562.624 1.5.062 2.062l-9.063 9.063c-.312.312-.687.437-1.062.437s-.75-.125-1.063-.438c-.562-.562-.562-1.562 0-2.125z\"><\/path><\/svg>\n\t\t<\/span>\n\t<\/a>\n<\/footer>\n\n<a  href=\"https:\/\/grupoazvinews.com\/en\/we-celebrate-world-environment-day\/\" class=\"lqd-lp-overlay-link lqd-overlay z-index-2\" tab-index=\"-1\"><\/a>\n<\/article><\/div><div class=\"lqd-lp-column col-md-6 col-sm-6 infrastructure lqd-f-1130 railway lqd-f-1127\"><article id=\"post-20907\" class=\"lqd-lp lqd-lp lqd-lp-style-16 pos-rel post-20907 post type-post status-publish format-standard has-post-thumbnail hentry category-infrastructure category-railway tag-conventional-rail tag-high-speed tag-azvi-en\">\n\n<div class=\"lqd-lp-img border-radius-4 overflow-hidden pos-rel mb-5\">\n\t<figure class=\"pos-rel bg-cover bg-center w-100\"><img loading=\"lazy\" decoding=\"async\" width=\"720\" height=\"400\" src=\"https:\/\/grupoazvinews.com\/wp-content\/uploads\/2026\/06\/1-720x400.jpeg\" class=\"w-100 wp-post-image\" alt=\"\" \/><\/figure><\/div>\n\n<header class=\"lqd-lp-header mb-3\">\n\t<h2 class=\"entry-title lqd-lp-title h5 m-0\"><a  href=\"https:\/\/grupoazvinews.com\/en\/the-expansion-of-the-new-conventional-and-high-speed-rail-concourse-at-chamartin-station-enters-service\/\" rel=\"bookmark\">The expansion of the new Conventional and High-Speed Rail concourse at Chamart\u00edn Station enters service<\/a><\/h2><\/header>\n\n\t\t\t<div class=\"lqd-lp-excerpt mb-3\">\n\t\t\t\t\t\t\t<\/div><!-- \/.latest-post-excerpt -->\n\t\t\n<footer class=\"lqd-lp-footer pos-rel z-index-2 pt-1\">\n\t<a href=\"https:\/\/grupoazvinews.com\/en\/the-expansion-of-the-new-conventional-and-high-speed-rail-concourse-at-chamartin-station-enters-service\/\" class=\"btn btn-naked text-uppercase ltr-sp-1 size-sm font-weight-bold lqd-lp-read-more\">\n\t\t<span class=\"btn-line btn-line-before d-inline-block pos-rel\"><\/span>\n\t\t<span class=\"btn-txt d-inline-block\">Continue Reading<\/span>\n\t\t<span class=\"btn-line btn-line-after d-inline-block pos-rel\">\n\t\t\t<svg class=\"d-inline-block pos-abs\" xmlns=\"http:\/\/www.w3.org\/2000\/svg\" width=\"12\" height=\"32\" viewBox=\"0 0 12 32\" style=\"height: 2em;\"><path fill=\"currentColor\" d=\"M8.375 16L.437 8.062C-.125 7.5-.125 6.5.438 5.938s1.563-.563 2.126 0l9 9c.562.562.624 1.5.062 2.062l-9.063 9.063c-.312.312-.687.437-1.062.437s-.75-.125-1.063-.438c-.562-.562-.562-1.562 0-2.125z\"><\/path><\/svg>\n\t\t<\/span>\n\t<\/a>\n<\/footer>\n\n<a  href=\"https:\/\/grupoazvinews.com\/en\/the-expansion-of-the-new-conventional-and-high-speed-rail-concourse-at-chamartin-station-enters-service\/\" class=\"lqd-lp-overlay-link lqd-overlay z-index-2\" tab-index=\"-1\"><\/a>\n<\/article><\/div><div class=\"lqd-lp-column col-md-6 col-sm-6 concessions lqd-f-1155\"><article id=\"post-20893\" class=\"lqd-lp lqd-lp lqd-lp-style-16 pos-rel post-20893 post type-post status-publish format-standard has-post-thumbnail hentry category-concessions tag-azsuma-en\">\n\n<div class=\"lqd-lp-img border-radius-4 overflow-hidden pos-rel mb-5\">\n\t<figure class=\"pos-rel bg-cover bg-center w-100\"><img loading=\"lazy\" decoding=\"async\" width=\"720\" height=\"400\" src=\"https:\/\/grupoazvinews.com\/wp-content\/uploads\/2026\/05\/El-Rocio-azsuma-e1780041150493-720x400.png\" class=\"w-100 wp-post-image\" alt=\"\" \/><\/figure><\/div>\n\n<header class=\"lqd-lp-header mb-3\">\n\t<h2 class=\"entry-title lqd-lp-title h5 m-0\"><a  href=\"https:\/\/grupoazvinews.com\/en\/azsuma-demonstrates-its-operational-capacity-in-the-el-rocio-cleaning-operation\/\" rel=\"bookmark\">Azsuma demonstrates its operational capacity in the El Roc\u00edo cleaning operation<\/a><\/h2><\/header>\n\n\t\t\t<div class=\"lqd-lp-excerpt mb-3\">\n\t\t\t\t\t\t\t<\/div><!-- \/.latest-post-excerpt -->\n\t\t\n<footer class=\"lqd-lp-footer pos-rel z-index-2 pt-1\">\n\t<a href=\"https:\/\/grupoazvinews.com\/en\/azsuma-demonstrates-its-operational-capacity-in-the-el-rocio-cleaning-operation\/\" class=\"btn btn-naked text-uppercase ltr-sp-1 size-sm font-weight-bold lqd-lp-read-more\">\n\t\t<span class=\"btn-line btn-line-before d-inline-block pos-rel\"><\/span>\n\t\t<span class=\"btn-txt d-inline-block\">Continue Reading<\/span>\n\t\t<span class=\"btn-line btn-line-after d-inline-block pos-rel\">\n\t\t\t<svg class=\"d-inline-block pos-abs\" xmlns=\"http:\/\/www.w3.org\/2000\/svg\" width=\"12\" height=\"32\" viewBox=\"0 0 12 32\" style=\"height: 2em;\"><path fill=\"currentColor\" d=\"M8.375 16L.437 8.062C-.125 7.5-.125 6.5.438 5.938s1.563-.563 2.126 0l9 9c.562.562.624 1.5.062 2.062l-9.063 9.063c-.312.312-.687.437-1.062.437s-.75-.125-1.063-.438c-.562-.562-.562-1.562 0-2.125z\"><\/path><\/svg>\n\t\t<\/span>\n\t<\/a>\n<\/footer>\n\n<a  href=\"https:\/\/grupoazvinews.com\/en\/azsuma-demonstrates-its-operational-capacity-in-the-el-rocio-cleaning-operation\/\" class=\"lqd-lp-overlay-link lqd-overlay z-index-2\" tab-index=\"-1\"><\/a>\n<\/article><\/div><div class=\"lqd-lp-column col-md-6 col-sm-6 sustainability lqd-f-1125\"><article id=\"post-20885\" class=\"lqd-lp lqd-lp lqd-lp-style-16 pos-rel post-20885 post type-post status-publish format-standard has-post-thumbnail hentry category-sustainability tag-grupo-azvi-en\">\n\n<div class=\"lqd-lp-img border-radius-4 overflow-hidden pos-rel mb-5\">\n\t<figure class=\"pos-rel bg-cover bg-center w-100\"><img loading=\"lazy\" decoding=\"async\" width=\"539\" height=\"400\" src=\"https:\/\/grupoazvinews.com\/wp-content\/uploads\/2026\/05\/Ceapi-1-539x400.jpg\" class=\"w-100 wp-post-image\" alt=\"\" \/><\/figure><\/div>\n\n<header class=\"lqd-lp-header mb-3\">\n\t<h2 class=\"entry-title lqd-lp-title h5 m-0\"><a  href=\"https:\/\/grupoazvinews.com\/en\/mexicos-secretary-of-economy-closes-the-9th-ceapi-congress\/\" rel=\"bookmark\">Mexico\u2019s Secretary of Economy closes the 9th CEAPI Congress<\/a><\/h2><\/header>\n\n\t\t\t<div class=\"lqd-lp-excerpt mb-3\">\n\t\t\t\t\t\t\t<\/div><!-- \/.latest-post-excerpt -->\n\t\t\n<footer class=\"lqd-lp-footer pos-rel z-index-2 pt-1\">\n\t<a href=\"https:\/\/grupoazvinews.com\/en\/mexicos-secretary-of-economy-closes-the-9th-ceapi-congress\/\" class=\"btn btn-naked text-uppercase ltr-sp-1 size-sm font-weight-bold lqd-lp-read-more\">\n\t\t<span class=\"btn-line btn-line-before d-inline-block pos-rel\"><\/span>\n\t\t<span class=\"btn-txt d-inline-block\">Continue Reading<\/span>\n\t\t<span class=\"btn-line btn-line-after d-inline-block pos-rel\">\n\t\t\t<svg class=\"d-inline-block pos-abs\" xmlns=\"http:\/\/www.w3.org\/2000\/svg\" width=\"12\" height=\"32\" viewBox=\"0 0 12 32\" style=\"height: 2em;\"><path fill=\"currentColor\" d=\"M8.375 16L.437 8.062C-.125 7.5-.125 6.5.438 5.938s1.563-.563 2.126 0l9 9c.562.562.624 1.5.062 2.062l-9.063 9.063c-.312.312-.687.437-1.062.437s-.75-.125-1.063-.438c-.562-.562-.562-1.562 0-2.125z\"><\/path><\/svg>\n\t\t<\/span>\n\t<\/a>\n<\/footer>\n\n<a  href=\"https:\/\/grupoazvinews.com\/en\/mexicos-secretary-of-economy-closes-the-9th-ceapi-congress\/\" class=\"lqd-lp-overlay-link lqd-overlay z-index-2\" tab-index=\"-1\"><\/a>\n<\/article><\/div><div class=\"lqd-lp-column col-md-6 col-sm-6 infrastructure lqd-f-1130\"><article id=\"post-20847\" class=\"lqd-lp lqd-lp lqd-lp-style-16 pos-rel post-20847 post type-post status-publish format-standard has-post-thumbnail hentry category-infrastructure tag-azvi-en\">\n\n<div class=\"lqd-lp-img border-radius-4 overflow-hidden pos-rel mb-5\">\n\t<figure class=\"pos-rel bg-cover bg-center w-100\"><img loading=\"lazy\" decoding=\"async\" width=\"720\" height=\"400\" src=\"https:\/\/grupoazvinews.com\/wp-content\/uploads\/2026\/05\/ALB08411-1500x1000-1-720x400.jpeg\" class=\"w-100 wp-post-image\" alt=\"\" \/><\/figure><\/div>\n\n<header class=\"lqd-lp-header mb-3\">\n\t<h2 class=\"entry-title lqd-lp-title h5 m-0\"><a  href=\"https:\/\/grupoazvinews.com\/en\/azvi-completes-the-renovation-of-plaza-del-rastrillo-in-madrid\/\" rel=\"bookmark\">Azvi completes the renovation of Plaza del Rastrillo in Madrid<\/a><\/h2><\/header>\n\n\t\t\t<div class=\"lqd-lp-excerpt mb-3\">\n\t\t\t\t\t\t\t<\/div><!-- \/.latest-post-excerpt -->\n\t\t\n<footer class=\"lqd-lp-footer pos-rel z-index-2 pt-1\">\n\t<a href=\"https:\/\/grupoazvinews.com\/en\/azvi-completes-the-renovation-of-plaza-del-rastrillo-in-madrid\/\" class=\"btn btn-naked text-uppercase ltr-sp-1 size-sm font-weight-bold lqd-lp-read-more\">\n\t\t<span class=\"btn-line btn-line-before d-inline-block pos-rel\"><\/span>\n\t\t<span class=\"btn-txt d-inline-block\">Continue Reading<\/span>\n\t\t<span class=\"btn-line btn-line-after d-inline-block pos-rel\">\n\t\t\t<svg class=\"d-inline-block pos-abs\" xmlns=\"http:\/\/www.w3.org\/2000\/svg\" width=\"12\" height=\"32\" viewBox=\"0 0 12 32\" style=\"height: 2em;\"><path fill=\"currentColor\" d=\"M8.375 16L.437 8.062C-.125 7.5-.125 6.5.438 5.938s1.563-.563 2.126 0l9 9c.562.562.624 1.5.062 2.062l-9.063 9.063c-.312.312-.687.437-1.062.437s-.75-.125-1.063-.438c-.562-.562-.562-1.562 0-2.125z\"><\/path><\/svg>\n\t\t<\/span>\n\t<\/a>\n<\/footer>\n\n<a  href=\"https:\/\/grupoazvinews.com\/en\/azvi-completes-the-renovation-of-plaza-del-rastrillo-in-madrid\/\" class=\"lqd-lp-overlay-link lqd-overlay z-index-2\" tab-index=\"-1\"><\/a>\n<\/article><\/div><div class=\"lqd-lp-column col-md-6 col-sm-6 infrastructure lqd-f-1130\"><article id=\"post-20864\" class=\"lqd-lp lqd-lp lqd-lp-style-16 pos-rel post-20864 post type-post status-publish format-standard has-post-thumbnail hentry category-infrastructure tag-azvi-en\">\n\n<div class=\"lqd-lp-img border-radius-4 overflow-hidden pos-rel mb-5\">\n\t<figure class=\"pos-rel bg-cover bg-center w-100\"><img loading=\"lazy\" decoding=\"async\" width=\"720\" height=\"400\" src=\"https:\/\/grupoazvinews.com\/wp-content\/uploads\/2026\/05\/1-1-720x400.jpeg\" class=\"w-100 wp-post-image\" alt=\"\" \/><\/figure><\/div>\n\n<header class=\"lqd-lp-header mb-3\">\n\t<h2 class=\"entry-title lqd-lp-title h5 m-0\"><a  href=\"https:\/\/grupoazvinews.com\/en\/launch-of-the-steel-footbridge-for-the-ribera-del-guadaira-cycle-lane\/\" rel=\"bookmark\">Launch of the steel footbridge for the Ribera del Guada\u00edra cycle lane<\/a><\/h2><\/header>\n\n\t\t\t<div class=\"lqd-lp-excerpt mb-3\">\n\t\t\t\t\t\t\t<\/div><!-- \/.latest-post-excerpt -->\n\t\t\n<footer class=\"lqd-lp-footer pos-rel z-index-2 pt-1\">\n\t<a href=\"https:\/\/grupoazvinews.com\/en\/launch-of-the-steel-footbridge-for-the-ribera-del-guadaira-cycle-lane\/\" class=\"btn btn-naked text-uppercase ltr-sp-1 size-sm font-weight-bold lqd-lp-read-more\">\n\t\t<span class=\"btn-line btn-line-before d-inline-block pos-rel\"><\/span>\n\t\t<span class=\"btn-txt d-inline-block\">Continue Reading<\/span>\n\t\t<span class=\"btn-line btn-line-after d-inline-block pos-rel\">\n\t\t\t<svg class=\"d-inline-block pos-abs\" xmlns=\"http:\/\/www.w3.org\/2000\/svg\" width=\"12\" height=\"32\" viewBox=\"0 0 12 32\" style=\"height: 2em;\"><path fill=\"currentColor\" d=\"M8.375 16L.437 8.062C-.125 7.5-.125 6.5.438 5.938s1.563-.563 2.126 0l9 9c.562.562.624 1.5.062 2.062l-9.063 9.063c-.312.312-.687.437-1.062.437s-.75-.125-1.063-.438c-.562-.562-.562-1.562 0-2.125z\"><\/path><\/svg>\n\t\t<\/span>\n\t<\/a>\n<\/footer>\n\n<a  href=\"https:\/\/grupoazvinews.com\/en\/launch-of-the-steel-footbridge-for-the-ribera-del-guadaira-cycle-lane\/\" class=\"lqd-lp-overlay-link lqd-overlay z-index-2\" tab-index=\"-1\"><\/a>\n<\/article><\/div><div class=\"lqd-lp-column col-md-6 col-sm-6 sustainability lqd-f-1125\"><article id=\"post-20816\" class=\"lqd-lp lqd-lp lqd-lp-style-16 pos-rel post-20816 post type-post status-publish format-standard has-post-thumbnail hentry category-sustainability tag-grupo-azvi-en tag-azvi-en tag-construcciones-urales-en\">\n\n<div class=\"lqd-lp-img border-radius-4 overflow-hidden pos-rel mb-5\">\n\t<figure class=\"pos-rel bg-cover bg-center w-100\"><img loading=\"lazy\" decoding=\"async\" width=\"720\" height=\"400\" src=\"https:\/\/grupoazvinews.com\/wp-content\/uploads\/2026\/05\/01-720x400.jpg\" class=\"w-100 wp-post-image\" alt=\"\" \/><\/figure><\/div>\n\n<header class=\"lqd-lp-header mb-3\">\n\t<h2 class=\"entry-title lqd-lp-title h5 m-0\"><a  href=\"https:\/\/grupoazvinews.com\/en\/construcciones-urales-awarded-the-esr-distinction-for-the-fifth-consecutive-year\/\" rel=\"bookmark\">Construcciones Urales awarded the ESR Distinction for the fifth consecutive year<\/a><\/h2><\/header>\n\n\t\t\t<div class=\"lqd-lp-excerpt mb-3\">\n\t\t\t\t\t\t\t<\/div><!-- \/.latest-post-excerpt -->\n\t\t\n<footer class=\"lqd-lp-footer pos-rel z-index-2 pt-1\">\n\t<a href=\"https:\/\/grupoazvinews.com\/en\/construcciones-urales-awarded-the-esr-distinction-for-the-fifth-consecutive-year\/\" class=\"btn btn-naked text-uppercase ltr-sp-1 size-sm font-weight-bold lqd-lp-read-more\">\n\t\t<span class=\"btn-line btn-line-before d-inline-block pos-rel\"><\/span>\n\t\t<span class=\"btn-txt d-inline-block\">Continue Reading<\/span>\n\t\t<span class=\"btn-line btn-line-after d-inline-block pos-rel\">\n\t\t\t<svg class=\"d-inline-block pos-abs\" xmlns=\"http:\/\/www.w3.org\/2000\/svg\" width=\"12\" height=\"32\" viewBox=\"0 0 12 32\" style=\"height: 2em;\"><path fill=\"currentColor\" d=\"M8.375 16L.437 8.062C-.125 7.5-.125 6.5.438 5.938s1.563-.563 2.126 0l9 9c.562.562.624 1.5.062 2.062l-9.063 9.063c-.312.312-.687.437-1.062.437s-.75-.125-1.063-.438c-.562-.562-.562-1.562 0-2.125z\"><\/path><\/svg>\n\t\t<\/span>\n\t<\/a>\n<\/footer>\n\n<a  href=\"https:\/\/grupoazvinews.com\/en\/construcciones-urales-awarded-the-esr-distinction-for-the-fifth-consecutive-year\/\" class=\"lqd-lp-overlay-link lqd-overlay z-index-2\" tab-index=\"-1\"><\/a>\n<\/article><\/div><div class=\"lqd-lp-column col-md-6 col-sm-6 infrastructure lqd-f-1130\"><article id=\"post-20820\" class=\"lqd-lp lqd-lp lqd-lp-style-16 pos-rel post-20820 post type-post status-publish format-standard has-post-thumbnail hentry category-infrastructure tag-ispalvia-en\">\n\n<div class=\"lqd-lp-img border-radius-4 overflow-hidden pos-rel mb-5\">\n\t<figure class=\"pos-rel bg-cover bg-center w-100\"><img loading=\"lazy\" decoding=\"async\" width=\"720\" height=\"400\" src=\"https:\/\/grupoazvinews.com\/wp-content\/uploads\/2026\/05\/SUBESTACIONES-1-720x400.jpg\" class=\"w-100 wp-post-image\" alt=\"\" \/><\/figure><\/div>\n\n<header class=\"lqd-lp-header mb-3\">\n\t<h2 class=\"entry-title lqd-lp-title h5 m-0\"><a  href=\"https:\/\/grupoazvinews.com\/en\/ispalvia-is-awarded-the-construction-contract-for-the-new-carmona-electrical-substation\/\" rel=\"bookmark\">Ispalvia is awarded the construction contract for the new Carmona electrical substation<\/a><\/h2><\/header>\n\n\t\t\t<div class=\"lqd-lp-excerpt mb-3\">\n\t\t\t\t\t\t\t<\/div><!-- \/.latest-post-excerpt -->\n\t\t\n<footer class=\"lqd-lp-footer pos-rel z-index-2 pt-1\">\n\t<a href=\"https:\/\/grupoazvinews.com\/en\/ispalvia-is-awarded-the-construction-contract-for-the-new-carmona-electrical-substation\/\" class=\"btn btn-naked text-uppercase ltr-sp-1 size-sm font-weight-bold lqd-lp-read-more\">\n\t\t<span class=\"btn-line btn-line-before d-inline-block pos-rel\"><\/span>\n\t\t<span class=\"btn-txt d-inline-block\">Continue Reading<\/span>\n\t\t<span class=\"btn-line btn-line-after d-inline-block pos-rel\">\n\t\t\t<svg class=\"d-inline-block pos-abs\" xmlns=\"http:\/\/www.w3.org\/2000\/svg\" width=\"12\" height=\"32\" viewBox=\"0 0 12 32\" style=\"height: 2em;\"><path fill=\"currentColor\" d=\"M8.375 16L.437 8.062C-.125 7.5-.125 6.5.438 5.938s1.563-.563 2.126 0l9 9c.562.562.624 1.5.062 2.062l-9.063 9.063c-.312.312-.687.437-1.062.437s-.75-.125-1.063-.438c-.562-.562-.562-1.562 0-2.125z\"><\/path><\/svg>\n\t\t<\/span>\n\t<\/a>\n<\/footer>\n\n<a  href=\"https:\/\/grupoazvinews.com\/en\/ispalvia-is-awarded-the-construction-contract-for-the-new-carmona-electrical-substation\/\" class=\"lqd-lp-overlay-link lqd-overlay z-index-2\" tab-index=\"-1\"><\/a>\n<\/article><\/div><div class=\"lqd-lp-column col-md-6 col-sm-6 sustainability lqd-f-1125 concessions lqd-f-1155\"><article id=\"post-20799\" class=\"lqd-lp lqd-lp lqd-lp-style-16 pos-rel post-20799 post type-post status-publish format-standard has-post-thumbnail hentry category-sustainability category-concessions tag-cointer-en\">\n\n<div class=\"lqd-lp-img border-radius-4 overflow-hidden pos-rel mb-5\">\n\t<figure class=\"pos-rel bg-cover bg-center w-100\"><img loading=\"lazy\" decoding=\"async\" width=\"620\" height=\"349\" src=\"https:\/\/grupoazvinews.com\/wp-content\/uploads\/2026\/05\/imagen_recortada-88-620x349-1.webp\" class=\"w-100 wp-post-image\" alt=\"\" srcset=\"https:\/\/grupoazvinews.com\/wp-content\/uploads\/2026\/05\/imagen_recortada-88-620x349-1.webp 620w, https:\/\/grupoazvinews.com\/wp-content\/uploads\/2026\/05\/imagen_recortada-88-620x349-1-300x169.webp 300w\" sizes=\"auto, (max-width: 620px) 100vw, 620px\" \/><\/figure><\/div>\n\n<header class=\"lqd-lp-header mb-3\">\n\t<h2 class=\"entry-title lqd-lp-title h5 m-0\"><a  href=\"https:\/\/grupoazvinews.com\/en\/alfonso-budino-analyzes-the-future-of-infrastructure-and-public-private-collaboration-at-the-ok-diario-conference\/\" rel=\"bookmark\">Alfonso Budi\u00f1o analyzes the future of infrastructure and public-private collaboration at the OK Diario conference<\/a><\/h2><\/header>\n\n\t\t\t<div class=\"lqd-lp-excerpt mb-3\">\n\t\t\t\t\t\t\t<\/div><!-- \/.latest-post-excerpt -->\n\t\t\n<footer class=\"lqd-lp-footer pos-rel z-index-2 pt-1\">\n\t<a href=\"https:\/\/grupoazvinews.com\/en\/alfonso-budino-analyzes-the-future-of-infrastructure-and-public-private-collaboration-at-the-ok-diario-conference\/\" class=\"btn btn-naked text-uppercase ltr-sp-1 size-sm font-weight-bold lqd-lp-read-more\">\n\t\t<span class=\"btn-line btn-line-before d-inline-block pos-rel\"><\/span>\n\t\t<span class=\"btn-txt d-inline-block\">Continue Reading<\/span>\n\t\t<span class=\"btn-line btn-line-after d-inline-block pos-rel\">\n\t\t\t<svg class=\"d-inline-block pos-abs\" xmlns=\"http:\/\/www.w3.org\/2000\/svg\" width=\"12\" height=\"32\" viewBox=\"0 0 12 32\" style=\"height: 2em;\"><path fill=\"currentColor\" d=\"M8.375 16L.437 8.062C-.125 7.5-.125 6.5.438 5.938s1.563-.563 2.126 0l9 9c.562.562.624 1.5.062 2.062l-9.063 9.063c-.312.312-.687.437-1.062.437s-.75-.125-1.063-.438c-.562-.562-.562-1.562 0-2.125z\"><\/path><\/svg>\n\t\t<\/span>\n\t<\/a>\n<\/footer>\n\n<a  href=\"https:\/\/grupoazvinews.com\/en\/alfonso-budino-analyzes-the-future-of-infrastructure-and-public-private-collaboration-at-the-ok-diario-conference\/\" class=\"lqd-lp-overlay-link lqd-overlay z-index-2\" tab-index=\"-1\"><\/a>\n<\/article><\/div><div class=\"lqd-lp-column col-md-6 col-sm-6 infrastructure lqd-f-1130\"><article id=\"post-20782\" class=\"lqd-lp lqd-lp lqd-lp-style-16 pos-rel post-20782 post type-post status-publish format-standard has-post-thumbnail hentry category-infrastructure tag-azvi-en tag-urban-transport\">\n\n<div class=\"lqd-lp-img border-radius-4 overflow-hidden pos-rel mb-5\">\n\t<figure class=\"pos-rel bg-cover bg-center w-100\"><img loading=\"lazy\" decoding=\"async\" width=\"720\" height=\"400\" src=\"https:\/\/grupoazvinews.com\/wp-content\/uploads\/2026\/05\/20260513_103154-720x400.jpg\" class=\"w-100 wp-post-image\" alt=\"\" \/><\/figure><\/div>\n\n<header class=\"lqd-lp-header mb-3\">\n\t<h2 class=\"entry-title lqd-lp-title h5 m-0\"><a  href=\"https:\/\/grupoazvinews.com\/en\/azvi-enters-the-final-stretch-of-the-san-sebastian-metro-works\/\" rel=\"bookmark\">Azvi enters the final stretch of the San Sebasti\u00e1n Metro works<\/a><\/h2><\/header>\n\n\t\t\t<div class=\"lqd-lp-excerpt mb-3\">\n\t\t\t\t\t\t\t<\/div><!-- \/.latest-post-excerpt -->\n\t\t\n<footer class=\"lqd-lp-footer pos-rel z-index-2 pt-1\">\n\t<a href=\"https:\/\/grupoazvinews.com\/en\/azvi-enters-the-final-stretch-of-the-san-sebastian-metro-works\/\" class=\"btn btn-naked text-uppercase ltr-sp-1 size-sm font-weight-bold lqd-lp-read-more\">\n\t\t<span class=\"btn-line btn-line-before d-inline-block pos-rel\"><\/span>\n\t\t<span class=\"btn-txt d-inline-block\">Continue Reading<\/span>\n\t\t<span class=\"btn-line btn-line-after d-inline-block pos-rel\">\n\t\t\t<svg class=\"d-inline-block pos-abs\" xmlns=\"http:\/\/www.w3.org\/2000\/svg\" width=\"12\" height=\"32\" viewBox=\"0 0 12 32\" style=\"height: 2em;\"><path fill=\"currentColor\" d=\"M8.375 16L.437 8.062C-.125 7.5-.125 6.5.438 5.938s1.563-.563 2.126 0l9 9c.562.562.624 1.5.062 2.062l-9.063 9.063c-.312.312-.687.437-1.062.437s-.75-.125-1.063-.438c-.562-.562-.562-1.562 0-2.125z\"><\/path><\/svg>\n\t\t<\/span>\n\t<\/a>\n<\/footer>\n\n<a  href=\"https:\/\/grupoazvinews.com\/en\/azvi-enters-the-final-stretch-of-the-san-sebastian-metro-works\/\" class=\"lqd-lp-overlay-link lqd-overlay z-index-2\" tab-index=\"-1\"><\/a>\n<\/article><\/div><div class=\"lqd-lp-column col-md-6 col-sm-6 sustainability lqd-f-1125\"><article id=\"post-20788\" class=\"lqd-lp lqd-lp lqd-lp-style-16 pos-rel post-20788 post type-post status-publish format-standard has-post-thumbnail hentry category-sustainability tag-grupo-azvi-en tag-azvi-en tag-construcciones-urales-en\">\n\n<div class=\"lqd-lp-img border-radius-4 overflow-hidden pos-rel mb-5\">\n\t<figure class=\"pos-rel bg-cover bg-center w-100\"><img loading=\"lazy\" decoding=\"async\" width=\"720\" height=\"400\" src=\"https:\/\/grupoazvinews.com\/wp-content\/uploads\/2026\/05\/01-720x400.jpeg\" class=\"w-100 wp-post-image\" alt=\"\" \/><\/figure><\/div>\n\n<header class=\"lqd-lp-header mb-3\">\n\t<h2 class=\"entry-title lqd-lp-title h5 m-0\"><a  href=\"https:\/\/grupoazvinews.com\/en\/construcciones-urales-and-cupisa-participate-in-the-unam-faculty-of-engineering-employment-fair\/\" rel=\"bookmark\">Construcciones Urales and Cupisa participate in the UNAM Faculty of Engineering Employment Fair<\/a><\/h2><\/header>\n\n\t\t\t<div class=\"lqd-lp-excerpt mb-3\">\n\t\t\t\t\t\t\t<\/div><!-- \/.latest-post-excerpt -->\n\t\t\n<footer class=\"lqd-lp-footer pos-rel z-index-2 pt-1\">\n\t<a href=\"https:\/\/grupoazvinews.com\/en\/construcciones-urales-and-cupisa-participate-in-the-unam-faculty-of-engineering-employment-fair\/\" class=\"btn btn-naked text-uppercase ltr-sp-1 size-sm font-weight-bold lqd-lp-read-more\">\n\t\t<span class=\"btn-line btn-line-before d-inline-block pos-rel\"><\/span>\n\t\t<span class=\"btn-txt d-inline-block\">Continue Reading<\/span>\n\t\t<span class=\"btn-line btn-line-after d-inline-block pos-rel\">\n\t\t\t<svg class=\"d-inline-block pos-abs\" xmlns=\"http:\/\/www.w3.org\/2000\/svg\" width=\"12\" height=\"32\" viewBox=\"0 0 12 32\" style=\"height: 2em;\"><path fill=\"currentColor\" d=\"M8.375 16L.437 8.062C-.125 7.5-.125 6.5.438 5.938s1.563-.563 2.126 0l9 9c.562.562.624 1.5.062 2.062l-9.063 9.063c-.312.312-.687.437-1.062.437s-.75-.125-1.063-.438c-.562-.562-.562-1.562 0-2.125z\"><\/path><\/svg>\n\t\t<\/span>\n\t<\/a>\n<\/footer>\n\n<a  href=\"https:\/\/grupoazvinews.com\/en\/construcciones-urales-and-cupisa-participate-in-the-unam-faculty-of-engineering-employment-fair\/\" class=\"lqd-lp-overlay-link lqd-overlay z-index-2\" tab-index=\"-1\"><\/a>\n<\/article><\/div><div class=\"lqd-lp-column col-md-6 col-sm-6 sustainability lqd-f-1125\"><article id=\"post-20785\" class=\"lqd-lp lqd-lp lqd-lp-style-16 pos-rel post-20785 post type-post status-publish format-standard has-post-thumbnail hentry category-sustainability tag-grupo-azvi-en\">\n\n<div class=\"lqd-lp-img border-radius-4 overflow-hidden pos-rel mb-5\">\n\t<figure class=\"pos-rel bg-cover bg-center w-100\"><img loading=\"lazy\" decoding=\"async\" width=\"720\" height=\"400\" src=\"https:\/\/grupoazvinews.com\/wp-content\/uploads\/2026\/05\/WhatsApp-Image-2026-05-12-at-09.38.22-720x400.jpeg\" class=\"w-100 wp-post-image\" alt=\"\" \/><\/figure><\/div>\n\n<header class=\"lqd-lp-header mb-3\">\n\t<h2 class=\"entry-title lqd-lp-title h5 m-0\"><a  href=\"https:\/\/grupoazvinews.com\/en\/cadena-sers-andalusian-election-candidates-series-concludes-with-the-support-of-azvi\/\" rel=\"bookmark\">Cadena SER\u2019s Andalusian election candidates&#8217; series concludes, with the support of Azvi<\/a><\/h2><\/header>\n\n\t\t\t<div class=\"lqd-lp-excerpt mb-3\">\n\t\t\t\t\t\t\t<\/div><!-- \/.latest-post-excerpt -->\n\t\t\n<footer class=\"lqd-lp-footer pos-rel z-index-2 pt-1\">\n\t<a href=\"https:\/\/grupoazvinews.com\/en\/cadena-sers-andalusian-election-candidates-series-concludes-with-the-support-of-azvi\/\" class=\"btn btn-naked text-uppercase ltr-sp-1 size-sm font-weight-bold lqd-lp-read-more\">\n\t\t<span class=\"btn-line btn-line-before d-inline-block pos-rel\"><\/span>\n\t\t<span class=\"btn-txt d-inline-block\">Continue Reading<\/span>\n\t\t<span class=\"btn-line btn-line-after d-inline-block pos-rel\">\n\t\t\t<svg class=\"d-inline-block pos-abs\" xmlns=\"http:\/\/www.w3.org\/2000\/svg\" width=\"12\" height=\"32\" viewBox=\"0 0 12 32\" style=\"height: 2em;\"><path fill=\"currentColor\" d=\"M8.375 16L.437 8.062C-.125 7.5-.125 6.5.438 5.938s1.563-.563 2.126 0l9 9c.562.562.624 1.5.062 2.062l-9.063 9.063c-.312.312-.687.437-1.062.437s-.75-.125-1.063-.438c-.562-.562-.562-1.562 0-2.125z\"><\/path><\/svg>\n\t\t<\/span>\n\t<\/a>\n<\/footer>\n\n<a  href=\"https:\/\/grupoazvinews.com\/en\/cadena-sers-andalusian-election-candidates-series-concludes-with-the-support-of-azvi\/\" class=\"lqd-lp-overlay-link lqd-overlay z-index-2\" tab-index=\"-1\"><\/a>\n<\/article><\/div><div class=\"lqd-lp-column col-md-6 col-sm-6 infrastructure lqd-f-1130\"><article id=\"post-20735\" class=\"lqd-lp lqd-lp lqd-lp-style-16 pos-rel post-20735 post type-post status-publish format-standard has-post-thumbnail hentry category-infrastructure tag-azvi-en tag-urban-works\">\n\n<div class=\"lqd-lp-img border-radius-4 overflow-hidden pos-rel mb-5\">\n\t<figure class=\"pos-rel bg-cover bg-center w-100\"><img loading=\"lazy\" decoding=\"async\" width=\"720\" height=\"400\" src=\"https:\/\/grupoazvinews.com\/wp-content\/uploads\/2026\/05\/1-8-720x400.jpg\" class=\"w-100 wp-post-image\" alt=\"\" \/><\/figure><\/div>\n\n<header class=\"lqd-lp-header mb-3\">\n\t<h2 class=\"entry-title lqd-lp-title h5 m-0\"><a  href=\"https:\/\/grupoazvinews.com\/en\/transforming-the-heart-of-madrid\/\" rel=\"bookmark\">Transforming the heart of Madrid<\/a><\/h2><\/header>\n\n\t\t\t<div class=\"lqd-lp-excerpt mb-3\">\n\t\t\t\t\t\t\t<\/div><!-- \/.latest-post-excerpt -->\n\t\t\n<footer class=\"lqd-lp-footer pos-rel z-index-2 pt-1\">\n\t<a href=\"https:\/\/grupoazvinews.com\/en\/transforming-the-heart-of-madrid\/\" class=\"btn btn-naked text-uppercase ltr-sp-1 size-sm font-weight-bold lqd-lp-read-more\">\n\t\t<span class=\"btn-line btn-line-before d-inline-block pos-rel\"><\/span>\n\t\t<span class=\"btn-txt d-inline-block\">Continue Reading<\/span>\n\t\t<span class=\"btn-line btn-line-after d-inline-block pos-rel\">\n\t\t\t<svg class=\"d-inline-block pos-abs\" xmlns=\"http:\/\/www.w3.org\/2000\/svg\" width=\"12\" height=\"32\" viewBox=\"0 0 12 32\" style=\"height: 2em;\"><path fill=\"currentColor\" d=\"M8.375 16L.437 8.062C-.125 7.5-.125 6.5.438 5.938s1.563-.563 2.126 0l9 9c.562.562.624 1.5.062 2.062l-9.063 9.063c-.312.312-.687.437-1.062.437s-.75-.125-1.063-.438c-.562-.562-.562-1.562 0-2.125z\"><\/path><\/svg>\n\t\t<\/span>\n\t<\/a>\n<\/footer>\n\n<a  href=\"https:\/\/grupoazvinews.com\/en\/transforming-the-heart-of-madrid\/\" class=\"lqd-lp-overlay-link lqd-overlay z-index-2\" tab-index=\"-1\"><\/a>\n<\/article><\/div><div class=\"lqd-lp-column col-md-6 col-sm-6 infrastructure lqd-f-1130 railway lqd-f-1127\"><article id=\"post-20732\" class=\"lqd-lp lqd-lp lqd-lp-style-16 pos-rel post-20732 post type-post status-publish format-standard has-post-thumbnail hentry category-infrastructure category-railway tag-azvi-en tag-conventional-rail\">\n\n<div class=\"lqd-lp-img border-radius-4 overflow-hidden pos-rel mb-5\">\n\t<figure class=\"pos-rel bg-cover bg-center w-100\"><img loading=\"lazy\" decoding=\"async\" width=\"720\" height=\"400\" src=\"https:\/\/grupoazvinews.com\/wp-content\/uploads\/2026\/05\/foto-1-720x400.jpg\" class=\"w-100 wp-post-image\" alt=\"\" \/><\/figure><\/div>\n\n<header class=\"lqd-lp-header mb-3\">\n\t<h2 class=\"entry-title lqd-lp-title h5 m-0\"><a  href=\"https:\/\/grupoazvinews.com\/en\/azvi-begins-track-renewal-works-on-the-merida-los-rosales-line\/\" rel=\"bookmark\">Azvi begins track renewal works on the M\u00e9rida-Los Rosales line<\/a><\/h2><\/header>\n\n\t\t\t<div class=\"lqd-lp-excerpt mb-3\">\n\t\t\t\t\t\t\t<\/div><!-- \/.latest-post-excerpt -->\n\t\t\n<footer class=\"lqd-lp-footer pos-rel z-index-2 pt-1\">\n\t<a href=\"https:\/\/grupoazvinews.com\/en\/azvi-begins-track-renewal-works-on-the-merida-los-rosales-line\/\" class=\"btn btn-naked text-uppercase ltr-sp-1 size-sm font-weight-bold lqd-lp-read-more\">\n\t\t<span class=\"btn-line btn-line-before d-inline-block pos-rel\"><\/span>\n\t\t<span class=\"btn-txt d-inline-block\">Continue Reading<\/span>\n\t\t<span class=\"btn-line btn-line-after d-inline-block pos-rel\">\n\t\t\t<svg class=\"d-inline-block pos-abs\" xmlns=\"http:\/\/www.w3.org\/2000\/svg\" width=\"12\" height=\"32\" viewBox=\"0 0 12 32\" style=\"height: 2em;\"><path fill=\"currentColor\" d=\"M8.375 16L.437 8.062C-.125 7.5-.125 6.5.438 5.938s1.563-.563 2.126 0l9 9c.562.562.624 1.5.062 2.062l-9.063 9.063c-.312.312-.687.437-1.062.437s-.75-.125-1.063-.438c-.562-.562-.562-1.562 0-2.125z\"><\/path><\/svg>\n\t\t<\/span>\n\t<\/a>\n<\/footer>\n\n<a  href=\"https:\/\/grupoazvinews.com\/en\/azvi-begins-track-renewal-works-on-the-merida-los-rosales-line\/\" class=\"lqd-lp-overlay-link lqd-overlay z-index-2\" tab-index=\"-1\"><\/a>\n<\/article><\/div><div class=\"lqd-lp-column col-md-6 col-sm-6 concessions lqd-f-1155\"><article id=\"post-20717\" class=\"lqd-lp lqd-lp lqd-lp-style-16 pos-rel post-20717 post type-post status-publish format-standard has-post-thumbnail hentry category-concessions tag-grupo-azvi-en tag-cointer-en\">\n\n<div class=\"lqd-lp-img border-radius-4 overflow-hidden pos-rel mb-5\">\n\t<figure class=\"pos-rel bg-cover bg-center w-100\"><img loading=\"lazy\" decoding=\"async\" width=\"720\" height=\"400\" src=\"https:\/\/grupoazvinews.com\/wp-content\/uploads\/2026\/05\/ColegioLegamar-Entrada-720x400.jpg\" class=\"w-100 wp-post-image\" alt=\"\" \/><\/figure><\/div>\n\n<header class=\"lqd-lp-header mb-3\">\n\t<h2 class=\"entry-title lqd-lp-title h5 m-0\"><a  href=\"https:\/\/grupoazvinews.com\/en\/educational-centres-managed-by-cointer-once-again-rank-among-the-top-performers-in-the-university-entrance-examination-results-in-the-community-of-madrid\/\" rel=\"bookmark\">Educational centres managed by Cointer once again rank among the top performers in the University Entrance Examination results in the Community of Madrid<\/a><\/h2><\/header>\n\n\t\t\t<div class=\"lqd-lp-excerpt mb-3\">\n\t\t\t\t\t\t\t<\/div><!-- \/.latest-post-excerpt -->\n\t\t\n<footer class=\"lqd-lp-footer pos-rel z-index-2 pt-1\">\n\t<a href=\"https:\/\/grupoazvinews.com\/en\/educational-centres-managed-by-cointer-once-again-rank-among-the-top-performers-in-the-university-entrance-examination-results-in-the-community-of-madrid\/\" class=\"btn btn-naked text-uppercase ltr-sp-1 size-sm font-weight-bold lqd-lp-read-more\">\n\t\t<span class=\"btn-line btn-line-before d-inline-block pos-rel\"><\/span>\n\t\t<span class=\"btn-txt d-inline-block\">Continue Reading<\/span>\n\t\t<span class=\"btn-line btn-line-after d-inline-block pos-rel\">\n\t\t\t<svg class=\"d-inline-block pos-abs\" xmlns=\"http:\/\/www.w3.org\/2000\/svg\" width=\"12\" height=\"32\" viewBox=\"0 0 12 32\" style=\"height: 2em;\"><path fill=\"currentColor\" d=\"M8.375 16L.437 8.062C-.125 7.5-.125 6.5.438 5.938s1.563-.563 2.126 0l9 9c.562.562.624 1.5.062 2.062l-9.063 9.063c-.312.312-.687.437-1.062.437s-.75-.125-1.063-.438c-.562-.562-.562-1.562 0-2.125z\"><\/path><\/svg>\n\t\t<\/span>\n\t<\/a>\n<\/footer>\n\n<a  href=\"https:\/\/grupoazvinews.com\/en\/educational-centres-managed-by-cointer-once-again-rank-among-the-top-performers-in-the-university-entrance-examination-results-in-the-community-of-madrid\/\" class=\"lqd-lp-overlay-link lqd-overlay z-index-2\" tab-index=\"-1\"><\/a>\n<\/article><\/div><div class=\"lqd-lp-column col-md-6 col-sm-6 infrastructure lqd-f-1130 railway lqd-f-1127\"><article id=\"post-20709\" class=\"lqd-lp lqd-lp lqd-lp-style-16 pos-rel post-20709 post type-post status-publish format-standard has-post-thumbnail hentry category-infrastructure category-railway tag-traccion-rail-en tag-rail-transport\">\n\n<div class=\"lqd-lp-img border-radius-4 overflow-hidden pos-rel mb-5\">\n\t<figure class=\"pos-rel bg-cover bg-center w-100\"><img loading=\"lazy\" decoding=\"async\" width=\"720\" height=\"400\" src=\"https:\/\/grupoazvinews.com\/wp-content\/uploads\/2026\/04\/Captura-2025-04-15-153129_2.1.1-720x400.jpg\" class=\"w-100 wp-post-image\" alt=\"\" \/><\/figure><\/div>\n\n<header class=\"lqd-lp-header mb-3\">\n\t<h2 class=\"entry-title lqd-lp-title h5 m-0\"><a  href=\"https:\/\/grupoazvinews.com\/en\/traccion-rail-our-railway-transport-company-will-manage-the-salamanca-dry-port\/\" rel=\"bookmark\">Traccion Rail, our railway transport company, will manage the Salamanca Dry Port<\/a><\/h2><\/header>\n\n\t\t\t<div class=\"lqd-lp-excerpt mb-3\">\n\t\t\t\t\t\t\t<\/div><!-- \/.latest-post-excerpt -->\n\t\t\n<footer class=\"lqd-lp-footer pos-rel z-index-2 pt-1\">\n\t<a href=\"https:\/\/grupoazvinews.com\/en\/traccion-rail-our-railway-transport-company-will-manage-the-salamanca-dry-port\/\" class=\"btn btn-naked text-uppercase ltr-sp-1 size-sm font-weight-bold lqd-lp-read-more\">\n\t\t<span class=\"btn-line btn-line-before d-inline-block pos-rel\"><\/span>\n\t\t<span class=\"btn-txt d-inline-block\">Continue Reading<\/span>\n\t\t<span class=\"btn-line btn-line-after d-inline-block pos-rel\">\n\t\t\t<svg class=\"d-inline-block pos-abs\" xmlns=\"http:\/\/www.w3.org\/2000\/svg\" width=\"12\" height=\"32\" viewBox=\"0 0 12 32\" style=\"height: 2em;\"><path fill=\"currentColor\" d=\"M8.375 16L.437 8.062C-.125 7.5-.125 6.5.438 5.938s1.563-.563 2.126 0l9 9c.562.562.624 1.5.062 2.062l-9.063 9.063c-.312.312-.687.437-1.062.437s-.75-.125-1.063-.438c-.562-.562-.562-1.562 0-2.125z\"><\/path><\/svg>\n\t\t<\/span>\n\t<\/a>\n<\/footer>\n\n<a  href=\"https:\/\/grupoazvinews.com\/en\/traccion-rail-our-railway-transport-company-will-manage-the-salamanca-dry-port\/\" class=\"lqd-lp-overlay-link lqd-overlay z-index-2\" tab-index=\"-1\"><\/a>\n<\/article><\/div><div class=\"lqd-lp-column col-md-6 col-sm-6 sustainability lqd-f-1125\"><article id=\"post-20695\" class=\"lqd-lp lqd-lp lqd-lp-style-16 pos-rel post-20695 post type-post status-publish format-standard has-post-thumbnail hentry category-sustainability tag-grupo-azvi-en\">\n\n<div class=\"lqd-lp-img border-radius-4 overflow-hidden pos-rel mb-5\">\n\t<figure class=\"pos-rel bg-cover bg-center w-100\"><img loading=\"lazy\" decoding=\"async\" width=\"200\" height=\"200\" src=\"https:\/\/grupoazvinews.com\/wp-content\/uploads\/2026\/04\/Miniatura-web.jpg\" class=\"w-100 wp-post-image\" alt=\"\" srcset=\"https:\/\/grupoazvinews.com\/wp-content\/uploads\/2026\/04\/Miniatura-web.jpg 200w, https:\/\/grupoazvinews.com\/wp-content\/uploads\/2026\/04\/Miniatura-web-150x150.jpg 150w\" sizes=\"auto, (max-width: 200px) 100vw, 200px\" \/><\/figure><\/div>\n\n<header class=\"lqd-lp-header mb-3\">\n\t<h2 class=\"entry-title lqd-lp-title h5 m-0\"><a  href=\"https:\/\/grupoazvinews.com\/en\/we-celebrate-world-day-for-safety-and-health-at-work\/\" rel=\"bookmark\">We celebrate World Day for Safety and Health at Work<\/a><\/h2><\/header>\n\n\t\t\t<div class=\"lqd-lp-excerpt mb-3\">\n\t\t\t\t\t\t\t<\/div><!-- \/.latest-post-excerpt -->\n\t\t\n<footer class=\"lqd-lp-footer pos-rel z-index-2 pt-1\">\n\t<a href=\"https:\/\/grupoazvinews.com\/en\/we-celebrate-world-day-for-safety-and-health-at-work\/\" class=\"btn btn-naked text-uppercase ltr-sp-1 size-sm font-weight-bold lqd-lp-read-more\">\n\t\t<span class=\"btn-line btn-line-before d-inline-block pos-rel\"><\/span>\n\t\t<span class=\"btn-txt d-inline-block\">Continue Reading<\/span>\n\t\t<span class=\"btn-line btn-line-after d-inline-block pos-rel\">\n\t\t\t<svg class=\"d-inline-block pos-abs\" xmlns=\"http:\/\/www.w3.org\/2000\/svg\" width=\"12\" height=\"32\" viewBox=\"0 0 12 32\" style=\"height: 2em;\"><path fill=\"currentColor\" d=\"M8.375 16L.437 8.062C-.125 7.5-.125 6.5.438 5.938s1.563-.563 2.126 0l9 9c.562.562.624 1.5.062 2.062l-9.063 9.063c-.312.312-.687.437-1.062.437s-.75-.125-1.063-.438c-.562-.562-.562-1.562 0-2.125z\"><\/path><\/svg>\n\t\t<\/span>\n\t<\/a>\n<\/footer>\n\n<a  href=\"https:\/\/grupoazvinews.com\/en\/we-celebrate-world-day-for-safety-and-health-at-work\/\" class=\"lqd-lp-overlay-link lqd-overlay z-index-2\" tab-index=\"-1\"><\/a>\n<\/article><\/div><\/div><!--\/ .row --><\/div><!--\/ .lqd-lp-grid -->[\/vc_column][\/vc_row][vc_row full_width=&#8221;stretch_row&#8221; gap=&#8221;0&#8243; responsive_css=&#8221;padding_right_large:4em|padding_left_large:4em|padding_bottom_medium:20px&#8221; css=&#8221;.vc_custom_1699526768562{padding-bottom: 20px !important;}&#8221;][vc_column]<style>.ld_blog_6a9d281180ddd .lqd-lp-read-more{color:rgb(0, 57, 105);}.ld_blog_6a9d281180ddd:hover .lqd-lp-read-more{color:rgba(0, 57, 105, 0.7);}.ld_blog_6a9d281180ddd .lqd-lp-row{margin-inline-start:-15px;margin-inline-end:-15px;}.ld_blog_6a9d281180ddd .lqd-lp-column{padding-inline-start:15px;padding-inline-end:15px;margin-bottom:40px;}.ld_blog_6a9d281180ddd .lqd-lp .lqd-lp-title{margin-top:px !important;margin-bottom:px !important;}.ld_blog_6a9d281180ddd .lqd-lp .lqd-lp-title a{color:rgb(0, 57, 105);}<\/style><div class=\"lqd-lp-grid ld_blog_6a9d281180ddd lqd-1699526756200-c16cf31e-b9c4 \"><div class=\"lqd-lp-row row d-flex flex-wrap\"><div class=\"lqd-lp-column col-md-6 col-sm-6 infrastructure lqd-f-1130\"><article id=\"post-21285\" class=\"lqd-lp lqd-lp lqd-lp-style-16 pos-rel post-21285 post type-post status-publish format-standard has-post-thumbnail hentry category-infrastructure tag-azvi-en tag-urban-transport\">\n\n<div class=\"lqd-lp-img border-radius-4 overflow-hidden pos-rel mb-5\">\n\t<figure class=\"pos-rel bg-cover bg-center w-100\"><img loading=\"lazy\" decoding=\"async\" width=\"720\" height=\"400\" src=\"https:\/\/grupoazvinews.com\/wp-content\/uploads\/2026\/09\/1-1-720x400.jpeg\" class=\"w-100 wp-post-image\" alt=\"\" \/><\/figure><\/div>\n\n<header class=\"lqd-lp-header mb-3\">\n\t<h2 class=\"entry-title lqd-lp-title h5 m-0\"><a  href=\"https:\/\/grupoazvinews.com\/en\/azvi-begins-concreting-the-upper-slab-of-the-seville-metro-line-3-tunnel\/\" rel=\"bookmark\">Azvi begins concreting the upper slab of the Seville Metro Line 3 tunnel<\/a><\/h2><\/header>\n\n\t\t\t<div class=\"lqd-lp-excerpt mb-3\">\n\t\t\t\t\t\t\t<\/div><!-- \/.latest-post-excerpt -->\n\t\t\n<footer class=\"lqd-lp-footer pos-rel z-index-2 pt-1\">\n\t<a href=\"https:\/\/grupoazvinews.com\/en\/azvi-begins-concreting-the-upper-slab-of-the-seville-metro-line-3-tunnel\/\" class=\"btn btn-naked text-uppercase ltr-sp-1 size-sm font-weight-bold lqd-lp-read-more\">\n\t\t<span class=\"btn-line btn-line-before d-inline-block pos-rel\"><\/span>\n\t\t<span class=\"btn-txt d-inline-block\">Continue Reading<\/span>\n\t\t<span class=\"btn-line btn-line-after d-inline-block pos-rel\">\n\t\t\t<svg class=\"d-inline-block pos-abs\" xmlns=\"http:\/\/www.w3.org\/2000\/svg\" width=\"12\" height=\"32\" viewBox=\"0 0 12 32\" style=\"height: 2em;\"><path fill=\"currentColor\" d=\"M8.375 16L.437 8.062C-.125 7.5-.125 6.5.438 5.938s1.563-.563 2.126 0l9 9c.562.562.624 1.5.062 2.062l-9.063 9.063c-.312.312-.687.437-1.062.437s-.75-.125-1.063-.438c-.562-.562-.562-1.562 0-2.125z\"><\/path><\/svg>\n\t\t<\/span>\n\t<\/a>\n<\/footer>\n\n<a  href=\"https:\/\/grupoazvinews.com\/en\/azvi-begins-concreting-the-upper-slab-of-the-seville-metro-line-3-tunnel\/\" class=\"lqd-lp-overlay-link lqd-overlay z-index-2\" tab-index=\"-1\"><\/a>\n<\/article><\/div><div class=\"lqd-lp-column col-md-6 col-sm-6 infrastructure lqd-f-1130\"><article id=\"post-21274\" class=\"lqd-lp lqd-lp lqd-lp-style-16 pos-rel post-21274 post type-post status-publish format-standard has-post-thumbnail hentry category-infrastructure tag-urban-works tag-azvi-en\">\n\n<div class=\"lqd-lp-img border-radius-4 overflow-hidden pos-rel mb-5\">\n\t<figure class=\"pos-rel bg-cover bg-center w-100\"><img loading=\"lazy\" decoding=\"async\" width=\"720\" height=\"400\" src=\"https:\/\/grupoazvinews.com\/wp-content\/uploads\/2026\/09\/1-9-720x400.jpg\" class=\"w-100 wp-post-image\" alt=\"\" \/><\/figure><\/div>\n\n<header class=\"lqd-lp-header mb-3\">\n\t<h2 class=\"entry-title lqd-lp-title h5 m-0\"><a  href=\"https:\/\/grupoazvinews.com\/en\/two-projects-continuing-the-transformation-of-madrid-city-centre\/\" rel=\"bookmark\">Two projects continuing the transformation of Madrid city centre<\/a><\/h2><\/header>\n\n\t\t\t<div class=\"lqd-lp-excerpt mb-3\">\n\t\t\t\t\t\t\t<\/div><!-- \/.latest-post-excerpt -->\n\t\t\n<footer class=\"lqd-lp-footer pos-rel z-index-2 pt-1\">\n\t<a href=\"https:\/\/grupoazvinews.com\/en\/two-projects-continuing-the-transformation-of-madrid-city-centre\/\" class=\"btn btn-naked text-uppercase ltr-sp-1 size-sm font-weight-bold lqd-lp-read-more\">\n\t\t<span class=\"btn-line btn-line-before d-inline-block pos-rel\"><\/span>\n\t\t<span class=\"btn-txt d-inline-block\">Continue Reading<\/span>\n\t\t<span class=\"btn-line btn-line-after d-inline-block pos-rel\">\n\t\t\t<svg class=\"d-inline-block pos-abs\" xmlns=\"http:\/\/www.w3.org\/2000\/svg\" width=\"12\" height=\"32\" viewBox=\"0 0 12 32\" style=\"height: 2em;\"><path fill=\"currentColor\" d=\"M8.375 16L.437 8.062C-.125 7.5-.125 6.5.438 5.938s1.563-.563 2.126 0l9 9c.562.562.624 1.5.062 2.062l-9.063 9.063c-.312.312-.687.437-1.062.437s-.75-.125-1.063-.438c-.562-.562-.562-1.562 0-2.125z\"><\/path><\/svg>\n\t\t<\/span>\n\t<\/a>\n<\/footer>\n\n<a  href=\"https:\/\/grupoazvinews.com\/en\/two-projects-continuing-the-transformation-of-madrid-city-centre\/\" class=\"lqd-lp-overlay-link lqd-overlay z-index-2\" tab-index=\"-1\"><\/a>\n<\/article><\/div><div class=\"lqd-lp-column col-md-6 col-sm-6 infrastructure lqd-f-1130 concessions lqd-f-1155\"><article id=\"post-21258\" class=\"lqd-lp lqd-lp lqd-lp-style-16 pos-rel post-21258 post type-post status-publish format-standard has-post-thumbnail hentry category-infrastructure category-concessions tag-azvi-en tag-cointer-en\">\n\n<div class=\"lqd-lp-img border-radius-4 overflow-hidden pos-rel mb-5\">\n\t<figure class=\"pos-rel bg-cover bg-center w-100\"><img loading=\"lazy\" decoding=\"async\" width=\"720\" height=\"400\" src=\"https:\/\/grupoazvinews.com\/wp-content\/uploads\/2026\/08\/2-5-720x400.jpg\" class=\"w-100 wp-post-image\" alt=\"\" \/><\/figure><\/div>\n\n<header class=\"lqd-lp-header mb-3\">\n\t<h2 class=\"entry-title lqd-lp-title h5 m-0\"><a  href=\"https:\/\/grupoazvinews.com\/en\/new-terminal-at-balmaceda-airport-inaugurated-in-chile\/\" rel=\"bookmark\">New terminal at Balmaceda Airport inaugurated in Chile<\/a><\/h2><\/header>\n\n\t\t\t<div class=\"lqd-lp-excerpt mb-3\">\n\t\t\t\t\t\t\t<\/div><!-- \/.latest-post-excerpt -->\n\t\t\n<footer class=\"lqd-lp-footer pos-rel z-index-2 pt-1\">\n\t<a href=\"https:\/\/grupoazvinews.com\/en\/new-terminal-at-balmaceda-airport-inaugurated-in-chile\/\" class=\"btn btn-naked text-uppercase ltr-sp-1 size-sm font-weight-bold lqd-lp-read-more\">\n\t\t<span class=\"btn-line btn-line-before d-inline-block pos-rel\"><\/span>\n\t\t<span class=\"btn-txt d-inline-block\">Continue Reading<\/span>\n\t\t<span class=\"btn-line btn-line-after d-inline-block pos-rel\">\n\t\t\t<svg class=\"d-inline-block pos-abs\" xmlns=\"http:\/\/www.w3.org\/2000\/svg\" width=\"12\" height=\"32\" viewBox=\"0 0 12 32\" style=\"height: 2em;\"><path fill=\"currentColor\" d=\"M8.375 16L.437 8.062C-.125 7.5-.125 6.5.438 5.938s1.563-.563 2.126 0l9 9c.562.562.624 1.5.062 2.062l-9.063 9.063c-.312.312-.687.437-1.062.437s-.75-.125-1.063-.438c-.562-.562-.562-1.562 0-2.125z\"><\/path><\/svg>\n\t\t<\/span>\n\t<\/a>\n<\/footer>\n\n<a  href=\"https:\/\/grupoazvinews.com\/en\/new-terminal-at-balmaceda-airport-inaugurated-in-chile\/\" class=\"lqd-lp-overlay-link lqd-overlay z-index-2\" tab-index=\"-1\"><\/a>\n<\/article><\/div><div class=\"lqd-lp-column col-md-6 col-sm-6 infrastructure lqd-f-1130 railway lqd-f-1127\"><article id=\"post-21196\" class=\"lqd-lp lqd-lp lqd-lp-style-16 pos-rel post-21196 post type-post status-publish format-standard has-post-thumbnail hentry category-infrastructure category-railway tag-conventional-rail tag-construcciones-urales-en\">\n\n<div class=\"lqd-lp-img border-radius-4 overflow-hidden pos-rel mb-5\">\n\t<figure class=\"pos-rel bg-cover bg-center w-100\"><img loading=\"lazy\" decoding=\"async\" width=\"720\" height=\"400\" src=\"https:\/\/grupoazvinews.com\/wp-content\/uploads\/2026\/08\/0-720x400.jpeg\" class=\"w-100 wp-post-image\" alt=\"\" \/><\/figure><\/div>\n\n<header class=\"lqd-lp-header mb-3\">\n\t<h2 class=\"entry-title lqd-lp-title h5 m-0\"><a  href=\"https:\/\/grupoazvinews.com\/en\/see-how-track-is-installed-on-a-steel-bridge\/\" rel=\"bookmark\">See how track is installed on a steel bridge<\/a><\/h2><\/header>\n\n\t\t\t<div class=\"lqd-lp-excerpt mb-3\">\n\t\t\t\t\t\t\t<\/div><!-- \/.latest-post-excerpt -->\n\t\t\n<footer class=\"lqd-lp-footer pos-rel z-index-2 pt-1\">\n\t<a href=\"https:\/\/grupoazvinews.com\/en\/see-how-track-is-installed-on-a-steel-bridge\/\" class=\"btn btn-naked text-uppercase ltr-sp-1 size-sm font-weight-bold lqd-lp-read-more\">\n\t\t<span class=\"btn-line btn-line-before d-inline-block pos-rel\"><\/span>\n\t\t<span class=\"btn-txt d-inline-block\">Continue Reading<\/span>\n\t\t<span class=\"btn-line btn-line-after d-inline-block pos-rel\">\n\t\t\t<svg class=\"d-inline-block pos-abs\" xmlns=\"http:\/\/www.w3.org\/2000\/svg\" width=\"12\" height=\"32\" viewBox=\"0 0 12 32\" style=\"height: 2em;\"><path fill=\"currentColor\" d=\"M8.375 16L.437 8.062C-.125 7.5-.125 6.5.438 5.938s1.563-.563 2.126 0l9 9c.562.562.624 1.5.062 2.062l-9.063 9.063c-.312.312-.687.437-1.062.437s-.75-.125-1.063-.438c-.562-.562-.562-1.562 0-2.125z\"><\/path><\/svg>\n\t\t<\/span>\n\t<\/a>\n<\/footer>\n\n<a  href=\"https:\/\/grupoazvinews.com\/en\/see-how-track-is-installed-on-a-steel-bridge\/\" class=\"lqd-lp-overlay-link lqd-overlay z-index-2\" tab-index=\"-1\"><\/a>\n<\/article><\/div><div class=\"lqd-lp-column col-md-6 col-sm-6 railway lqd-f-1127 infrastructure lqd-f-1130\"><article id=\"post-21172\" class=\"lqd-lp lqd-lp lqd-lp-style-16 pos-rel post-21172 post type-post status-publish format-standard has-post-thumbnail hentry category-railway category-infrastructure tag-azvi-en tag-innovation\">\n\n<div class=\"lqd-lp-img border-radius-4 overflow-hidden pos-rel mb-5\">\n\t<figure class=\"pos-rel bg-cover bg-center w-100\"><img loading=\"lazy\" decoding=\"async\" width=\"720\" height=\"400\" src=\"https:\/\/grupoazvinews.com\/wp-content\/uploads\/2026\/08\/img143-720x400.jpg\" class=\"w-100 wp-post-image\" alt=\"\" \/><\/figure><\/div>\n\n<header class=\"lqd-lp-header mb-3\">\n\t<h2 class=\"entry-title lqd-lp-title h5 m-0\"><a  href=\"https:\/\/grupoazvinews.com\/en\/works-on-the-ogi-axle-gauge-changer-at-irun-station-completed\/\" rel=\"bookmark\">Works on the OGI axle gauge changer at Ir\u00fan station completed<\/a><\/h2><\/header>\n\n\t\t\t<div class=\"lqd-lp-excerpt mb-3\">\n\t\t\t\t\t\t\t<\/div><!-- \/.latest-post-excerpt -->\n\t\t\n<footer class=\"lqd-lp-footer pos-rel z-index-2 pt-1\">\n\t<a href=\"https:\/\/grupoazvinews.com\/en\/works-on-the-ogi-axle-gauge-changer-at-irun-station-completed\/\" class=\"btn btn-naked text-uppercase ltr-sp-1 size-sm font-weight-bold lqd-lp-read-more\">\n\t\t<span class=\"btn-line btn-line-before d-inline-block pos-rel\"><\/span>\n\t\t<span class=\"btn-txt d-inline-block\">Continue Reading<\/span>\n\t\t<span class=\"btn-line btn-line-after d-inline-block pos-rel\">\n\t\t\t<svg class=\"d-inline-block pos-abs\" xmlns=\"http:\/\/www.w3.org\/2000\/svg\" width=\"12\" height=\"32\" viewBox=\"0 0 12 32\" style=\"height: 2em;\"><path fill=\"currentColor\" d=\"M8.375 16L.437 8.062C-.125 7.5-.125 6.5.438 5.938s1.563-.563 2.126 0l9 9c.562.562.624 1.5.062 2.062l-9.063 9.063c-.312.312-.687.437-1.062.437s-.75-.125-1.063-.438c-.562-.562-.562-1.562 0-2.125z\"><\/path><\/svg>\n\t\t<\/span>\n\t<\/a>\n<\/footer>\n\n<a  href=\"https:\/\/grupoazvinews.com\/en\/works-on-the-ogi-axle-gauge-changer-at-irun-station-completed\/\" class=\"lqd-lp-overlay-link lqd-overlay z-index-2\" tab-index=\"-1\"><\/a>\n<\/article><\/div><div class=\"lqd-lp-column col-md-6 col-sm-6 railway lqd-f-1127 infrastructure lqd-f-1130\"><article id=\"post-21154\" class=\"lqd-lp lqd-lp lqd-lp-style-16 pos-rel post-21154 post type-post status-publish format-standard has-post-thumbnail hentry category-railway category-infrastructure tag-azvi-en tag-high-speed\">\n\n<div class=\"lqd-lp-img border-radius-4 overflow-hidden pos-rel mb-5\">\n\t<figure class=\"pos-rel bg-cover bg-center w-100\"><img loading=\"lazy\" decoding=\"async\" width=\"720\" height=\"400\" src=\"https:\/\/grupoazvinews.com\/wp-content\/uploads\/2026\/08\/Captura-de-pantalla-2026-08-05-113041-720x400.png\" class=\"w-100 wp-post-image\" alt=\"\" \/><\/figure><\/div>\n\n<header class=\"lqd-lp-header mb-3\">\n\t<h2 class=\"entry-title lqd-lp-title h5 m-0\"><a  href=\"https:\/\/grupoazvinews.com\/en\/transforming-madrid-chamartin-clara-campoamor-station\/\" rel=\"bookmark\">Transforming Madrid Chamart\u00edn-Clara Campoamor Station<\/a><\/h2><\/header>\n\n\t\t\t<div class=\"lqd-lp-excerpt mb-3\">\n\t\t\t\t\t\t\t<\/div><!-- \/.latest-post-excerpt -->\n\t\t\n<footer class=\"lqd-lp-footer pos-rel z-index-2 pt-1\">\n\t<a href=\"https:\/\/grupoazvinews.com\/en\/transforming-madrid-chamartin-clara-campoamor-station\/\" class=\"btn btn-naked text-uppercase ltr-sp-1 size-sm font-weight-bold lqd-lp-read-more\">\n\t\t<span class=\"btn-line btn-line-before d-inline-block pos-rel\"><\/span>\n\t\t<span class=\"btn-txt d-inline-block\">Continue Reading<\/span>\n\t\t<span class=\"btn-line btn-line-after d-inline-block pos-rel\">\n\t\t\t<svg class=\"d-inline-block pos-abs\" xmlns=\"http:\/\/www.w3.org\/2000\/svg\" width=\"12\" height=\"32\" viewBox=\"0 0 12 32\" style=\"height: 2em;\"><path fill=\"currentColor\" d=\"M8.375 16L.437 8.062C-.125 7.5-.125 6.5.438 5.938s1.563-.563 2.126 0l9 9c.562.562.624 1.5.062 2.062l-9.063 9.063c-.312.312-.687.437-1.062.437s-.75-.125-1.063-.438c-.562-.562-.562-1.562 0-2.125z\"><\/path><\/svg>\n\t\t<\/span>\n\t<\/a>\n<\/footer>\n\n<a  href=\"https:\/\/grupoazvinews.com\/en\/transforming-madrid-chamartin-clara-campoamor-station\/\" class=\"lqd-lp-overlay-link lqd-overlay z-index-2\" tab-index=\"-1\"><\/a>\n<\/article><\/div><div class=\"lqd-lp-column col-md-6 col-sm-6 infrastructure lqd-f-1130\"><article id=\"post-21132\" class=\"lqd-lp lqd-lp lqd-lp-style-16 pos-rel post-21132 post type-post status-publish format-standard has-post-thumbnail hentry category-infrastructure tag-azvi-en tag-high-speed\">\n\n<div class=\"lqd-lp-img border-radius-4 overflow-hidden pos-rel mb-5\">\n\t<figure class=\"pos-rel bg-cover bg-center w-100\"><img loading=\"lazy\" decoding=\"async\" width=\"720\" height=\"400\" src=\"https:\/\/grupoazvinews.com\/wp-content\/uploads\/2026\/07\/1-copia-720x400.jpg\" class=\"w-100 wp-post-image\" alt=\"\" \/><\/figure><\/div>\n\n<header class=\"lqd-lp-header mb-3\">\n\t<h2 class=\"entry-title lqd-lp-title h5 m-0\"><a  href=\"https:\/\/grupoazvinews.com\/en\/torre-pacheco-railway-bypass-now-in-service\/\" rel=\"bookmark\">Torre Pacheco Railway Bypass Now in Service<\/a><\/h2><\/header>\n\n\t\t\t<div class=\"lqd-lp-excerpt mb-3\">\n\t\t\t\t\t\t\t<\/div><!-- \/.latest-post-excerpt -->\n\t\t\n<footer class=\"lqd-lp-footer pos-rel z-index-2 pt-1\">\n\t<a href=\"https:\/\/grupoazvinews.com\/en\/torre-pacheco-railway-bypass-now-in-service\/\" class=\"btn btn-naked text-uppercase ltr-sp-1 size-sm font-weight-bold lqd-lp-read-more\">\n\t\t<span class=\"btn-line btn-line-before d-inline-block pos-rel\"><\/span>\n\t\t<span class=\"btn-txt d-inline-block\">Continue Reading<\/span>\n\t\t<span class=\"btn-line btn-line-after d-inline-block pos-rel\">\n\t\t\t<svg class=\"d-inline-block pos-abs\" xmlns=\"http:\/\/www.w3.org\/2000\/svg\" width=\"12\" height=\"32\" viewBox=\"0 0 12 32\" style=\"height: 2em;\"><path fill=\"currentColor\" d=\"M8.375 16L.437 8.062C-.125 7.5-.125 6.5.438 5.938s1.563-.563 2.126 0l9 9c.562.562.624 1.5.062 2.062l-9.063 9.063c-.312.312-.687.437-1.062.437s-.75-.125-1.063-.438c-.562-.562-.562-1.562 0-2.125z\"><\/path><\/svg>\n\t\t<\/span>\n\t<\/a>\n<\/footer>\n\n<a  href=\"https:\/\/grupoazvinews.com\/en\/torre-pacheco-railway-bypass-now-in-service\/\" class=\"lqd-lp-overlay-link lqd-overlay z-index-2\" tab-index=\"-1\"><\/a>\n<\/article><\/div><div class=\"lqd-lp-column col-md-6 col-sm-6 infrastructure lqd-f-1130\"><article id=\"post-21088\" class=\"lqd-lp lqd-lp lqd-lp-style-16 pos-rel post-21088 post type-post status-publish format-standard has-post-thumbnail hentry category-infrastructure tag-azvi-en tag-urban-transport\">\n\n<div class=\"lqd-lp-img border-radius-4 overflow-hidden pos-rel mb-5\">\n\t<figure class=\"pos-rel bg-cover bg-center w-100\"><img loading=\"lazy\" decoding=\"async\" width=\"720\" height=\"400\" src=\"https:\/\/grupoazvinews.com\/wp-content\/uploads\/2026\/07\/WhatsApp-Image-2026-07-17-at-12.52.05-2-720x400.jpeg\" class=\"w-100 wp-post-image\" alt=\"\" \/><\/figure><\/div>\n\n<header class=\"lqd-lp-header mb-3\">\n\t<h2 class=\"entry-title lqd-lp-title h5 m-0\"><a  href=\"https:\/\/grupoazvinews.com\/en\/san-sebastian-metro-official-inauguration-of-the-new-altza-galtzaraborda-section-built-by-azvi\/\" rel=\"bookmark\">San Sebasti\u00e1n Metro: Official inauguration of the new Altza-Galtzaraborda section built by Azvi<\/a><\/h2><\/header>\n\n\t\t\t<div class=\"lqd-lp-excerpt mb-3\">\n\t\t\t\t\t\t\t<\/div><!-- \/.latest-post-excerpt -->\n\t\t\n<footer class=\"lqd-lp-footer pos-rel z-index-2 pt-1\">\n\t<a href=\"https:\/\/grupoazvinews.com\/en\/san-sebastian-metro-official-inauguration-of-the-new-altza-galtzaraborda-section-built-by-azvi\/\" class=\"btn btn-naked text-uppercase ltr-sp-1 size-sm font-weight-bold lqd-lp-read-more\">\n\t\t<span class=\"btn-line btn-line-before d-inline-block pos-rel\"><\/span>\n\t\t<span class=\"btn-txt d-inline-block\">Continue Reading<\/span>\n\t\t<span class=\"btn-line btn-line-after d-inline-block pos-rel\">\n\t\t\t<svg class=\"d-inline-block pos-abs\" xmlns=\"http:\/\/www.w3.org\/2000\/svg\" width=\"12\" height=\"32\" viewBox=\"0 0 12 32\" style=\"height: 2em;\"><path fill=\"currentColor\" d=\"M8.375 16L.437 8.062C-.125 7.5-.125 6.5.438 5.938s1.563-.563 2.126 0l9 9c.562.562.624 1.5.062 2.062l-9.063 9.063c-.312.312-.687.437-1.062.437s-.75-.125-1.063-.438c-.562-.562-.562-1.562 0-2.125z\"><\/path><\/svg>\n\t\t<\/span>\n\t<\/a>\n<\/footer>\n\n<a  href=\"https:\/\/grupoazvinews.com\/en\/san-sebastian-metro-official-inauguration-of-the-new-altza-galtzaraborda-section-built-by-azvi\/\" class=\"lqd-lp-overlay-link lqd-overlay z-index-2\" tab-index=\"-1\"><\/a>\n<\/article><\/div><div class=\"lqd-lp-column col-md-6 col-sm-6 infrastructure lqd-f-1130\"><article id=\"post-21046\" class=\"lqd-lp lqd-lp lqd-lp-style-16 pos-rel post-21046 post type-post status-publish format-standard has-post-thumbnail hentry category-infrastructure tag-azvi-en tag-urban-transport\">\n\n<div class=\"lqd-lp-img border-radius-4 overflow-hidden pos-rel mb-5\">\n\t<figure class=\"pos-rel bg-cover bg-center w-100\"><img loading=\"lazy\" decoding=\"async\" width=\"720\" height=\"400\" src=\"https:\/\/grupoazvinews.com\/wp-content\/uploads\/2026\/07\/Coralina-1-e1783593827224-720x400.jpg\" class=\"w-100 wp-post-image\" alt=\"\" \/><\/figure><\/div>\n\n<header class=\"lqd-lp-header mb-3\">\n\t<h2 class=\"entry-title lqd-lp-title h5 m-0\"><a  href=\"https:\/\/grupoazvinews.com\/en\/azvi-installs-the-coralina-at-pasaia-station\/\" rel=\"bookmark\">Azvi installs the \u201cCoralina\u201d at Pasaia Station<\/a><\/h2><\/header>\n\n\t\t\t<div class=\"lqd-lp-excerpt mb-3\">\n\t\t\t\t\t\t\t<\/div><!-- \/.latest-post-excerpt -->\n\t\t\n<footer class=\"lqd-lp-footer pos-rel z-index-2 pt-1\">\n\t<a href=\"https:\/\/grupoazvinews.com\/en\/azvi-installs-the-coralina-at-pasaia-station\/\" class=\"btn btn-naked text-uppercase ltr-sp-1 size-sm font-weight-bold lqd-lp-read-more\">\n\t\t<span class=\"btn-line btn-line-before d-inline-block pos-rel\"><\/span>\n\t\t<span class=\"btn-txt d-inline-block\">Continue Reading<\/span>\n\t\t<span class=\"btn-line btn-line-after d-inline-block pos-rel\">\n\t\t\t<svg class=\"d-inline-block pos-abs\" xmlns=\"http:\/\/www.w3.org\/2000\/svg\" width=\"12\" height=\"32\" viewBox=\"0 0 12 32\" style=\"height: 2em;\"><path fill=\"currentColor\" d=\"M8.375 16L.437 8.062C-.125 7.5-.125 6.5.438 5.938s1.563-.563 2.126 0l9 9c.562.562.624 1.5.062 2.062l-9.063 9.063c-.312.312-.687.437-1.062.437s-.75-.125-1.063-.438c-.562-.562-.562-1.562 0-2.125z\"><\/path><\/svg>\n\t\t<\/span>\n\t<\/a>\n<\/footer>\n\n<a  href=\"https:\/\/grupoazvinews.com\/en\/azvi-installs-the-coralina-at-pasaia-station\/\" class=\"lqd-lp-overlay-link lqd-overlay z-index-2\" tab-index=\"-1\"><\/a>\n<\/article><\/div><div class=\"lqd-lp-column col-md-6 col-sm-6 infrastructure lqd-f-1130\"><article id=\"post-21022\" class=\"lqd-lp lqd-lp lqd-lp-style-16 pos-rel post-21022 post type-post status-publish format-standard has-post-thumbnail hentry category-infrastructure tag-azvi-en tag-urban-transport\">\n\n<div class=\"lqd-lp-img border-radius-4 overflow-hidden pos-rel mb-5\">\n\t<figure class=\"pos-rel bg-cover bg-center w-100\"><img loading=\"lazy\" decoding=\"async\" width=\"720\" height=\"400\" src=\"https:\/\/grupoazvinews.com\/wp-content\/uploads\/2026\/07\/Malbild_v1.0_GottsundaAlle_Backlosa-720x400.jpg\" class=\"w-100 wp-post-image\" alt=\"\" \/><\/figure><\/div>\n\n<header class=\"lqd-lp-header mb-3\">\n\t<h2 class=\"entry-title lqd-lp-title h5 m-0\"><a  href=\"https:\/\/grupoazvinews.com\/en\/azvi-begins-phase-2-of-the-uppsala-tramway-in-sweden\/\" rel=\"bookmark\">Azvi begins Phase 2 of the Uppsala Tramway in Sweden<\/a><\/h2><\/header>\n\n\t\t\t<div class=\"lqd-lp-excerpt mb-3\">\n\t\t\t\t\t\t\t<\/div><!-- \/.latest-post-excerpt -->\n\t\t\n<footer class=\"lqd-lp-footer pos-rel z-index-2 pt-1\">\n\t<a href=\"https:\/\/grupoazvinews.com\/en\/azvi-begins-phase-2-of-the-uppsala-tramway-in-sweden\/\" class=\"btn btn-naked text-uppercase ltr-sp-1 size-sm font-weight-bold lqd-lp-read-more\">\n\t\t<span class=\"btn-line btn-line-before d-inline-block pos-rel\"><\/span>\n\t\t<span class=\"btn-txt d-inline-block\">Continue Reading<\/span>\n\t\t<span class=\"btn-line btn-line-after d-inline-block pos-rel\">\n\t\t\t<svg class=\"d-inline-block pos-abs\" xmlns=\"http:\/\/www.w3.org\/2000\/svg\" width=\"12\" height=\"32\" viewBox=\"0 0 12 32\" style=\"height: 2em;\"><path fill=\"currentColor\" d=\"M8.375 16L.437 8.062C-.125 7.5-.125 6.5.438 5.938s1.563-.563 2.126 0l9 9c.562.562.624 1.5.062 2.062l-9.063 9.063c-.312.312-.687.437-1.062.437s-.75-.125-1.063-.438c-.562-.562-.562-1.562 0-2.125z\"><\/path><\/svg>\n\t\t<\/span>\n\t<\/a>\n<\/footer>\n\n<a  href=\"https:\/\/grupoazvinews.com\/en\/azvi-begins-phase-2-of-the-uppsala-tramway-in-sweden\/\" class=\"lqd-lp-overlay-link lqd-overlay z-index-2\" tab-index=\"-1\"><\/a>\n<\/article><\/div><div class=\"lqd-lp-column col-md-6 col-sm-6 railway lqd-f-1127 infrastructure lqd-f-1130\"><article id=\"post-20998\" class=\"lqd-lp lqd-lp lqd-lp-style-16 pos-rel post-20998 post type-post status-publish format-standard has-post-thumbnail hentry category-railway category-infrastructure tag-azvi-en\">\n\n<div class=\"lqd-lp-img border-radius-4 overflow-hidden pos-rel mb-5\">\n\t<figure class=\"pos-rel bg-cover bg-center w-100\"><img loading=\"lazy\" decoding=\"async\" width=\"720\" height=\"400\" src=\"https:\/\/grupoazvinews.com\/wp-content\/uploads\/2026\/06\/image00003-720x400.jpeg\" class=\"w-100 wp-post-image\" alt=\"\" \/><\/figure><\/div>\n\n<header class=\"lqd-lp-header mb-3\">\n\t<h2 class=\"entry-title lqd-lp-title h5 m-0\"><a  href=\"https:\/\/grupoazvinews.com\/en\/azvi-completes-the-track-renewal-of-the-calanas-peguerillas-section-of-the-zafra-huelva-line\/\" rel=\"bookmark\">Azvi completes the track renewal of the Cala\u00f1as\u2013Peguerillas section of the Zafra\u2013Huelva line<\/a><\/h2><\/header>\n\n\t\t\t<div class=\"lqd-lp-excerpt mb-3\">\n\t\t\t\t\t\t\t<\/div><!-- \/.latest-post-excerpt -->\n\t\t\n<footer class=\"lqd-lp-footer pos-rel z-index-2 pt-1\">\n\t<a href=\"https:\/\/grupoazvinews.com\/en\/azvi-completes-the-track-renewal-of-the-calanas-peguerillas-section-of-the-zafra-huelva-line\/\" class=\"btn btn-naked text-uppercase ltr-sp-1 size-sm font-weight-bold lqd-lp-read-more\">\n\t\t<span class=\"btn-line btn-line-before d-inline-block pos-rel\"><\/span>\n\t\t<span class=\"btn-txt d-inline-block\">Continue Reading<\/span>\n\t\t<span class=\"btn-line btn-line-after d-inline-block pos-rel\">\n\t\t\t<svg class=\"d-inline-block pos-abs\" xmlns=\"http:\/\/www.w3.org\/2000\/svg\" width=\"12\" height=\"32\" viewBox=\"0 0 12 32\" style=\"height: 2em;\"><path fill=\"currentColor\" d=\"M8.375 16L.437 8.062C-.125 7.5-.125 6.5.438 5.938s1.563-.563 2.126 0l9 9c.562.562.624 1.5.062 2.062l-9.063 9.063c-.312.312-.687.437-1.062.437s-.75-.125-1.063-.438c-.562-.562-.562-1.562 0-2.125z\"><\/path><\/svg>\n\t\t<\/span>\n\t<\/a>\n<\/footer>\n\n<a  href=\"https:\/\/grupoazvinews.com\/en\/azvi-completes-the-track-renewal-of-the-calanas-peguerillas-section-of-the-zafra-huelva-line\/\" class=\"lqd-lp-overlay-link lqd-overlay z-index-2\" tab-index=\"-1\"><\/a>\n<\/article><\/div><div class=\"lqd-lp-column col-md-6 col-sm-6 sustainability lqd-f-1125 infrastructure lqd-f-1130\"><article id=\"post-21019\" class=\"lqd-lp lqd-lp lqd-lp-style-16 pos-rel post-21019 post type-post status-publish format-standard has-post-thumbnail hentry category-sustainability category-infrastructure tag-grupo-azvi-en\">\n\n<div class=\"lqd-lp-img border-radius-4 overflow-hidden pos-rel mb-5\">\n\t<figure class=\"pos-rel bg-cover bg-center w-100\"><img loading=\"lazy\" decoding=\"async\" width=\"720\" height=\"400\" src=\"https:\/\/grupoazvinews.com\/wp-content\/uploads\/2026\/06\/MG_4091-720x400.jpg\" class=\"w-100 wp-post-image\" alt=\"\" \/><\/figure><\/div>\n\n<header class=\"lqd-lp-header mb-3\">\n\t<h2 class=\"entry-title lqd-lp-title h5 m-0\"><a  href=\"https:\/\/grupoazvinews.com\/en\/grupo-azvi-exceeds-e1-billion-in-revenue-for-the-third-consecutive-year-and-reaches-an-ebitda-of-e72-million\/\" rel=\"bookmark\">Grupo Azvi exceeds \u20ac1 billion in revenue for the third consecutive year and reaches an EBITDA of \u20ac72 million<\/a><\/h2><\/header>\n\n\t\t\t<div class=\"lqd-lp-excerpt mb-3\">\n\t\t\t\t\t\t\t<\/div><!-- \/.latest-post-excerpt -->\n\t\t\n<footer class=\"lqd-lp-footer pos-rel z-index-2 pt-1\">\n\t<a href=\"https:\/\/grupoazvinews.com\/en\/grupo-azvi-exceeds-e1-billion-in-revenue-for-the-third-consecutive-year-and-reaches-an-ebitda-of-e72-million\/\" class=\"btn btn-naked text-uppercase ltr-sp-1 size-sm font-weight-bold lqd-lp-read-more\">\n\t\t<span class=\"btn-line btn-line-before d-inline-block pos-rel\"><\/span>\n\t\t<span class=\"btn-txt d-inline-block\">Continue Reading<\/span>\n\t\t<span class=\"btn-line btn-line-after d-inline-block pos-rel\">\n\t\t\t<svg class=\"d-inline-block pos-abs\" xmlns=\"http:\/\/www.w3.org\/2000\/svg\" width=\"12\" height=\"32\" viewBox=\"0 0 12 32\" style=\"height: 2em;\"><path fill=\"currentColor\" d=\"M8.375 16L.437 8.062C-.125 7.5-.125 6.5.438 5.938s1.563-.563 2.126 0l9 9c.562.562.624 1.5.062 2.062l-9.063 9.063c-.312.312-.687.437-1.062.437s-.75-.125-1.063-.438c-.562-.562-.562-1.562 0-2.125z\"><\/path><\/svg>\n\t\t<\/span>\n\t<\/a>\n<\/footer>\n\n<a  href=\"https:\/\/grupoazvinews.com\/en\/grupo-azvi-exceeds-e1-billion-in-revenue-for-the-third-consecutive-year-and-reaches-an-ebitda-of-e72-million\/\" class=\"lqd-lp-overlay-link lqd-overlay z-index-2\" tab-index=\"-1\"><\/a>\n<\/article><\/div><div class=\"lqd-lp-column col-md-6 col-sm-6 sustainability lqd-f-1125 infrastructure lqd-f-1130\"><article id=\"post-20971\" class=\"lqd-lp lqd-lp lqd-lp-style-16 pos-rel post-20971 post type-post status-publish format-standard has-post-thumbnail hentry category-sustainability category-infrastructure tag-grupo-azvi-en tag-azvi-en\">\n\n<div class=\"lqd-lp-img border-radius-4 overflow-hidden pos-rel mb-5\">\n\t<figure class=\"pos-rel bg-cover bg-center w-100\"><img loading=\"lazy\" decoding=\"async\" width=\"720\" height=\"400\" src=\"https:\/\/grupoazvinews.com\/wp-content\/uploads\/2026\/06\/18.-Montaje-en-pared-1-720x400.jpg\" class=\"w-100 wp-post-image\" alt=\"\" \/><\/figure><\/div>\n\n<header class=\"lqd-lp-header mb-3\">\n\t<h2 class=\"entry-title lqd-lp-title h5 m-0\"><a  href=\"https:\/\/grupoazvinews.com\/en\/azvi-participates-in-the-restoration-of-the-historic-mosaics-at-chamartin-station\/\" rel=\"bookmark\">Azvi participates in the restoration of the historic mosaics at Chamart\u00edn Station<\/a><\/h2><\/header>\n\n\t\t\t<div class=\"lqd-lp-excerpt mb-3\">\n\t\t\t\t\t\t\t<\/div><!-- \/.latest-post-excerpt -->\n\t\t\n<footer class=\"lqd-lp-footer pos-rel z-index-2 pt-1\">\n\t<a href=\"https:\/\/grupoazvinews.com\/en\/azvi-participates-in-the-restoration-of-the-historic-mosaics-at-chamartin-station\/\" class=\"btn btn-naked text-uppercase ltr-sp-1 size-sm font-weight-bold lqd-lp-read-more\">\n\t\t<span class=\"btn-line btn-line-before d-inline-block pos-rel\"><\/span>\n\t\t<span class=\"btn-txt d-inline-block\">Continue Reading<\/span>\n\t\t<span class=\"btn-line btn-line-after d-inline-block pos-rel\">\n\t\t\t<svg class=\"d-inline-block pos-abs\" xmlns=\"http:\/\/www.w3.org\/2000\/svg\" width=\"12\" height=\"32\" viewBox=\"0 0 12 32\" style=\"height: 2em;\"><path fill=\"currentColor\" d=\"M8.375 16L.437 8.062C-.125 7.5-.125 6.5.438 5.938s1.563-.563 2.126 0l9 9c.562.562.624 1.5.062 2.062l-9.063 9.063c-.312.312-.687.437-1.062.437s-.75-.125-1.063-.438c-.562-.562-.562-1.562 0-2.125z\"><\/path><\/svg>\n\t\t<\/span>\n\t<\/a>\n<\/footer>\n\n<a  href=\"https:\/\/grupoazvinews.com\/en\/azvi-participates-in-the-restoration-of-the-historic-mosaics-at-chamartin-station\/\" class=\"lqd-lp-overlay-link lqd-overlay z-index-2\" tab-index=\"-1\"><\/a>\n<\/article><\/div><div class=\"lqd-lp-column col-md-6 col-sm-6 sustainability lqd-f-1125 infrastructure lqd-f-1130\"><article id=\"post-20963\" class=\"lqd-lp lqd-lp lqd-lp-style-16 pos-rel post-20963 post type-post status-publish format-standard has-post-thumbnail hentry category-sustainability category-infrastructure tag-grupo-azvi-en tag-construcciones-urales-en tag-urban-transport\">\n\n<div class=\"lqd-lp-img border-radius-4 overflow-hidden pos-rel mb-5\">\n\t<figure class=\"pos-rel bg-cover bg-center w-100\"><img loading=\"lazy\" decoding=\"async\" width=\"720\" height=\"400\" src=\"https:\/\/grupoazvinews.com\/wp-content\/uploads\/2026\/06\/IMCA-01-02-720x400.jpg\" class=\"w-100 wp-post-image\" alt=\"\" \/><\/figure><\/div>\n\n<header class=\"lqd-lp-header mb-3\">\n\t<h2 class=\"entry-title lqd-lp-title h5 m-0\"><a  href=\"https:\/\/grupoazvinews.com\/en\/construcciones-urales-chalco-santa-marta-trolleybus-recognised-at-the-imca-awards\/\" rel=\"bookmark\">Construcciones Urales\u2019 Chalco\u2013Santa Marta Trolleybus Recognised at the IMCA Awards<\/a><\/h2><\/header>\n\n\t\t\t<div class=\"lqd-lp-excerpt mb-3\">\n\t\t\t\t\t\t\t<\/div><!-- \/.latest-post-excerpt -->\n\t\t\n<footer class=\"lqd-lp-footer pos-rel z-index-2 pt-1\">\n\t<a href=\"https:\/\/grupoazvinews.com\/en\/construcciones-urales-chalco-santa-marta-trolleybus-recognised-at-the-imca-awards\/\" class=\"btn btn-naked text-uppercase ltr-sp-1 size-sm font-weight-bold lqd-lp-read-more\">\n\t\t<span class=\"btn-line btn-line-before d-inline-block pos-rel\"><\/span>\n\t\t<span class=\"btn-txt d-inline-block\">Continue Reading<\/span>\n\t\t<span class=\"btn-line btn-line-after d-inline-block pos-rel\">\n\t\t\t<svg class=\"d-inline-block pos-abs\" xmlns=\"http:\/\/www.w3.org\/2000\/svg\" width=\"12\" height=\"32\" viewBox=\"0 0 12 32\" style=\"height: 2em;\"><path fill=\"currentColor\" d=\"M8.375 16L.437 8.062C-.125 7.5-.125 6.5.438 5.938s1.563-.563 2.126 0l9 9c.562.562.624 1.5.062 2.062l-9.063 9.063c-.312.312-.687.437-1.062.437s-.75-.125-1.063-.438c-.562-.562-.562-1.562 0-2.125z\"><\/path><\/svg>\n\t\t<\/span>\n\t<\/a>\n<\/footer>\n\n<a  href=\"https:\/\/grupoazvinews.com\/en\/construcciones-urales-chalco-santa-marta-trolleybus-recognised-at-the-imca-awards\/\" class=\"lqd-lp-overlay-link lqd-overlay z-index-2\" tab-index=\"-1\"><\/a>\n<\/article><\/div><div class=\"lqd-lp-column col-md-6 col-sm-6 infrastructure lqd-f-1130\"><article id=\"post-20946\" class=\"lqd-lp lqd-lp lqd-lp-style-16 pos-rel post-20946 post type-post status-publish format-standard has-post-thumbnail hentry category-infrastructure tag-grupo-azvi-en tag-azvi-en\">\n\n<div class=\"lqd-lp-img border-radius-4 overflow-hidden pos-rel mb-5\">\n\t<figure class=\"pos-rel bg-cover bg-center w-100\"><img loading=\"lazy\" decoding=\"async\" width=\"607\" height=\"400\" src=\"https:\/\/grupoazvinews.com\/wp-content\/uploads\/2026\/06\/WhatsApp-Image-2026-06-08-at-15.48.57-ok-copia-607x400.jpg\" class=\"w-100 wp-post-image\" alt=\"\" \/><\/figure><\/div>\n\n<header class=\"lqd-lp-header mb-3\">\n\t<h2 class=\"entry-title lqd-lp-title h5 m-0\"><a  href=\"https:\/\/grupoazvinews.com\/en\/rocio-diaz-visits-the-granada-metro-works-being-carried-out-by-azvi\/\" rel=\"bookmark\">Roc\u00edo D\u00edaz visits the Granada Metro works being carried out by Azvi<\/a><\/h2><\/header>\n\n\t\t\t<div class=\"lqd-lp-excerpt mb-3\">\n\t\t\t\t\t\t\t<\/div><!-- \/.latest-post-excerpt -->\n\t\t\n<footer class=\"lqd-lp-footer pos-rel z-index-2 pt-1\">\n\t<a href=\"https:\/\/grupoazvinews.com\/en\/rocio-diaz-visits-the-granada-metro-works-being-carried-out-by-azvi\/\" class=\"btn btn-naked text-uppercase ltr-sp-1 size-sm font-weight-bold lqd-lp-read-more\">\n\t\t<span class=\"btn-line btn-line-before d-inline-block pos-rel\"><\/span>\n\t\t<span class=\"btn-txt d-inline-block\">Continue Reading<\/span>\n\t\t<span class=\"btn-line btn-line-after d-inline-block pos-rel\">\n\t\t\t<svg class=\"d-inline-block pos-abs\" xmlns=\"http:\/\/www.w3.org\/2000\/svg\" width=\"12\" height=\"32\" viewBox=\"0 0 12 32\" style=\"height: 2em;\"><path fill=\"currentColor\" d=\"M8.375 16L.437 8.062C-.125 7.5-.125 6.5.438 5.938s1.563-.563 2.126 0l9 9c.562.562.624 1.5.062 2.062l-9.063 9.063c-.312.312-.687.437-1.062.437s-.75-.125-1.063-.438c-.562-.562-.562-1.562 0-2.125z\"><\/path><\/svg>\n\t\t<\/span>\n\t<\/a>\n<\/footer>\n\n<a  href=\"https:\/\/grupoazvinews.com\/en\/rocio-diaz-visits-the-granada-metro-works-being-carried-out-by-azvi\/\" class=\"lqd-lp-overlay-link lqd-overlay z-index-2\" tab-index=\"-1\"><\/a>\n<\/article><\/div><div class=\"lqd-lp-column col-md-6 col-sm-6 infrastructure lqd-f-1130\"><article id=\"post-20925\" class=\"lqd-lp lqd-lp lqd-lp-style-16 pos-rel post-20925 post type-post status-publish format-standard has-post-thumbnail hentry category-infrastructure tag-grupo-azvi-en tag-traccion-rail-en\">\n\n<div class=\"lqd-lp-img border-radius-4 overflow-hidden pos-rel mb-5\">\n\t<figure class=\"pos-rel bg-cover bg-center w-100\"><img loading=\"lazy\" decoding=\"async\" width=\"720\" height=\"400\" src=\"https:\/\/grupoazvinews.com\/wp-content\/uploads\/2026\/06\/WhatsApp-Image-2026-06-05-at-12.35.38-720x400.jpeg\" class=\"w-100 wp-post-image\" alt=\"\" \/><\/figure><\/div>\n\n<header class=\"lqd-lp-header mb-3\">\n\t<h2 class=\"entry-title lqd-lp-title h5 m-0\"><a  href=\"https:\/\/grupoazvinews.com\/en\/traccion-rail-showcases-the-salamanca-dry-port-at-sil-barcelona\/\" rel=\"bookmark\">Traccion Rail showcases the Salamanca Dry Port at SIL Barcelona<\/a><\/h2><\/header>\n\n\t\t\t<div class=\"lqd-lp-excerpt mb-3\">\n\t\t\t\t\t\t\t<\/div><!-- \/.latest-post-excerpt -->\n\t\t\n<footer class=\"lqd-lp-footer pos-rel z-index-2 pt-1\">\n\t<a href=\"https:\/\/grupoazvinews.com\/en\/traccion-rail-showcases-the-salamanca-dry-port-at-sil-barcelona\/\" class=\"btn btn-naked text-uppercase ltr-sp-1 size-sm font-weight-bold lqd-lp-read-more\">\n\t\t<span class=\"btn-line btn-line-before d-inline-block pos-rel\"><\/span>\n\t\t<span class=\"btn-txt d-inline-block\">Continue Reading<\/span>\n\t\t<span class=\"btn-line btn-line-after d-inline-block pos-rel\">\n\t\t\t<svg class=\"d-inline-block pos-abs\" xmlns=\"http:\/\/www.w3.org\/2000\/svg\" width=\"12\" height=\"32\" viewBox=\"0 0 12 32\" style=\"height: 2em;\"><path fill=\"currentColor\" d=\"M8.375 16L.437 8.062C-.125 7.5-.125 6.5.438 5.938s1.563-.563 2.126 0l9 9c.562.562.624 1.5.062 2.062l-9.063 9.063c-.312.312-.687.437-1.062.437s-.75-.125-1.063-.438c-.562-.562-.562-1.562 0-2.125z\"><\/path><\/svg>\n\t\t<\/span>\n\t<\/a>\n<\/footer>\n\n<a  href=\"https:\/\/grupoazvinews.com\/en\/traccion-rail-showcases-the-salamanca-dry-port-at-sil-barcelona\/\" class=\"lqd-lp-overlay-link lqd-overlay z-index-2\" tab-index=\"-1\"><\/a>\n<\/article><\/div><div class=\"lqd-lp-column col-md-6 col-sm-6 infrastructure lqd-f-1130 railway lqd-f-1127\"><article id=\"post-20907\" class=\"lqd-lp lqd-lp lqd-lp-style-16 pos-rel post-20907 post type-post status-publish format-standard has-post-thumbnail hentry category-infrastructure category-railway tag-conventional-rail tag-high-speed tag-azvi-en\">\n\n<div class=\"lqd-lp-img border-radius-4 overflow-hidden pos-rel mb-5\">\n\t<figure class=\"pos-rel bg-cover bg-center w-100\"><img loading=\"lazy\" decoding=\"async\" width=\"720\" height=\"400\" src=\"https:\/\/grupoazvinews.com\/wp-content\/uploads\/2026\/06\/1-720x400.jpeg\" class=\"w-100 wp-post-image\" alt=\"\" \/><\/figure><\/div>\n\n<header class=\"lqd-lp-header mb-3\">\n\t<h2 class=\"entry-title lqd-lp-title h5 m-0\"><a  href=\"https:\/\/grupoazvinews.com\/en\/the-expansion-of-the-new-conventional-and-high-speed-rail-concourse-at-chamartin-station-enters-service\/\" rel=\"bookmark\">The expansion of the new Conventional and High-Speed Rail concourse at Chamart\u00edn Station enters service<\/a><\/h2><\/header>\n\n\t\t\t<div class=\"lqd-lp-excerpt mb-3\">\n\t\t\t\t\t\t\t<\/div><!-- \/.latest-post-excerpt -->\n\t\t\n<footer class=\"lqd-lp-footer pos-rel z-index-2 pt-1\">\n\t<a href=\"https:\/\/grupoazvinews.com\/en\/the-expansion-of-the-new-conventional-and-high-speed-rail-concourse-at-chamartin-station-enters-service\/\" class=\"btn btn-naked text-uppercase ltr-sp-1 size-sm font-weight-bold lqd-lp-read-more\">\n\t\t<span class=\"btn-line btn-line-before d-inline-block pos-rel\"><\/span>\n\t\t<span class=\"btn-txt d-inline-block\">Continue Reading<\/span>\n\t\t<span class=\"btn-line btn-line-after d-inline-block pos-rel\">\n\t\t\t<svg class=\"d-inline-block pos-abs\" xmlns=\"http:\/\/www.w3.org\/2000\/svg\" width=\"12\" height=\"32\" viewBox=\"0 0 12 32\" style=\"height: 2em;\"><path fill=\"currentColor\" d=\"M8.375 16L.437 8.062C-.125 7.5-.125 6.5.438 5.938s1.563-.563 2.126 0l9 9c.562.562.624 1.5.062 2.062l-9.063 9.063c-.312.312-.687.437-1.062.437s-.75-.125-1.063-.438c-.562-.562-.562-1.562 0-2.125z\"><\/path><\/svg>\n\t\t<\/span>\n\t<\/a>\n<\/footer>\n\n<a  href=\"https:\/\/grupoazvinews.com\/en\/the-expansion-of-the-new-conventional-and-high-speed-rail-concourse-at-chamartin-station-enters-service\/\" class=\"lqd-lp-overlay-link lqd-overlay z-index-2\" tab-index=\"-1\"><\/a>\n<\/article><\/div><div class=\"lqd-lp-column col-md-6 col-sm-6 infrastructure lqd-f-1130\"><article id=\"post-20847\" class=\"lqd-lp lqd-lp lqd-lp-style-16 pos-rel post-20847 post type-post status-publish format-standard has-post-thumbnail hentry category-infrastructure tag-azvi-en\">\n\n<div class=\"lqd-lp-img border-radius-4 overflow-hidden pos-rel mb-5\">\n\t<figure class=\"pos-rel bg-cover bg-center w-100\"><img loading=\"lazy\" decoding=\"async\" width=\"720\" height=\"400\" src=\"https:\/\/grupoazvinews.com\/wp-content\/uploads\/2026\/05\/ALB08411-1500x1000-1-720x400.jpeg\" class=\"w-100 wp-post-image\" alt=\"\" \/><\/figure><\/div>\n\n<header class=\"lqd-lp-header mb-3\">\n\t<h2 class=\"entry-title lqd-lp-title h5 m-0\"><a  href=\"https:\/\/grupoazvinews.com\/en\/azvi-completes-the-renovation-of-plaza-del-rastrillo-in-madrid\/\" rel=\"bookmark\">Azvi completes the renovation of Plaza del Rastrillo in Madrid<\/a><\/h2><\/header>\n\n\t\t\t<div class=\"lqd-lp-excerpt mb-3\">\n\t\t\t\t\t\t\t<\/div><!-- \/.latest-post-excerpt -->\n\t\t\n<footer class=\"lqd-lp-footer pos-rel z-index-2 pt-1\">\n\t<a href=\"https:\/\/grupoazvinews.com\/en\/azvi-completes-the-renovation-of-plaza-del-rastrillo-in-madrid\/\" class=\"btn btn-naked text-uppercase ltr-sp-1 size-sm font-weight-bold lqd-lp-read-more\">\n\t\t<span class=\"btn-line btn-line-before d-inline-block pos-rel\"><\/span>\n\t\t<span class=\"btn-txt d-inline-block\">Continue Reading<\/span>\n\t\t<span class=\"btn-line btn-line-after d-inline-block pos-rel\">\n\t\t\t<svg class=\"d-inline-block pos-abs\" xmlns=\"http:\/\/www.w3.org\/2000\/svg\" width=\"12\" height=\"32\" viewBox=\"0 0 12 32\" style=\"height: 2em;\"><path fill=\"currentColor\" d=\"M8.375 16L.437 8.062C-.125 7.5-.125 6.5.438 5.938s1.563-.563 2.126 0l9 9c.562.562.624 1.5.062 2.062l-9.063 9.063c-.312.312-.687.437-1.062.437s-.75-.125-1.063-.438c-.562-.562-.562-1.562 0-2.125z\"><\/path><\/svg>\n\t\t<\/span>\n\t<\/a>\n<\/footer>\n\n<a  href=\"https:\/\/grupoazvinews.com\/en\/azvi-completes-the-renovation-of-plaza-del-rastrillo-in-madrid\/\" class=\"lqd-lp-overlay-link lqd-overlay z-index-2\" tab-index=\"-1\"><\/a>\n<\/article><\/div><div class=\"lqd-lp-column col-md-6 col-sm-6 infrastructure lqd-f-1130\"><article id=\"post-20864\" class=\"lqd-lp lqd-lp lqd-lp-style-16 pos-rel post-20864 post type-post status-publish format-standard has-post-thumbnail hentry category-infrastructure tag-azvi-en\">\n\n<div class=\"lqd-lp-img border-radius-4 overflow-hidden pos-rel mb-5\">\n\t<figure class=\"pos-rel bg-cover bg-center w-100\"><img loading=\"lazy\" decoding=\"async\" width=\"720\" height=\"400\" src=\"https:\/\/grupoazvinews.com\/wp-content\/uploads\/2026\/05\/1-1-720x400.jpeg\" class=\"w-100 wp-post-image\" alt=\"\" \/><\/figure><\/div>\n\n<header class=\"lqd-lp-header mb-3\">\n\t<h2 class=\"entry-title lqd-lp-title h5 m-0\"><a  href=\"https:\/\/grupoazvinews.com\/en\/launch-of-the-steel-footbridge-for-the-ribera-del-guadaira-cycle-lane\/\" rel=\"bookmark\">Launch of the steel footbridge for the Ribera del Guada\u00edra cycle lane<\/a><\/h2><\/header>\n\n\t\t\t<div class=\"lqd-lp-excerpt mb-3\">\n\t\t\t\t\t\t\t<\/div><!-- \/.latest-post-excerpt -->\n\t\t\n<footer class=\"lqd-lp-footer pos-rel z-index-2 pt-1\">\n\t<a href=\"https:\/\/grupoazvinews.com\/en\/launch-of-the-steel-footbridge-for-the-ribera-del-guadaira-cycle-lane\/\" class=\"btn btn-naked text-uppercase ltr-sp-1 size-sm font-weight-bold lqd-lp-read-more\">\n\t\t<span class=\"btn-line btn-line-before d-inline-block pos-rel\"><\/span>\n\t\t<span class=\"btn-txt d-inline-block\">Continue Reading<\/span>\n\t\t<span class=\"btn-line btn-line-after d-inline-block pos-rel\">\n\t\t\t<svg class=\"d-inline-block pos-abs\" xmlns=\"http:\/\/www.w3.org\/2000\/svg\" width=\"12\" height=\"32\" viewBox=\"0 0 12 32\" style=\"height: 2em;\"><path fill=\"currentColor\" d=\"M8.375 16L.437 8.062C-.125 7.5-.125 6.5.438 5.938s1.563-.563 2.126 0l9 9c.562.562.624 1.5.062 2.062l-9.063 9.063c-.312.312-.687.437-1.062.437s-.75-.125-1.063-.438c-.562-.562-.562-1.562 0-2.125z\"><\/path><\/svg>\n\t\t<\/span>\n\t<\/a>\n<\/footer>\n\n<a  href=\"https:\/\/grupoazvinews.com\/en\/launch-of-the-steel-footbridge-for-the-ribera-del-guadaira-cycle-lane\/\" class=\"lqd-lp-overlay-link lqd-overlay z-index-2\" tab-index=\"-1\"><\/a>\n<\/article><\/div><div class=\"lqd-lp-column col-md-6 col-sm-6 infrastructure lqd-f-1130\"><article id=\"post-20820\" class=\"lqd-lp lqd-lp lqd-lp-style-16 pos-rel post-20820 post type-post status-publish format-standard has-post-thumbnail hentry category-infrastructure tag-ispalvia-en\">\n\n<div class=\"lqd-lp-img border-radius-4 overflow-hidden pos-rel mb-5\">\n\t<figure class=\"pos-rel bg-cover bg-center w-100\"><img loading=\"lazy\" decoding=\"async\" width=\"720\" height=\"400\" src=\"https:\/\/grupoazvinews.com\/wp-content\/uploads\/2026\/05\/SUBESTACIONES-1-720x400.jpg\" class=\"w-100 wp-post-image\" alt=\"\" \/><\/figure><\/div>\n\n<header class=\"lqd-lp-header mb-3\">\n\t<h2 class=\"entry-title lqd-lp-title h5 m-0\"><a  href=\"https:\/\/grupoazvinews.com\/en\/ispalvia-is-awarded-the-construction-contract-for-the-new-carmona-electrical-substation\/\" rel=\"bookmark\">Ispalvia is awarded the construction contract for the new Carmona electrical substation<\/a><\/h2><\/header>\n\n\t\t\t<div class=\"lqd-lp-excerpt mb-3\">\n\t\t\t\t\t\t\t<\/div><!-- \/.latest-post-excerpt -->\n\t\t\n<footer class=\"lqd-lp-footer pos-rel z-index-2 pt-1\">\n\t<a href=\"https:\/\/grupoazvinews.com\/en\/ispalvia-is-awarded-the-construction-contract-for-the-new-carmona-electrical-substation\/\" class=\"btn btn-naked text-uppercase ltr-sp-1 size-sm font-weight-bold lqd-lp-read-more\">\n\t\t<span class=\"btn-line btn-line-before d-inline-block pos-rel\"><\/span>\n\t\t<span class=\"btn-txt d-inline-block\">Continue Reading<\/span>\n\t\t<span class=\"btn-line btn-line-after d-inline-block pos-rel\">\n\t\t\t<svg class=\"d-inline-block pos-abs\" xmlns=\"http:\/\/www.w3.org\/2000\/svg\" width=\"12\" height=\"32\" viewBox=\"0 0 12 32\" style=\"height: 2em;\"><path fill=\"currentColor\" d=\"M8.375 16L.437 8.062C-.125 7.5-.125 6.5.438 5.938s1.563-.563 2.126 0l9 9c.562.562.624 1.5.062 2.062l-9.063 9.063c-.312.312-.687.437-1.062.437s-.75-.125-1.063-.438c-.562-.562-.562-1.562 0-2.125z\"><\/path><\/svg>\n\t\t<\/span>\n\t<\/a>\n<\/footer>\n\n<a  href=\"https:\/\/grupoazvinews.com\/en\/ispalvia-is-awarded-the-construction-contract-for-the-new-carmona-electrical-substation\/\" class=\"lqd-lp-overlay-link lqd-overlay z-index-2\" tab-index=\"-1\"><\/a>\n<\/article><\/div><\/div><!--\/ .row --><div class=\"page-nav\"><nav aria-label=\"Page navigation\"><ul class=\"pagination\"><li><span aria-current=\"page\" class=\"page-numbers current\">1<\/span><\/li>\n\t<li><a class=\"page-numbers\" href=\"https:\/\/grupoazvinews.com\/en\/wp-json\/wp\/v2\/pages\/15200\/page\/2\/\">2<\/a><\/li>\n\t<li><a class=\"page-numbers\" href=\"https:\/\/grupoazvinews.com\/en\/wp-json\/wp\/v2\/pages\/15200\/page\/3\/\">3<\/a><\/li>\n\t<li><span class=\"page-numbers dots\">&hellip;<\/span><\/li>\n\t<li><a class=\"page-numbers\" href=\"https:\/\/grupoazvinews.com\/en\/wp-json\/wp\/v2\/pages\/15200\/page\/10\/\">10<\/a><\/li>\n\t<li><a class=\"next page-numbers\" href=\"https:\/\/grupoazvinews.com\/en\/wp-json\/wp\/v2\/pages\/15200\/page\/2\/\"><span aria-hidden=\"true\"><i class=\"fa fa-angle-right\"><\/i><\/span><\/a><\/li><\/ul><\/nav><\/div><\/div><!--\/ .lqd-lp-grid -->[\/vc_column][\/vc_row]<\/p>\n","protected":false},"excerpt":{"rendered":"","protected":false},"author":1,"featured_media":0,"parent":0,"menu_order":0,"comment_status":"closed","ping_status":"closed","template":"","meta":{"footnotes":""},"class_list":["post-15200","page","type-page","status-publish","hentry"],"yoast_head":"<!-- This site is optimized with the Yoast SEO plugin v27.0 - https:\/\/yoast.com\/product\/yoast-seo-wordpress\/ -->\n<title>#Infrastructure - NOTICIAS Grupo Azvi<\/title>\n<meta name=\"description\" content=\"Grupo Azvi es una empresa centenaria cuyos or\u00edgenes e historia han estado estrechamente vinculados al desarrollo de las infraestructuras de nuestro pa\u00eds. Hoy, se ha convertido en la empresa l\u00edder de un grupo internacional, innovador, diversificado y sostenible.\" \/>\n<meta name=\"robots\" content=\"index, follow, max-snippet:-1, max-image-preview:large, max-video-preview:-1\" \/>\n<link rel=\"canonical\" href=\"https:\/\/grupoazvinews.com\/en\/infrastructure\/\" \/>\n<meta property=\"og:locale\" content=\"en_US\" \/>\n<meta property=\"og:type\" content=\"article\" \/>\n<meta property=\"og:title\" content=\"#Infrastructure - NOTICIAS Grupo Azvi\" \/>\n<meta property=\"og:description\" content=\"Grupo Azvi es una empresa centenaria cuyos or\u00edgenes e historia han estado estrechamente vinculados al desarrollo de las infraestructuras de nuestro pa\u00eds. Hoy, se ha convertido en la empresa l\u00edder de un grupo internacional, innovador, diversificado y sostenible.\" \/>\n<meta property=\"og:url\" content=\"https:\/\/grupoazvinews.com\/en\/infrastructure\/\" \/>\n<meta property=\"og:site_name\" content=\"NOTICIAS Grupo Azvi\" \/>\n<meta property=\"article:modified_time\" content=\"2024-07-01T11:39:59+00:00\" \/>\n<meta property=\"og:image\" content=\"https:\/\/grupoazvinews.com\/wp-content\/uploads\/2023\/10\/Tramo-Peralta-Olite-de-la-LAV-Zaragoza-Pamplona.jpg\" \/>\n\t<meta property=\"og:image:width\" content=\"1920\" \/>\n\t<meta property=\"og:image:height\" content=\"1013\" \/>\n\t<meta property=\"og:image:type\" content=\"image\/jpeg\" \/>\n<meta name=\"twitter:card\" content=\"summary_large_image\" \/>\n<meta name=\"twitter:label1\" content=\"Est. reading time\" \/>\n\t<meta name=\"twitter:data1\" content=\"4 minutes\" \/>\n<script type=\"application\/ld+json\" class=\"yoast-schema-graph\">{\"@context\":\"https:\/\/schema.org\",\"@graph\":[{\"@type\":\"WebPage\",\"@id\":\"https:\/\/grupoazvinews.com\/en\/infrastructure\/\",\"url\":\"https:\/\/grupoazvinews.com\/en\/infrastructure\/\",\"name\":\"#Infrastructure - NOTICIAS Grupo Azvi\",\"isPartOf\":{\"@id\":\"https:\/\/grupoazvinews.com\/en\/#website\"},\"datePublished\":\"2024-03-08T11:31:51+00:00\",\"dateModified\":\"2024-07-01T11:39:59+00:00\",\"description\":\"Grupo Azvi es una empresa centenaria cuyos or\u00edgenes e historia han estado estrechamente vinculados al desarrollo de las infraestructuras de nuestro pa\u00eds. Hoy, se ha convertido en la empresa l\u00edder de un grupo internacional, innovador, diversificado y sostenible.\",\"breadcrumb\":{\"@id\":\"https:\/\/grupoazvinews.com\/en\/infrastructure\/#breadcrumb\"},\"inLanguage\":\"en-US\",\"potentialAction\":[{\"@type\":\"ReadAction\",\"target\":[\"https:\/\/grupoazvinews.com\/en\/infrastructure\/\"]}]},{\"@type\":\"BreadcrumbList\",\"@id\":\"https:\/\/grupoazvinews.com\/en\/infrastructure\/#breadcrumb\",\"itemListElement\":[{\"@type\":\"ListItem\",\"position\":1,\"name\":\"Portada\",\"item\":\"https:\/\/grupoazvinews.com\/en\/\"},{\"@type\":\"ListItem\",\"position\":2,\"name\":\"#Infrastructure\"}]},{\"@type\":\"WebSite\",\"@id\":\"https:\/\/grupoazvinews.com\/en\/#website\",\"url\":\"https:\/\/grupoazvinews.com\/en\/\",\"name\":\"Grupo Azvi News\",\"description\":\"Grupo Azvi es una empresa centenaria cuyos or\u00edgenes e historia han estado estrechamente vinculados al desarrollo de las infraestructuras de nuestro pa\u00eds. Hoy, se ha convertido en la empresa l\u00edder de un grupo internacional, innovador, diversificado y sostenible.\",\"publisher\":{\"@id\":\"https:\/\/grupoazvinews.com\/en\/#organization\"},\"alternateName\":\"Blog de noticias del Grupo Azvi\",\"potentialAction\":[{\"@type\":\"SearchAction\",\"target\":{\"@type\":\"EntryPoint\",\"urlTemplate\":\"https:\/\/grupoazvinews.com\/en\/?s={search_term_string}\"},\"query-input\":{\"@type\":\"PropertyValueSpecification\",\"valueRequired\":true,\"valueName\":\"search_term_string\"}}],\"inLanguage\":\"en-US\"},{\"@type\":\"Organization\",\"@id\":\"https:\/\/grupoazvinews.com\/en\/#organization\",\"name\":\"Grupo Azvi\",\"alternateName\":\"Grupo Azvi\",\"url\":\"https:\/\/grupoazvinews.com\/en\/\",\"logo\":{\"@type\":\"ImageObject\",\"inLanguage\":\"en-US\",\"@id\":\"https:\/\/grupoazvinews.com\/en\/#\/schema\/logo\/image\/\",\"url\":\"https:\/\/grupoazvinews.com\/wp-content\/uploads\/2024\/04\/GrupoAzvi-2018-transp-1.png\",\"contentUrl\":\"https:\/\/grupoazvinews.com\/wp-content\/uploads\/2024\/04\/GrupoAzvi-2018-transp-1.png\",\"width\":1722,\"height\":486,\"caption\":\"Grupo Azvi\"},\"image\":{\"@id\":\"https:\/\/grupoazvinews.com\/en\/#\/schema\/logo\/image\/\"}}]}<\/script>\n<!-- \/ Yoast SEO plugin. -->","yoast_head_json":{"title":"#Infrastructure - NOTICIAS Grupo Azvi","description":"Grupo Azvi es una empresa centenaria cuyos or\u00edgenes e historia han estado estrechamente vinculados al desarrollo de las infraestructuras de nuestro pa\u00eds. Hoy, se ha convertido en la empresa l\u00edder de un grupo internacional, innovador, diversificado y sostenible.","robots":{"index":"index","follow":"follow","max-snippet":"max-snippet:-1","max-image-preview":"max-image-preview:large","max-video-preview":"max-video-preview:-1"},"canonical":"https:\/\/grupoazvinews.com\/en\/infrastructure\/","og_locale":"en_US","og_type":"article","og_title":"#Infrastructure - NOTICIAS Grupo Azvi","og_description":"Grupo Azvi es una empresa centenaria cuyos or\u00edgenes e historia han estado estrechamente vinculados al desarrollo de las infraestructuras de nuestro pa\u00eds. Hoy, se ha convertido en la empresa l\u00edder de un grupo internacional, innovador, diversificado y sostenible.","og_url":"https:\/\/grupoazvinews.com\/en\/infrastructure\/","og_site_name":"NOTICIAS Grupo Azvi","article_modified_time":"2024-07-01T11:39:59+00:00","og_image":[{"width":1920,"height":1013,"url":"https:\/\/grupoazvinews.com\/wp-content\/uploads\/2023\/10\/Tramo-Peralta-Olite-de-la-LAV-Zaragoza-Pamplona.jpg","type":"image\/jpeg"}],"twitter_card":"summary_large_image","twitter_misc":{"Est. reading time":"4 minutes"},"schema":{"@context":"https:\/\/schema.org","@graph":[{"@type":"WebPage","@id":"https:\/\/grupoazvinews.com\/en\/infrastructure\/","url":"https:\/\/grupoazvinews.com\/en\/infrastructure\/","name":"#Infrastructure - NOTICIAS Grupo Azvi","isPartOf":{"@id":"https:\/\/grupoazvinews.com\/en\/#website"},"datePublished":"2024-03-08T11:31:51+00:00","dateModified":"2024-07-01T11:39:59+00:00","description":"Grupo Azvi es una empresa centenaria cuyos or\u00edgenes e historia han estado estrechamente vinculados al desarrollo de las infraestructuras de nuestro pa\u00eds. Hoy, se ha convertido en la empresa l\u00edder de un grupo internacional, innovador, diversificado y sostenible.","breadcrumb":{"@id":"https:\/\/grupoazvinews.com\/en\/infrastructure\/#breadcrumb"},"inLanguage":"en-US","potentialAction":[{"@type":"ReadAction","target":["https:\/\/grupoazvinews.com\/en\/infrastructure\/"]}]},{"@type":"BreadcrumbList","@id":"https:\/\/grupoazvinews.com\/en\/infrastructure\/#breadcrumb","itemListElement":[{"@type":"ListItem","position":1,"name":"Portada","item":"https:\/\/grupoazvinews.com\/en\/"},{"@type":"ListItem","position":2,"name":"#Infrastructure"}]},{"@type":"WebSite","@id":"https:\/\/grupoazvinews.com\/en\/#website","url":"https:\/\/grupoazvinews.com\/en\/","name":"Grupo Azvi News","description":"Grupo Azvi es una empresa centenaria cuyos or\u00edgenes e historia han estado estrechamente vinculados al desarrollo de las infraestructuras de nuestro pa\u00eds. Hoy, se ha convertido en la empresa l\u00edder de un grupo internacional, innovador, diversificado y sostenible.","publisher":{"@id":"https:\/\/grupoazvinews.com\/en\/#organization"},"alternateName":"Blog de noticias del Grupo Azvi","potentialAction":[{"@type":"SearchAction","target":{"@type":"EntryPoint","urlTemplate":"https:\/\/grupoazvinews.com\/en\/?s={search_term_string}"},"query-input":{"@type":"PropertyValueSpecification","valueRequired":true,"valueName":"search_term_string"}}],"inLanguage":"en-US"},{"@type":"Organization","@id":"https:\/\/grupoazvinews.com\/en\/#organization","name":"Grupo Azvi","alternateName":"Grupo Azvi","url":"https:\/\/grupoazvinews.com\/en\/","logo":{"@type":"ImageObject","inLanguage":"en-US","@id":"https:\/\/grupoazvinews.com\/en\/#\/schema\/logo\/image\/","url":"https:\/\/grupoazvinews.com\/wp-content\/uploads\/2024\/04\/GrupoAzvi-2018-transp-1.png","contentUrl":"https:\/\/grupoazvinews.com\/wp-content\/uploads\/2024\/04\/GrupoAzvi-2018-transp-1.png","width":1722,"height":486,"caption":"Grupo Azvi"},"image":{"@id":"https:\/\/grupoazvinews.com\/en\/#\/schema\/logo\/image\/"}}]}},"_links":{"self":[{"href":"https:\/\/grupoazvinews.com\/en\/wp-json\/wp\/v2\/pages\/15200","targetHints":{"allow":["GET"]}}],"collection":[{"href":"https:\/\/grupoazvinews.com\/en\/wp-json\/wp\/v2\/pages"}],"about":[{"href":"https:\/\/grupoazvinews.com\/en\/wp-json\/wp\/v2\/types\/page"}],"author":[{"embeddable":true,"href":"https:\/\/grupoazvinews.com\/en\/wp-json\/wp\/v2\/users\/1"}],"replies":[{"embeddable":true,"href":"https:\/\/grupoazvinews.com\/en\/wp-json\/wp\/v2\/comments?post=15200"}],"version-history":[{"count":1,"href":"https:\/\/grupoazvinews.com\/en\/wp-json\/wp\/v2\/pages\/15200\/revisions"}],"predecessor-version":[{"id":15521,"href":"https:\/\/grupoazvinews.com\/en\/wp-json\/wp\/v2\/pages\/15200\/revisions\/15521"}],"wp:attachment":[{"href":"https:\/\/grupoazvinews.com\/en\/wp-json\/wp\/v2\/media?parent=15200"}],"curies":[{"name":"wp","href":"https:\/\/api.w.org\/{rel}","templated":true}]}}